{"id":712372,"date":"2025-08-27T16:55:04","date_gmt":"2025-08-27T13:55:04","guid":{"rendered":"https:\/\/roveyayinevi.com.tr\/index.php\/urun\/ataturkun-yaveri-cevat-abbas-gurer-cepheden-meclise-buyuk-onder-ile-24-yil\/"},"modified":"2026-04-16T02:20:59","modified_gmt":"2026-04-15T23:20:59","slug":"ataturkun-yaveri-cevat-abbas-gurer-cepheden-meclise-buyuk-onder-ile-24-yil","status":"publish","type":"product","link":"https:\/\/roveyayinevi.com.tr\/index.php\/urun\/ataturkun-yaveri-cevat-abbas-gurer-cepheden-meclise-buyuk-onder-ile-24-yil\/","title":{"rendered":"Atat\u00fcrk&#8217;\u00fcn Yaveri Cevat Abbas G\u00fcrer &#8211; Cepheden Meclise B\u00fcy\u00fck \u00d6nder ile 24 Y\u0131l"},"content":{"rendered":"<p>\u201cCevat Abbas, Atat\u00fcrk\u2019\u00fcn yaveridir.\u201d Ama nas\u0131l bir yaver? Bir komutan\u0131n s\u0131radan yaveri de\u011fil. Ola\u011fan\u00fcst\u00fc bir liderin, askerli\u011fi a\u015fan, ulusal kurtulu\u015f sava\u015f\u0131yla temelleri at\u0131lan, fikir d\u00fcnyas\u0131nda ger\u00e7ekle\u015fen, insanl\u0131k ve uygarl\u0131k tarihine yaz\u0131lan, laik T\u00fcrkiye Cumhuriyeti\u2019ni kuran \u00f6nderli\u011finin s\u00fcrekli yaveri. \u0130lhan Sel\u00e7uk \ufffcTan\u0131t\u0131m Metni<\/p>\n","protected":false},"excerpt":{"rendered":"<p>\u201cCevat Abbas, Atat\u00fcrk\u2019\u00fcn yaveridir.\u201d Ama nas\u0131l bir yaver? Bir komutan\u0131n s\u0131radan yaveri de\u011fil. Ola\u011fan\u00fcst\u00fc bir liderin, askerli\u011fi a\u015fan, ulusal kurtulu\u015f sava\u015f\u0131yla temelleri at\u0131lan, fikir d\u00fcnyas\u0131nda ger\u00e7ekle\u015fen,<span class=\"excerpt-hellip\"> [\u2026]<\/span><\/p>\n","protected":false},"featured_media":0,"template":"","meta":{"_monsterinsights_skip_tracking":false,"_monsterinsights_sitenote_active":false,"_monsterinsights_sitenote_note":"","_monsterinsights_sitenote_category":0},"product_brand":[],"product_cat":[12530,12304],"product_tag":[],"class_list":{"0":"post-712372","1":"product","2":"type-product","3":"status-publish","5":"product_cat-mustafa-kemal-ataturk","6":"product_cat-tarih","7":"pa_cilt-ciltsiz","8":"pa_tur-kitap","9":"pa_yayinevi-is-bankasi-kultur-yayinlari","10":"pa_yazar-turgut-gurer","12":"first","13":"instock","14":"sale","15":"shipping-taxable","16":"purchasable","17":"product-type-simple"},"_links":{"self":[{"href":"https:\/\/roveyayinevi.com.tr\/index.php\/wp-json\/wp\/v2\/product\/712372","targetHints":{"allow":["GET"]}}],"collection":[{"href":"https:\/\/roveyayinevi.com.tr\/index.php\/wp-json\/wp\/v2\/product"}],"about":[{"href":"https:\/\/roveyayinevi.com.tr\/index.php\/wp-json\/wp\/v2\/types\/product"}],"wp:attachment":[{"href":"https:\/\/roveyayinevi.com.tr\/index.php\/wp-json\/wp\/v2\/media?parent=712372"}],"wp:term":[{"taxonomy":"product_brand","embeddable":true,"href":"https:\/\/roveyayinevi.com.tr\/index.php\/wp-json\/wp\/v2\/product_brand?post=712372"},{"taxonomy":"product_cat","embeddable":true,"href":"https:\/\/roveyayinevi.com.tr\/index.php\/wp-json\/wp\/v2\/product_cat?post=712372"},{"taxonomy":"product_tag","embeddable":true,"href":"https:\/\/roveyayinevi.com.tr\/index.php\/wp-json\/wp\/v2\/product_tag?post=712372"}],"curies":[{"name":"wp","href":"https:\/\/api.w.org\/{rel}","templated":true}]}}