{"id":712360,"date":"2025-08-27T16:54:57","date_gmt":"2025-08-27T13:54:57","guid":{"rendered":"https:\/\/roveyayinevi.com.tr\/index.php\/urun\/gencler-icin-ataturk\/"},"modified":"2026-04-15T02:27:43","modified_gmt":"2026-04-14T23:27:43","slug":"gencler-icin-ataturk","status":"publish","type":"product","link":"https:\/\/roveyayinevi.com.tr\/index.php\/urun\/gencler-icin-ataturk\/","title":{"rendered":"Gen\u00e7ler \u0130\u00e7in Atat\u00fcrk"},"content":{"rendered":"<p>Ey T\u00fcrk Gen\u00e7li\u011fi!   (1927) Birinci vazifen, T\u00fcrk istikl\u00e2lini, T\u00fcrk Cumhuriyeti&#8217;ni, ilelebet muhafaza ve m\u00fcdafaa etmektir. Mevcudiyetinin ve istikbalinin yeg\u00e2ne temeli budur. Bu temel senin en k\u0131ymetli hazinendir. \u0130stikbalde dahi seni bu hazineden mahrum etmek isteyecek, dahili ve harici bedhahlar\u0131n olacakt\u0131r. Bir g\u00fcn, istikl\u00e2l ve cumhuriyeti m\u00fcdafaa mecburiyetine d\u00fc\u015fersen, vazifeye at\u0131lmak i\u00e7in, i\u00e7inde bulunaca\u011f\u0131n vaziyetin imk\u00e2n ve \u015feraitini d\u00fc\u015f\u00fcnmeyeceksin! Bu imk\u00e2n ve \u015ferait, \u00e7ok nam\u00fcsait bir mahiyette tezah\u00fcr edebilir. \u0130stikl\u00e2l ve cumhuriyetine kasdedecek d\u00fc\u015fmanlar, b\u00fct\u00fcn d\u00fcnyada emsali g\u00f6r\u00fclmemi\u015f bir galibiyetin m\u00fcmessili olabilirler. Cebren ve hile ile aziz vatan\u0131n kaleleri zaptedilmi\u015f, b\u00fct\u00fcn tersanelerine girilmi\u015f, b\u00fct\u00fcn ordular\u0131 da\u011f\u0131t\u0131lm\u0131\u015f ve memleketin her k\u00f6\u015fesi bilfiil i\u015fgal edilmi\u015f olabilir. B\u00fct\u00fcn bu \u015feraitten daha elim ve daha vahim olmak \u00fczere, memleketin dahilinde, iktidara sahip olanlar gaflet ve dal\u00e2let ve hatta h\u0131yanet i\u00e7inde bulunabilirler. Hatta bu iktidar sahipleri \u015fahsi menfaatlerini, m\u00fcstevlilerin siyasi emelleriyle tevhit edebilirler. Millet, fakr-\u00fc zaruret i\u00e7inde harap ve bitap d\u00fc\u015fm\u00fc\u015f olabilir. Ey T\u00fcrk istikbalinin evlad\u0131! \u0130\u015fte, bu ahval ve \u015ferait i\u00e7inde dahi vazifen, T\u00fcrk \u0130stikl\u00e2l ve Cumhuriyeti&#8217;ni kurtarmakt\u0131r! <\/p>\n","protected":false},"excerpt":{"rendered":"<p>Ey T\u00fcrk Gen\u00e7li\u011fi! (1927) Birinci vazifen, T\u00fcrk istikl\u00e2lini, T\u00fcrk Cumhuriyeti&#8217;ni, ilelebet muhafaza ve m\u00fcdafaa etmektir. Mevcudiyetinin ve istikbalinin yeg\u00e2ne temeli budur. Bu temel senin en k\u0131ymetli<span class=\"excerpt-hellip\"> [\u2026]<\/span><\/p>\n","protected":false},"featured_media":0,"template":"","meta":{"_monsterinsights_skip_tracking":false,"_monsterinsights_sitenote_active":false,"_monsterinsights_sitenote_note":"","_monsterinsights_sitenote_category":0},"product_brand":[],"product_cat":[12530,12304],"product_tag":[],"class_list":{"0":"post-712360","1":"product","2":"type-product","3":"status-publish","5":"product_cat-mustafa-kemal-ataturk","6":"product_cat-tarih","7":"pa_cilt-ciltsiz","8":"pa_tur-kitap","9":"pa_yayinevi-altayli-yayinlari","10":"pa_yazar-bekir-ozturk","12":"first","13":"instock","14":"sale","15":"shipping-taxable","16":"purchasable","17":"product-type-simple"},"_links":{"self":[{"href":"https:\/\/roveyayinevi.com.tr\/index.php\/wp-json\/wp\/v2\/product\/712360","targetHints":{"allow":["GET"]}}],"collection":[{"href":"https:\/\/roveyayinevi.com.tr\/index.php\/wp-json\/wp\/v2\/product"}],"about":[{"href":"https:\/\/roveyayinevi.com.tr\/index.php\/wp-json\/wp\/v2\/types\/product"}],"wp:attachment":[{"href":"https:\/\/roveyayinevi.com.tr\/index.php\/wp-json\/wp\/v2\/media?parent=712360"}],"wp:term":[{"taxonomy":"product_brand","embeddable":true,"href":"https:\/\/roveyayinevi.com.tr\/index.php\/wp-json\/wp\/v2\/product_brand?post=712360"},{"taxonomy":"product_cat","embeddable":true,"href":"https:\/\/roveyayinevi.com.tr\/index.php\/wp-json\/wp\/v2\/product_cat?post=712360"},{"taxonomy":"product_tag","embeddable":true,"href":"https:\/\/roveyayinevi.com.tr\/index.php\/wp-json\/wp\/v2\/product_tag?post=712360"}],"curies":[{"name":"wp","href":"https:\/\/api.w.org\/{rel}","templated":true}]}}