{"id":712297,"date":"2025-08-27T16:54:19","date_gmt":"2025-08-27T13:54:19","guid":{"rendered":"https:\/\/roveyayinevi.com.tr\/index.php\/urun\/disaridakiler-adaleti-beklerken\/"},"modified":"2025-10-09T04:27:46","modified_gmt":"2025-10-09T01:27:46","slug":"disaridakiler-adaleti-beklerken","status":"publish","type":"product","link":"https:\/\/roveyayinevi.com.tr\/index.php\/urun\/disaridakiler-adaleti-beklerken\/","title":{"rendered":"D\u0131\u015far\u0131dakiler, Adaleti Beklerken"},"content":{"rendered":"<p>(E) Koramiral Atilla Kezek, Deniz Kuvvetleri Komutan\u0131 olma yolunda en b\u00fcy\u00fck aday iken kumpas davalar sonucu cezaevlerine doldurulan silah arkada\u015flar\u0131 i\u00e7in makam\u0131n\u0131, koltu\u011funu hi\u00e7e sayarak onurlu bir \u015fekilde istifa eden ve istifas\u0131 sonras\u0131 m\u00fccadelesini sivil bir asker olarak s\u00fcrd\u00fcren bir bahriyeli. Duayen gazeteci Y\u0131lmaz \u00d6zdil bir k\u00f6\u015fe yaz\u0131s\u0131nda; (E) Kora. Atilla Kezek i\u00e7in \u201d\u2026T\u00fcrkiye Cumhuriyeti yurtta\u015flar\u0131 bilsin diye yaz\u0131yorum. G\u00fcn\u00fcm\u00fcz\u00fcn \u201c\u00c7aka Bey\u201di, varl\u0131\u011f\u0131yla onur duydu\u011fumuz Atilla Kezek\u2019tir\u2026\u201d diyor. Atilla Kezek, kumpas davalar s\u00fcrecini kitab\u0131nda \u015fu \u015fekilde tan\u0131ml\u0131yor: \u201cKimimiz parmakl\u0131klar ard\u0131nda, kimimiz d\u0131\u015f\u0131nda, hepimiz bir s\u0131navdan ge\u00e7tik. Yapt\u0131klar\u0131m\u0131za, yapamad\u0131klar\u0131m\u0131za notlar verildi. Kimi s\u0131n\u0131f\u0131 ge\u00e7ti, kimi s\u0131n\u0131fta kald\u0131.  Bazen d\u00fc\u015f\u00fcn\u00fcyorum kimin sorular\u0131 daha zordu diye. \u0130\u00e7erdekilerin mi, d\u0131\u015far\u0131dakilerin mi?  Anlamak i\u00e7in, geriye d\u00f6n\u00fcp yer de\u011fi\u015ftirme \u015fans\u0131m\u0131z yok. Olmas\u0131n da!  Tekrar ya\u015fanmas\u0131n o g\u00fcnler\u2026\u201d Kumpas davalar s\u00fcrerken i\u00e7eridekilerin sesi olan d\u0131\u015far\u0131daki Amiralin kaleminden \u015fu sorular kitapta cevap buluyor:  \u201cDeniz Kuvvetleri Komutan\u0131 olacakken ni\u00e7in istifa etti? \u0130stifa etme fikrini kime ve ne zaman iletti? Kumpas Davalar\u0131 s\u00fcrecinde d\u00f6nemin Ba\u015fbakan\u0131 Recep Tayyip Erdo\u011fan ile ka\u00e7 kere, ne zaman, nerede ve kimin arac\u0131l\u0131\u011f\u0131yla g\u00f6r\u00fc\u015ft\u00fc? Neler anlatt\u0131? D\u00f6nemin Ba\u015fbakan\u0131 Recep Tayyip Erdo\u011fan,  (E) Org. \u0130lker Ba\u015fbu\u011f\u2019un tutuklanmas\u0131 hakk\u0131nda Kora. Atilla Kezek\u2019e neler s\u00f6yledi?                   Deniz Kuvvetlerinde ya\u015fanan \u201cAdi Ba\u015fbakan\u201d parola skandal\u0131n\u0131n arkas\u0131nda neler ya\u015fand\u0131?                   Kumpas davalar s\u00fcrecinde \u201cCezaevlerinde olanlar\u0131 sak\u0131n ziyaret etme!\u201d diyen komutan kimdi?                   15 Temmuz Darbe gecesi Deniz Kuvvetleri Komutan\u0131na neler s\u00f6yledi?                    Hay\u0131rl\u0131 Konvoy ile Anadolu\u2019yu neden dola\u015ft\u0131?                    Adalet Y\u00fcr\u00fcy\u00fc\u015f\u00fcnde neden yer ald\u0131? Elinde kimlerin foto\u011fraf\u0131n\u0131 ta\u015f\u0131d\u0131? Anayasa Mahkemesi Ba\u015fkan\u0131 Ha\u015fim K\u0131l\u0131\u00e7 Adalet N\u00f6beti i\u00e7in neler s\u00f6yledi? D\u0131\u015f politikada ya\u015fananlar, emperyalizm k\u0131skac\u0131nda T\u00fcrkiye\u2019nin d\u0131\u015f politika a\u00e7mazlar\u0131 ve \u00e7\u00f6z\u00fcm \u00f6nerileri\u2026\u201d Ve daha bir\u00e7ok bilinmeyen\u2026\u201d Bir s\u00fcrecin perde arkas\u0131nda ya\u015fananlar\u2026 \u0130yi okumalar diliyoruz\u2026 <\/p>\n","protected":false},"excerpt":{"rendered":"<p>(E) Koramiral Atilla Kezek, Deniz Kuvvetleri Komutan\u0131 olma yolunda en b\u00fcy\u00fck aday iken kumpas davalar sonucu cezaevlerine doldurulan silah arkada\u015flar\u0131 i\u00e7in makam\u0131n\u0131, koltu\u011funu hi\u00e7e sayarak onurlu<span class=\"excerpt-hellip\"> [\u2026]<\/span><\/p>\n","protected":false},"featured_media":0,"template":"","meta":{"_monsterinsights_skip_tracking":false,"_monsterinsights_sitenote_active":false,"_monsterinsights_sitenote_note":"","_monsterinsights_sitenote_category":0},"product_brand":[],"product_cat":[31194,12337],"product_tag":[],"class_list":{"0":"post-712297","1":"product","2":"type-product","3":"status-publish","5":"product_cat-guncel-siyaset","6":"product_cat-politika-siyaset","7":"pa_cilt-ciltsiz","8":"pa_tur-kitap","9":"pa_yayinevi-galeati-yayincilik","10":"pa_yazar-atilla-kezek","12":"first","13":"instock","14":"sale","15":"shipping-taxable","16":"purchasable","17":"product-type-simple"},"_links":{"self":[{"href":"https:\/\/roveyayinevi.com.tr\/index.php\/wp-json\/wp\/v2\/product\/712297","targetHints":{"allow":["GET"]}}],"collection":[{"href":"https:\/\/roveyayinevi.com.tr\/index.php\/wp-json\/wp\/v2\/product"}],"about":[{"href":"https:\/\/roveyayinevi.com.tr\/index.php\/wp-json\/wp\/v2\/types\/product"}],"wp:attachment":[{"href":"https:\/\/roveyayinevi.com.tr\/index.php\/wp-json\/wp\/v2\/media?parent=712297"}],"wp:term":[{"taxonomy":"product_brand","embeddable":true,"href":"https:\/\/roveyayinevi.com.tr\/index.php\/wp-json\/wp\/v2\/product_brand?post=712297"},{"taxonomy":"product_cat","embeddable":true,"href":"https:\/\/roveyayinevi.com.tr\/index.php\/wp-json\/wp\/v2\/product_cat?post=712297"},{"taxonomy":"product_tag","embeddable":true,"href":"https:\/\/roveyayinevi.com.tr\/index.php\/wp-json\/wp\/v2\/product_tag?post=712297"}],"curies":[{"name":"wp","href":"https:\/\/api.w.org\/{rel}","templated":true}]}}