{"id":712279,"date":"2025-08-27T16:54:08","date_gmt":"2025-08-27T13:54:08","guid":{"rendered":"https:\/\/roveyayinevi.com.tr\/index.php\/urun\/kisa-birinci-dunya-savasi-tarihi\/"},"modified":"2026-04-16T02:20:57","modified_gmt":"2026-04-15T23:20:57","slug":"kisa-birinci-dunya-savasi-tarihi","status":"publish","type":"product","link":"https:\/\/roveyayinevi.com.tr\/index.php\/urun\/kisa-birinci-dunya-savasi-tarihi\/","title":{"rendered":"K\u0131sa Birinci D\u00fcnya Sava\u015f\u0131 Tarihi"},"content":{"rendered":"<p>28 Haziran 1914\u2026 Avusturya-Macaristan Veliahd\u0131 Franz Ferdinand ile e\u015fi Sophie\u2019nin Saraybosna gezisi s\u0131ras\u0131nda u\u011frad\u0131klar\u0131 suikast sonucu hayata veda ettikleri g\u00fcn\u2026 Suikast\u0131n, Avusturya-Macaristan\u2019\u0131n egemenli\u011fi alt\u0131nda bulunan Bosna-Hersek\u2019in kendisine b\u0131rak\u0131lmas\u0131n\u0131 isteyen S\u0131rbista\u2019n\u0131n y\u00f6nlendirdi\u011fi bir grup milliyet\u00e7i gen\u00e7 taraf\u0131ndan ger\u00e7ekle\u015ftirildi\u011fi bilinmektedir. 29 Haziran\u2019da ba\u015flayan kar\u015f\u0131l\u0131kl\u0131 tepkiler sonucunda bir d\u00fcnya sava\u015f\u0131na neden olan bu olay, hi\u00e7 de basit bir gerek\u00e7eye sahip de\u011fildi. Franz Ferdinand ile e\u015fi Sophie\u2019yi \u00f6ld\u00fcren Gavrilo Princip, sadece bir fig\u00fcrand\u0131. Veliahd\u0131 \u00f6ld\u00fcren silah, 16. y\u00fczy\u0131lda imal edildi, 17. y\u00fczy\u0131lda \u00e7ekildi, teti\u011fine 18. y\u00fczy\u0131lda bas\u0131ld\u0131 ve namludan \u00e7\u0131kan mermi 19. y\u00fczy\u0131l\u0131 ba\u015ftan sona ge\u00e7erek 1914 y\u0131l\u0131nda Ferdinand\u2019a sapland\u0131.\u0130lkin Ba\u015far \u00d6zal, K\u0131sa I. D\u00fcnya Sava\u015f\u0131 Tarihi isimli kitapta farkl\u0131 bir anlat\u0131m tekni\u011fi deniyor. On be\u015finci y\u00fczy\u0131ldan ba\u015flayarak B\u00fcy\u00fck Sava\u015f\u2019a giden s\u00fcrecin ayr\u0131nt\u0131lar\u0131n\u0131 g\u00f6zler \u00f6n\u00fcne seriyor ve sadece bir kronolojik ak\u0131\u015f vermenin \u00f6tesine ge\u00e7erek her cepheyi ayr\u0131 ayr\u0131 ele al\u0131yor. Bat\u0131 ve Do\u011fu Cephelerinin g\u00f6lgesinde kalan \u00e7at\u0131\u015fmalar\u0131; Osmanl\u0131\u2019n\u0131n kuvvetli bir direni\u015f g\u00f6sterdi\u011fi \u00c7anakkale\u2019yi, hep h\u00fcz\u00fcnle hat\u0131rlad\u0131\u011f\u0131m\u0131z Sar\u0131kam\u0131\u015f\u2019\u0131 ve devam\u0131nda Kafkas \u0130slam Ordusu\u2019nun ilerleyi\u015fini, M\u0131s\u0131r\u2019da Kanal\u2019a yap\u0131lan taarruzu, \u0130ngilizlere kar\u015f\u0131 kazan\u0131lan Kut\u00fc\u2019l-Amare Zaferi\u2019ni, Fahrettin Pa\u015fa\u2019n\u0131n efsanevi Medine M\u00fcdafaas\u0131\u2019n\u0131, Balkanlarda, \u0130talya\u2019da, Afrika\u2019da, Uzakdo\u011fu ve Pasifik\u2019te ya\u015fanan \u00e7at\u0131\u015fmalar\u0131, ayr\u0131ca hava ve deniz sava\u015flar\u0131n\u0131 da canl\u0131 tasvirlerle, son derece ak\u0131c\u0131 bir bi\u00e7imde anlat\u0131yor. <\/p>\n","protected":false},"excerpt":{"rendered":"<p>28 Haziran 1914\u2026 Avusturya-Macaristan Veliahd\u0131 Franz Ferdinand ile e\u015fi Sophie\u2019nin Saraybosna gezisi s\u0131ras\u0131nda u\u011frad\u0131klar\u0131 suikast sonucu hayata veda ettikleri g\u00fcn\u2026 Suikast\u0131n, Avusturya-Macaristan\u2019\u0131n egemenli\u011fi alt\u0131nda bulunan Bosna-Hersek\u2019in<span class=\"excerpt-hellip\"> [\u2026]<\/span><\/p>\n","protected":false},"featured_media":0,"template":"","meta":{"_monsterinsights_skip_tracking":false,"_monsterinsights_sitenote_active":false,"_monsterinsights_sitenote_note":"","_monsterinsights_sitenote_category":0},"product_brand":[],"product_cat":[12305,12304],"product_tag":[],"class_list":{"0":"post-712279","1":"product","2":"type-product","3":"status-publish","5":"product_cat-dunya-tarihi","6":"product_cat-tarih","7":"pa_cilt-ciltsiz","8":"pa_tur-kitap","9":"pa_yayinevi-timas-yayinlari","10":"pa_yazar-ilkin-basar-ozal","12":"first","13":"instock","14":"sale","15":"shipping-taxable","16":"purchasable","17":"product-type-simple"},"_links":{"self":[{"href":"https:\/\/roveyayinevi.com.tr\/index.php\/wp-json\/wp\/v2\/product\/712279","targetHints":{"allow":["GET"]}}],"collection":[{"href":"https:\/\/roveyayinevi.com.tr\/index.php\/wp-json\/wp\/v2\/product"}],"about":[{"href":"https:\/\/roveyayinevi.com.tr\/index.php\/wp-json\/wp\/v2\/types\/product"}],"wp:attachment":[{"href":"https:\/\/roveyayinevi.com.tr\/index.php\/wp-json\/wp\/v2\/media?parent=712279"}],"wp:term":[{"taxonomy":"product_brand","embeddable":true,"href":"https:\/\/roveyayinevi.com.tr\/index.php\/wp-json\/wp\/v2\/product_brand?post=712279"},{"taxonomy":"product_cat","embeddable":true,"href":"https:\/\/roveyayinevi.com.tr\/index.php\/wp-json\/wp\/v2\/product_cat?post=712279"},{"taxonomy":"product_tag","embeddable":true,"href":"https:\/\/roveyayinevi.com.tr\/index.php\/wp-json\/wp\/v2\/product_tag?post=712279"}],"curies":[{"name":"wp","href":"https:\/\/api.w.org\/{rel}","templated":true}]}}