{"id":712164,"date":"2025-08-27T16:52:55","date_gmt":"2025-08-27T13:52:55","guid":{"rendered":"https:\/\/roveyayinevi.com.tr\/index.php\/urun\/bir-neslin-onculeri-ilk-imam-hatip-kusagindan-portreler\/"},"modified":"2026-04-16T02:20:40","modified_gmt":"2026-04-15T23:20:40","slug":"bir-neslin-onculeri-ilk-imam-hatip-kusagindan-portreler","status":"publish","type":"product","link":"https:\/\/roveyayinevi.com.tr\/index.php\/urun\/bir-neslin-onculeri-ilk-imam-hatip-kusagindan-portreler\/","title":{"rendered":"Bir Neslin \u00d6nc\u00fcleri &#8211; \u0130lk \u0130mam Hatip Ku\u015fa\u011f\u0131ndan Portreler"},"content":{"rendered":"<p>B\u0130R NESL\u0130N \u00d6NC\u00dcLER\u0130\u2019ni anlatmak, T\u00fcrk Milleti\u2019nin s\u00fcregelen \u0130slam tasavvurunun merhalelerini ve tezah\u00fcrlerini anlatmak demektir. B\u0130R NESL\u0130N \u00d6NC\u00dcLER\u0130; T\u00fcrkiye Cumhuriyeti, Diyanet \u0130\u015fleri Ba\u015fkanl\u0131\u011f\u0131 yap\u0131s\u0131 alt\u0131nda \u0130slam dininin sa\u011fl\u0131kl\u0131 bir anlat\u0131m ve yorumunu uygulama ba\u015far\u0131s\u0131n\u0131 g\u00f6stermi\u015ftir. Muhtelif zamanlarda d\u00fczenlenen Avrasya \u0130slam \u015euralar\u0131, k\u00fclt\u00fcrel ve sosyal hizmet amac\u0131 g\u00fcden T\u00fcrkiye \u0130slam Ara\u015ft\u0131rmalar\u0131 Merkezi (\u0130SAM) gibi hizmetler bu bak\u0131\u015f a\u00e7\u0131s\u0131n\u0131n pratiklerini g\u00f6stermi\u015ftir. T\u00fcrkiye Cumhuriyeti\u2019nin evrensel ba\u015far\u0131s\u0131na, bu \u00e7al\u0131\u015fmam\u0131zda ele ald\u0131\u011f\u0131m\u0131z B\u0130R NESL\u0130N \u00d6NC\u00dcLER\u0130 imza atm\u0131\u015ft\u0131r. B\u0130R NESL\u0130N \u00d6NC\u00dcLER\u0130\u2019nde anlat\u0131lan isimler: Tayyar Alt\u0131kula\u00e7, H\u00fcseyin Albayrak, H\u00fcseyin Ayd\u0131n, Halis Ayhan, Niyazi Balo\u011flu, Ahmet Baltac\u0131, Ali \u015eakir Ergin, Halit G\u00fcler, Kemal G\u00fcran, Ahmet G\u00fcrta\u015f, Yasin Hatibo\u011flu, Halil Hay\u0131t, Avni \u0130lhan, Hayreddin Karaman, Mehmet Kervanc\u0131, Hamdi Mert, \u015eevki \u00d6zkan, \u015e\u00fckr\u00fc \u00d6zt\u00fcrk, Selahattin Parlad\u0131r, Mehmet Ali Sar\u0131, R\u0131za Selimba\u015fo\u011flu, Mehmet Solmaz, Bekir Topalo\u011flu, Sami Uslu, Ahmet Uzuno\u011flu, Mustafa Uzunpostalc\u0131, Yakup \u00dcst\u00fcn, Mustafa Saim Yeprem, \u0130rfan Y\u00fccel. <\/p>\n","protected":false},"excerpt":{"rendered":"<p>B\u0130R NESL\u0130N \u00d6NC\u00dcLER\u0130\u2019ni anlatmak, T\u00fcrk Milleti\u2019nin s\u00fcregelen \u0130slam tasavvurunun merhalelerini ve tezah\u00fcrlerini anlatmak demektir. B\u0130R NESL\u0130N \u00d6NC\u00dcLER\u0130; T\u00fcrkiye Cumhuriyeti, Diyanet \u0130\u015fleri Ba\u015fkanl\u0131\u011f\u0131 yap\u0131s\u0131 alt\u0131nda \u0130slam dininin<span class=\"excerpt-hellip\"> [\u2026]<\/span><\/p>\n","protected":false},"featured_media":0,"template":"","meta":{"_monsterinsights_skip_tracking":false,"_monsterinsights_sitenote_active":false,"_monsterinsights_sitenote_note":"","_monsterinsights_sitenote_category":0},"product_brand":[],"product_cat":[12777,12291],"product_tag":[],"class_list":{"0":"post-712164","1":"product","2":"type-product","3":"status-publish","5":"product_cat-deneme","6":"product_cat-edebiyat","7":"pa_cilt-ciltsiz","8":"pa_tur-kitap","9":"pa_yayinevi-biyografi-net-yayincilik","10":"pa_yazar-mahmut-cetin","12":"first","13":"instock","14":"sale","15":"shipping-taxable","16":"purchasable","17":"product-type-simple"},"_links":{"self":[{"href":"https:\/\/roveyayinevi.com.tr\/index.php\/wp-json\/wp\/v2\/product\/712164","targetHints":{"allow":["GET"]}}],"collection":[{"href":"https:\/\/roveyayinevi.com.tr\/index.php\/wp-json\/wp\/v2\/product"}],"about":[{"href":"https:\/\/roveyayinevi.com.tr\/index.php\/wp-json\/wp\/v2\/types\/product"}],"wp:attachment":[{"href":"https:\/\/roveyayinevi.com.tr\/index.php\/wp-json\/wp\/v2\/media?parent=712164"}],"wp:term":[{"taxonomy":"product_brand","embeddable":true,"href":"https:\/\/roveyayinevi.com.tr\/index.php\/wp-json\/wp\/v2\/product_brand?post=712164"},{"taxonomy":"product_cat","embeddable":true,"href":"https:\/\/roveyayinevi.com.tr\/index.php\/wp-json\/wp\/v2\/product_cat?post=712164"},{"taxonomy":"product_tag","embeddable":true,"href":"https:\/\/roveyayinevi.com.tr\/index.php\/wp-json\/wp\/v2\/product_tag?post=712164"}],"curies":[{"name":"wp","href":"https:\/\/api.w.org\/{rel}","templated":true}]}}