{"id":712120,"date":"2025-08-27T16:52:32","date_gmt":"2025-08-27T13:52:32","guid":{"rendered":"https:\/\/roveyayinevi.com.tr\/index.php\/urun\/gercekleri-arsiv-yazar\/"},"modified":"2026-04-16T02:20:39","modified_gmt":"2026-04-15T23:20:39","slug":"gercekleri-arsiv-yazar","status":"publish","type":"product","link":"https:\/\/roveyayinevi.com.tr\/index.php\/urun\/gercekleri-arsiv-yazar\/","title":{"rendered":"Ger\u00e7ekleri Ar\u015fiv Yazar"},"content":{"rendered":"<p>S\u00f6zc\u00fc Kumpas\u0131 Ergenekon, Balyoz, Odatv, Ay\u0131\u015f\u0131\u011f\u0131, Sar\u0131k\u0131z, Poyrazk\u00f6y kumpaslar\u0131, S\u00f6zc\u00fc gazetesini hedef se\u00e7erek devam etti\u2026 Bu kitap, T\u00fcrkiye\u2019nin kapkara y\u0131llar\u0131n\u0131n utan\u00e7 medyas\u0131nda yaz\u0131lanlar\u0131, yalanlar\u0131, iftiralar\u0131 ve S\u00f6zc\u00fc\u2019n\u00fcn man\u015fetlerini bir araya getiriyor. S\u00f6zc\u00fc kumpas\u0131n\u0131n i\u00e7y\u00fcz\u00fc ve S\u00f6zc\u00fc\u2019ye iftiralar y\u00f6nelten Kripto FE*T\u00d6\u2019c\u00fclerin ger\u00e7ek y\u00fcz\u00fc\u2026 \u00d6ncesi ve sonras\u0131yla 15 Temmuz FE*T\u00d6\u2019c\u00fc darbe giri\u015fimi&#8230; S\u00f6zc\u00fc yazarlar\u0131n\u0131n iftiralara kar\u015f\u0131 yan\u0131tlar\u0131, ar\u015fivler, belgeler, ger\u00e7ekler\u2026 U\u011fur D\u00fcndar\u2019dan Y\u0131lmaz \u00d6zdil\u2019e, Bekir Co\u015fkun\u2019dan Soner Yal\u00e7\u0131n\u2019a, Necati Do\u011fru\u2019dan Sayg\u0131 \u00d6zt\u00fcrk\u2019e, bas\u0131n\u0131m\u0131z\u0131n sembol isimleri, karanl\u0131\u011fa \u0131\u015f\u0131k tutuyor. Ger\u00e7ekleri Ar\u015fiv Yazar, \u00fclkemizin bas\u0131n ve hukuk tarihinde kendisinden \u00e7ok s\u00f6z ettirecek, derin izler b\u0131rakacak, gazetecili\u011fin sesinin g\u00fcr bi\u00e7imde yank\u0131land\u0131\u011f\u0131 bir \u00e7al\u0131\u015fma. <\/p>\n","protected":false},"excerpt":{"rendered":"<p>S\u00f6zc\u00fc Kumpas\u0131 Ergenekon, Balyoz, Odatv, Ay\u0131\u015f\u0131\u011f\u0131, Sar\u0131k\u0131z, Poyrazk\u00f6y kumpaslar\u0131, S\u00f6zc\u00fc gazetesini hedef se\u00e7erek devam etti\u2026 Bu kitap, T\u00fcrkiye\u2019nin kapkara y\u0131llar\u0131n\u0131n utan\u00e7 medyas\u0131nda yaz\u0131lanlar\u0131, yalanlar\u0131, iftiralar\u0131 ve<span class=\"excerpt-hellip\"> [\u2026]<\/span><\/p>\n","protected":false},"featured_media":0,"template":"","meta":{"_monsterinsights_skip_tracking":false,"_monsterinsights_sitenote_active":false,"_monsterinsights_sitenote_note":"","_monsterinsights_sitenote_category":0},"product_brand":[],"product_cat":[31194,12337],"product_tag":[],"class_list":{"0":"post-712120","1":"product","2":"type-product","3":"status-publish","5":"product_cat-guncel-siyaset","6":"product_cat-politika-siyaset","7":"pa_cilt-ciltsiz","8":"pa_tur-kitap","9":"pa_yayinevi-kirmizi-kedi-yayinevi","10":"pa_yazar-bilal-ak","12":"first","13":"instock","14":"sale","15":"shipping-taxable","16":"purchasable","17":"product-type-simple"},"_links":{"self":[{"href":"https:\/\/roveyayinevi.com.tr\/index.php\/wp-json\/wp\/v2\/product\/712120","targetHints":{"allow":["GET"]}}],"collection":[{"href":"https:\/\/roveyayinevi.com.tr\/index.php\/wp-json\/wp\/v2\/product"}],"about":[{"href":"https:\/\/roveyayinevi.com.tr\/index.php\/wp-json\/wp\/v2\/types\/product"}],"wp:attachment":[{"href":"https:\/\/roveyayinevi.com.tr\/index.php\/wp-json\/wp\/v2\/media?parent=712120"}],"wp:term":[{"taxonomy":"product_brand","embeddable":true,"href":"https:\/\/roveyayinevi.com.tr\/index.php\/wp-json\/wp\/v2\/product_brand?post=712120"},{"taxonomy":"product_cat","embeddable":true,"href":"https:\/\/roveyayinevi.com.tr\/index.php\/wp-json\/wp\/v2\/product_cat?post=712120"},{"taxonomy":"product_tag","embeddable":true,"href":"https:\/\/roveyayinevi.com.tr\/index.php\/wp-json\/wp\/v2\/product_tag?post=712120"}],"curies":[{"name":"wp","href":"https:\/\/api.w.org\/{rel}","templated":true}]}}