{"id":712115,"date":"2025-08-27T16:52:30","date_gmt":"2025-08-27T13:52:30","guid":{"rendered":"https:\/\/roveyayinevi.com.tr\/index.php\/urun\/gazi-mustafa-kemal-ataturk-ciltli\/"},"modified":"2026-04-16T02:20:39","modified_gmt":"2026-04-15T23:20:39","slug":"gazi-mustafa-kemal-ataturk-ciltli","status":"publish","type":"product","link":"https:\/\/roveyayinevi.com.tr\/index.php\/urun\/gazi-mustafa-kemal-ataturk-ciltli\/","title":{"rendered":"Gazi Mustafa Kemal Atat\u00fcrk (Ciltli)"},"content":{"rendered":"<p>YA\u015eAMININ T\u00dcM Y\u00d6NLER\u0130YLEB\u00dcY\u00dcK L\u0130DER ATAT\u00dcRK\u2026\u201cTarihin ak\u0131\u015f\u0131n\u0131 de\u011fi\u015ftiren, ona m\u00fchr\u00fcn\u00fc vuran veya b\u00fcy\u00fck tehlikelere m\u00e2ni olan liderlere her memlekette rastlamak m\u00fcmk\u00fcn de\u011fildir. Atat\u00fcrk d\u00fcnya tarihinin nadiren g\u00f6rd\u00fc\u011f\u00fc bir dehad\u0131r. Birinci D\u00fcnya Sava\u015f\u0131\u2019ndan sonra, hi\u00e7bir ma\u011flup milletin direni\u015f g\u00f6stermedi\u011fi zamanda siviller ve askerlerle d\u00fcnyaya meydan okumu\u015ftur.\u201d\u0130LBER ORTAYLIGazi Mustafa Kemal Atat\u00fcrk, evvela imparatorlu\u011fu dirilten nesil olan 1880\u2019liler ku\u015fa\u011f\u0131, Balkan co\u011frafyas\u0131 ve Mustafa Kemal\u2019in aile k\u00f6keni ile ba\u015fl\u0131yor. Akabinde Atat\u00fcrk\u2019\u00fcn askeri e\u011fitimi, Manast\u0131r y\u0131llar\u0131, Milliyet\u00e7ilikler D\u00f6nemi, \u0130ttihat ve Terakki, II. Abd\u00fclhamid, Enver Pa\u015fa, Ziya G\u00f6kalp, Trablusgarb, Balkan Sava\u015flar\u0131 ve Sofya y\u0131llar\u0131yla devam ediyor.Ordumuzun \u0130tilaf devletleriyle sekiz cephede m\u00fccadele etti\u011fi Birinci D\u00fcnya Sava\u015f\u0131, kutlu zaferlerimiz \u00c7anakkale ve Kut\u00fc\u2019l Am\u00e2re, Mondros, son padi\u015fah Sultan Vahideddin, bir milletin ve \u00fclkenin \u00f6l\u00fcm ferman\u0131 olan Sevr\u2026T\u00fcm detaylar\u0131yla Milli M\u00fccadele d\u00f6nemi, 23 Nisan 1920 ve sonras\u0131nda muhalefete ra\u011fmen verilen Kurtulu\u015f Sava\u015f\u0131, \u0130n\u00f6n\u00fc Muharebeleri, Lozan Konferans\u0131, B\u00fcy\u00fck Taarruz ve Cumhuriyet\u2019e giden yol\u2026Saltanat ve hilafet tart\u0131\u015fmalar\u0131, Lozan, On \u0130ki Ada, m\u00fcbadele, Osmanl\u0131\u2019dan kalan bor\u00e7lar, Musul ve yak\u0131n tarihin en \u00f6nemli meselesi olan ink\u0131lablar\u2026Son olarak ki\u015fisel \u00f6zellikleriyle, d\u00fcnyada, an\u0131larda, haf\u0131zalarda kalan izleriyle Reis-i Cumhur Atat\u00fcrk\u2026\u0130lber Ortayl\u0131 bu ilk biyografisinde ya\u015fam\u0131n\u0131n t\u00fcm y\u00f6nleriyle b\u00fcy\u00fck lider Gazi Mustafa Kemal Atat\u00fcrk\u2018\u00fc anlat\u0131yor. T\u00fcrk tarih\u00e7ili\u011fine hi\u00e7 unutulmayacak ve s\u00fcrekli ba\u015fvurulacak bir rehber kitap daha kazand\u0131r\u0131yor\u2026 <\/p>\n","protected":false},"excerpt":{"rendered":"<p>YA\u015eAMININ T\u00dcM Y\u00d6NLER\u0130YLEB\u00dcY\u00dcK L\u0130DER ATAT\u00dcRK\u2026\u201cTarihin ak\u0131\u015f\u0131n\u0131 de\u011fi\u015ftiren, ona m\u00fchr\u00fcn\u00fc vuran veya b\u00fcy\u00fck tehlikelere m\u00e2ni olan liderlere her memlekette rastlamak m\u00fcmk\u00fcn de\u011fildir. Atat\u00fcrk d\u00fcnya tarihinin nadiren g\u00f6rd\u00fc\u011f\u00fc<span class=\"excerpt-hellip\"> [\u2026]<\/span><\/p>\n","protected":false},"featured_media":0,"template":"","meta":{"_monsterinsights_skip_tracking":false,"_monsterinsights_sitenote_active":false,"_monsterinsights_sitenote_note":"","_monsterinsights_sitenote_category":0},"product_brand":[],"product_cat":[12304,13493],"product_tag":[],"class_list":{"0":"post-712115","1":"product","2":"type-product","3":"status-publish","5":"product_cat-tarih","6":"product_cat-turkiye-ve-cumhuriyet-tarihi","7":"pa_cilt-ciltli","8":"pa_tur-kitap","9":"pa_yayinevi-kronik-kitap","10":"pa_yazar-ilber-ortayli","12":"first","13":"instock","14":"sale","15":"shipping-taxable","16":"purchasable","17":"product-type-simple"},"_links":{"self":[{"href":"https:\/\/roveyayinevi.com.tr\/index.php\/wp-json\/wp\/v2\/product\/712115","targetHints":{"allow":["GET"]}}],"collection":[{"href":"https:\/\/roveyayinevi.com.tr\/index.php\/wp-json\/wp\/v2\/product"}],"about":[{"href":"https:\/\/roveyayinevi.com.tr\/index.php\/wp-json\/wp\/v2\/types\/product"}],"wp:attachment":[{"href":"https:\/\/roveyayinevi.com.tr\/index.php\/wp-json\/wp\/v2\/media?parent=712115"}],"wp:term":[{"taxonomy":"product_brand","embeddable":true,"href":"https:\/\/roveyayinevi.com.tr\/index.php\/wp-json\/wp\/v2\/product_brand?post=712115"},{"taxonomy":"product_cat","embeddable":true,"href":"https:\/\/roveyayinevi.com.tr\/index.php\/wp-json\/wp\/v2\/product_cat?post=712115"},{"taxonomy":"product_tag","embeddable":true,"href":"https:\/\/roveyayinevi.com.tr\/index.php\/wp-json\/wp\/v2\/product_tag?post=712115"}],"curies":[{"name":"wp","href":"https:\/\/api.w.org\/{rel}","templated":true}]}}