{"id":712100,"date":"2025-08-27T16:52:23","date_gmt":"2025-08-27T13:52:23","guid":{"rendered":"https:\/\/roveyayinevi.com.tr\/index.php\/urun\/horasandan-nasil-geldik-alevilerin-yol-hikayesi\/"},"modified":"2026-04-14T02:26:06","modified_gmt":"2026-04-13T23:26:06","slug":"horasandan-nasil-geldik-alevilerin-yol-hikayesi","status":"publish","type":"product","link":"https:\/\/roveyayinevi.com.tr\/index.php\/urun\/horasandan-nasil-geldik-alevilerin-yol-hikayesi\/","title":{"rendered":"Horasandan Nas\u0131l Geldik? Alevilerin Yol Hikayesi"},"content":{"rendered":"<p>Anadolu\u2019daki T\u00fcrk ve K\u00fcrtlerin b\u00fcy\u00fck bir k\u0131sm\u0131, Horasan\u2019dan geldiklerini s\u00f6ylerler. Ne zaman, ni\u00e7in ve nas\u0131l geldiklerini ise pek bilmezler. \u00c7o\u011funluk, resm\u00ee tarih anlay\u0131\u015f\u0131 \u00e7er\u00e7evesinde olu\u015fan rivayet, efsane ve ger\u00e7ekd\u0131\u015f\u0131 olaylara inan\u0131r. Bu kitab\u0131nda Faik Bulut resm\u00ee tarih tezleri ve halklar aras\u0131nda yayg\u0131n olan bu yanl\u0131\u015f anlat\u0131mlar\u0131n d\u0131\u015f\u0131nda bir Horasan tarihine \u0131\u015f\u0131k tutuyor; Horasan konusunda resm\u00ee tezlerin yaratt\u0131\u011f\u0131 ezberi de bozuyor. \u201cHorasan\u2019dan Nas\u0131l Geldik\u201din hik\u00e2yesi hem mesafe hem de zaman a\u00e7\u0131s\u0131ndan uzun bir yol hik\u00e2yesi: Bin y\u0131ll\u0131k bir macera. T\u00fcrkiye\u2019de \u201cHorasan\u2019dan geldik efsanesi\u201d ne zaman ortaya \u00e7\u0131kt\u0131? Horasan\u2019a gidenler aras\u0131nda K\u00fcrtler ve Araplar bulunuyor muydu? O\u011fuzlardan \u00f6nce K\u00fcrt a\u015firetleri Horasan\u2019da var m\u0131yd\u0131? \u015eamanizm, s\u0131rf T\u00fcrk\u00ee kavimlerin mi inanc\u0131yd\u0131? T\u00fcrkler ve O\u011fuzlar, Horasan\u2019a ne zaman geldiler? Horasan, ba\u015f\u0131ndan beri Alevi-K\u0131z\u0131lba\u015f yurdu muydu? B\u00e2t\u0131ni ve Ehlibeyt fikrini, Horasan ve T\u00fcrkistan\u2019a kimler g\u00f6t\u00fcrd\u00fc? Horasan\u2019dan gelenler sadece T\u00fcrkler ve Aleviler miydi? T\u00fcm bu ve daha bir\u00e7ok sorunun yan\u0131t\u0131 bu hik\u00e2yenin sat\u0131rlar\u0131nda yan\u0131t buluyor. <\/p>\n","protected":false},"excerpt":{"rendered":"<p>Anadolu\u2019daki T\u00fcrk ve K\u00fcrtlerin b\u00fcy\u00fck bir k\u0131sm\u0131, Horasan\u2019dan geldiklerini s\u00f6ylerler. Ne zaman, ni\u00e7in ve nas\u0131l geldiklerini ise pek bilmezler. \u00c7o\u011funluk, resm\u00ee tarih anlay\u0131\u015f\u0131 \u00e7er\u00e7evesinde olu\u015fan rivayet,<span class=\"excerpt-hellip\"> [\u2026]<\/span><\/p>\n","protected":false},"featured_media":0,"template":"","meta":{"_monsterinsights_skip_tracking":false,"_monsterinsights_sitenote_active":false,"_monsterinsights_sitenote_note":"","_monsterinsights_sitenote_category":0},"product_brand":[],"product_cat":[13656,12337],"product_tag":[],"class_list":{"0":"post-712100","1":"product","2":"type-product","3":"status-publish","5":"product_cat-azinliklar-etnik-sorunlar","6":"product_cat-politika-siyaset","7":"pa_cilt-ciltsiz","8":"pa_tur-kitap","9":"pa_yayinevi-kor-kitap","10":"pa_yazar-faik-bulut","12":"first","13":"instock","14":"sale","15":"shipping-taxable","16":"purchasable","17":"product-type-simple"},"_links":{"self":[{"href":"https:\/\/roveyayinevi.com.tr\/index.php\/wp-json\/wp\/v2\/product\/712100","targetHints":{"allow":["GET"]}}],"collection":[{"href":"https:\/\/roveyayinevi.com.tr\/index.php\/wp-json\/wp\/v2\/product"}],"about":[{"href":"https:\/\/roveyayinevi.com.tr\/index.php\/wp-json\/wp\/v2\/types\/product"}],"wp:attachment":[{"href":"https:\/\/roveyayinevi.com.tr\/index.php\/wp-json\/wp\/v2\/media?parent=712100"}],"wp:term":[{"taxonomy":"product_brand","embeddable":true,"href":"https:\/\/roveyayinevi.com.tr\/index.php\/wp-json\/wp\/v2\/product_brand?post=712100"},{"taxonomy":"product_cat","embeddable":true,"href":"https:\/\/roveyayinevi.com.tr\/index.php\/wp-json\/wp\/v2\/product_cat?post=712100"},{"taxonomy":"product_tag","embeddable":true,"href":"https:\/\/roveyayinevi.com.tr\/index.php\/wp-json\/wp\/v2\/product_tag?post=712100"}],"curies":[{"name":"wp","href":"https:\/\/api.w.org\/{rel}","templated":true}]}}