{"id":712074,"date":"2025-08-27T16:52:09","date_gmt":"2025-08-27T13:52:09","guid":{"rendered":"https:\/\/roveyayinevi.com.tr\/index.php\/urun\/kuresel-tarih-nedir\/"},"modified":"2026-04-16T02:20:38","modified_gmt":"2026-04-15T23:20:38","slug":"kuresel-tarih-nedir","status":"publish","type":"product","link":"https:\/\/roveyayinevi.com.tr\/index.php\/urun\/kuresel-tarih-nedir\/","title":{"rendered":"K\u00fcresel Tarih Nedir?"},"content":{"rendered":"<p>\u201cUluslar\u0131n ve devletlerin tarihinin \u00f6tesinde ortak bir tarihimiz olabilir mi?..\u201d   \u201cMarx, Braudel, Wallerstein gibi \u00fcnl\u00fc d\u00fc\u015f\u00fcn\u00fcrler d\u00fcnya tarihinden ne anl\u0131yorlar?..\u201d   \u201cTarih boyunca t\u00fcm d\u00fcnya insanlar\u0131n\u0131 etkileyen geli\u015fmeler neydi?..\u201d   Okur bu kitapta tarih boyunca d\u00fcnya\/evrensel\/k\u00fcresel tarih yazma \u00e7abalar\u0131n\u0131 akademik jargondan uzak bir dille takip edecektir. Hayvanlar\u0131n evcille\u015ftirilmesi, tar\u0131ma ge\u00e7i\u015f, ticaret, b\u00fcy\u00fck g\u00f6\u00e7ler,  salg\u0131n hastal\u0131klar, iklim de\u011fi\u015fiklikleri gibi t\u00fcm insanl\u0131\u011f\u0131 etkileyen geli\u015fmeleri, Bat\u0131y\u0131 merkeze almayan bir yakla\u015f\u0131mla \u00f6\u011frenecektir.   Avrupa\u2019n\u0131n \u015fekillendirdi\u011fi bir tarih i\u00e7inde mi ya\u015f\u0131yoruz, yoksa t\u00fcm insanl\u0131\u011f\u0131n ortak \u00e7abas\u0131yla \u015fekillenen bir k\u00fcresel tarih i\u00e7inde mi? Marx\u2019\u0131n savundu\u011fu gibi s\u0131n\u0131fs\u0131z topluma ula\u015f\u0131ld\u0131\u011f\u0131nda m\u0131 tarih sona erecektir? Yoksa Huntington ve Fukuyama gibi Bat\u0131-merkezcilerin savundu\u011fu liberal demokratik bir d\u00fcnya idealine eri\u015fildi\u011finde mi? D\u00fcnyan\u0131n tarihinde, merkeze Avrupa\u2019y\u0131 de\u011fil de \u00c7in\u2019i koysak d\u00fcnya tarihine bak\u0131\u015f\u0131m\u0131z nas\u0131l de\u011fi\u015firdi?   \u0130\u015fte bu sorular\u0131n cevab\u0131n\u0131 \u00f6\u011frenirken hem e\u011flenecek hem de tarihe bak\u0131\u015f a\u00e7\u0131n\u0131z\u0131 g\u00f6zden ge\u00e7irmek zorunda kalacaks\u0131n\u0131z. <\/p>\n","protected":false},"excerpt":{"rendered":"<p>\u201cUluslar\u0131n ve devletlerin tarihinin \u00f6tesinde ortak bir tarihimiz olabilir mi?..\u201d \u201cMarx, Braudel, Wallerstein gibi \u00fcnl\u00fc d\u00fc\u015f\u00fcn\u00fcrler d\u00fcnya tarihinden ne anl\u0131yorlar?..\u201d \u201cTarih boyunca t\u00fcm d\u00fcnya insanlar\u0131n\u0131 etkileyen<span class=\"excerpt-hellip\"> [\u2026]<\/span><\/p>\n","protected":false},"featured_media":0,"template":"","meta":{"_monsterinsights_skip_tracking":false,"_monsterinsights_sitenote_active":false,"_monsterinsights_sitenote_note":"","_monsterinsights_sitenote_category":0},"product_brand":[],"product_cat":[12305,12304],"product_tag":[],"class_list":{"0":"post-712074","1":"product","2":"type-product","3":"status-publish","5":"product_cat-dunya-tarihi","6":"product_cat-tarih","7":"pa_cilt-ciltsiz","8":"pa_tur-kitap","9":"pa_yayinevi-islik-yayinlari","10":"pa_yazar-pamela-kyle-crossley","12":"first","13":"instock","14":"sale","15":"shipping-taxable","16":"purchasable","17":"product-type-simple"},"_links":{"self":[{"href":"https:\/\/roveyayinevi.com.tr\/index.php\/wp-json\/wp\/v2\/product\/712074","targetHints":{"allow":["GET"]}}],"collection":[{"href":"https:\/\/roveyayinevi.com.tr\/index.php\/wp-json\/wp\/v2\/product"}],"about":[{"href":"https:\/\/roveyayinevi.com.tr\/index.php\/wp-json\/wp\/v2\/types\/product"}],"wp:attachment":[{"href":"https:\/\/roveyayinevi.com.tr\/index.php\/wp-json\/wp\/v2\/media?parent=712074"}],"wp:term":[{"taxonomy":"product_brand","embeddable":true,"href":"https:\/\/roveyayinevi.com.tr\/index.php\/wp-json\/wp\/v2\/product_brand?post=712074"},{"taxonomy":"product_cat","embeddable":true,"href":"https:\/\/roveyayinevi.com.tr\/index.php\/wp-json\/wp\/v2\/product_cat?post=712074"},{"taxonomy":"product_tag","embeddable":true,"href":"https:\/\/roveyayinevi.com.tr\/index.php\/wp-json\/wp\/v2\/product_tag?post=712074"}],"curies":[{"name":"wp","href":"https:\/\/api.w.org\/{rel}","templated":true}]}}