{"id":711990,"date":"2025-08-27T16:51:17","date_gmt":"2025-08-27T13:51:17","guid":{"rendered":"https:\/\/roveyayinevi.com.tr\/index.php\/urun\/ada-ve-adam\/"},"modified":"2026-01-21T02:34:39","modified_gmt":"2026-01-20T23:34:39","slug":"ada-ve-adam","status":"publish","type":"product","link":"https:\/\/roveyayinevi.com.tr\/index.php\/urun\/ada-ve-adam\/","title":{"rendered":"Ada ve Adam"},"content":{"rendered":"<p>Bir \u00e7ocuk k\u00fcserse sessizlik b\u00fcy\u00fcr. \u00c7ocuk edebiyat\u0131 alan\u0131ndaki 30 y\u0131l\u0131 a\u015fk\u0131n deneyimiyle \u00e7ok sevilen yazar Sevim Ak, son roman\u0131nda karde\u015f sahibi olman\u0131n karma\u015f\u0131k duygular\u0131n\u0131 bir \u00e7ocu\u011fun g\u00f6z\u00fcnden ustal\u0131kla aktar\u0131yor. Ev i\u00e7inde de\u011fi\u015fen dengelerin ard\u0131ndan, yaln\u0131zla\u015fan ve i\u00e7ine kapanan \u00e7ocu\u011fun k\u00fcsk\u00fcnl\u00fck bulutlar\u0131n\u0131, anlay\u0131\u015fl\u0131 yeti\u015fkinlerin s\u0131cakl\u0131\u011f\u0131yla da\u011f\u0131tan yazar, ileti\u015fimin \u00e7ok y\u00f6nl\u00fc kazan\u0131mlar\u0131n\u0131 d\u00fc\u015f\u00fcnd\u00fcr\u00fcrken, dostlu\u011fun ve do\u011fan\u0131n \u015fa\u015fmaz g\u00fcvenine sar\u0131l\u0131yor. \u00d6zg\u00fcn karakterleri ve yal\u0131n anlat\u0131m\u0131yla keyifle okunan roman, okurlar\u0131n\u0131 sevgiyle ku\u015fatacak g\u00fc\u00e7te. Ada&#8217;n\u0131n hayat\u0131, karde\u015finin do\u011fumuyla tepetaklak olmu\u015ftur. Evin birici\u011fi oldu\u011fu g\u00fcnler sona ermi\u015f, bebek a\u011flamas\u0131ndan geceleri uykuya hasret kalm\u0131\u015ft\u0131r. Ev ahalisi o kadar me\u015fguld\u00fcr ki, Ada&#8217;n\u0131n geceleri parka ka\u00e7\u0131p bir a\u011fac\u0131n dibinde uyudu\u011funu bile fark etmezler. Ada kendini yapayaln\u0131z hisseder. Ta ki, \u00e7\u0131nar\u0131n alt\u0131nda o kara &#8220;\u015feyi&#8221; g\u00f6rene kadar. Tuhaf \u015feyin i\u00e7inde ya\u015fayan bu \u015fapkal\u0131 adam kimdir acaba?.. <\/p>\n","protected":false},"excerpt":{"rendered":"<p>Bir \u00e7ocuk k\u00fcserse sessizlik b\u00fcy\u00fcr. \u00c7ocuk edebiyat\u0131 alan\u0131ndaki 30 y\u0131l\u0131 a\u015fk\u0131n deneyimiyle \u00e7ok sevilen yazar Sevim Ak, son roman\u0131nda karde\u015f sahibi olman\u0131n karma\u015f\u0131k duygular\u0131n\u0131 bir \u00e7ocu\u011fun<span class=\"excerpt-hellip\"> [\u2026]<\/span><\/p>\n","protected":false},"featured_media":0,"template":"","meta":{"_monsterinsights_skip_tracking":false,"_monsterinsights_sitenote_active":false,"_monsterinsights_sitenote_note":"","_monsterinsights_sitenote_category":0},"product_brand":[],"product_cat":[12275,12274],"product_tag":[],"class_list":{"0":"post-711990","1":"product","2":"type-product","3":"status-publish","5":"product_cat-6-12-yas-kitaplari","6":"product_cat-cocuk-ve-genclik-kitaplari","7":"pa_cilt-ciltsiz","8":"pa_tur-kitap","9":"pa_yayinevi-gunisigi-kitapligi","10":"pa_yazar-sevim-ak","12":"first","13":"instock","14":"sale","15":"shipping-taxable","16":"purchasable","17":"product-type-simple"},"_links":{"self":[{"href":"https:\/\/roveyayinevi.com.tr\/index.php\/wp-json\/wp\/v2\/product\/711990","targetHints":{"allow":["GET"]}}],"collection":[{"href":"https:\/\/roveyayinevi.com.tr\/index.php\/wp-json\/wp\/v2\/product"}],"about":[{"href":"https:\/\/roveyayinevi.com.tr\/index.php\/wp-json\/wp\/v2\/types\/product"}],"wp:attachment":[{"href":"https:\/\/roveyayinevi.com.tr\/index.php\/wp-json\/wp\/v2\/media?parent=711990"}],"wp:term":[{"taxonomy":"product_brand","embeddable":true,"href":"https:\/\/roveyayinevi.com.tr\/index.php\/wp-json\/wp\/v2\/product_brand?post=711990"},{"taxonomy":"product_cat","embeddable":true,"href":"https:\/\/roveyayinevi.com.tr\/index.php\/wp-json\/wp\/v2\/product_cat?post=711990"},{"taxonomy":"product_tag","embeddable":true,"href":"https:\/\/roveyayinevi.com.tr\/index.php\/wp-json\/wp\/v2\/product_tag?post=711990"}],"curies":[{"name":"wp","href":"https:\/\/api.w.org\/{rel}","templated":true}]}}