{"id":711989,"date":"2025-08-27T16:51:17","date_gmt":"2025-08-27T13:51:17","guid":{"rendered":"https:\/\/roveyayinevi.com.tr\/index.php\/urun\/otuz-milyon-kelime-cocugunuzun-beynini-gelistirin\/"},"modified":"2026-04-16T02:20:36","modified_gmt":"2026-04-15T23:20:36","slug":"otuz-milyon-kelime-cocugunuzun-beynini-gelistirin","status":"publish","type":"product","link":"https:\/\/roveyayinevi.com.tr\/index.php\/urun\/otuz-milyon-kelime-cocugunuzun-beynini-gelistirin\/","title":{"rendered":"Otuz Milyon Kelime &#8211; \u00c7ocu\u011funuzun Beynini Geli\u015ftirin"},"content":{"rendered":"<p>\u00c7OCU\u011eUNUZUN GELECE\u011e\u0130NE YAPACA\u011eINIZ EN DE\u011eERL\u0130 YATIRIM HAKKINDA \u00c7OK \u00d6ZEL B\u0130R K\u0130TAP   \u201cBenim y\u0131llard\u0131r yaz\u0131 ve konu\u015fmalar\u0131mda anlatt\u0131\u011f\u0131m ama her seferinde anlatmakta yetersiz kald\u0131\u011f\u0131m bir mevzudur Otuz Milyon Kelime fark\u0131. Art\u0131k i\u00e7im rahat. \u00c7ocuklar\u0131n ilk 36 ayl\u0131k geli\u015fimi neden bu kadar \u00f6nemli diye soranlara, baz\u0131 \u00e7ocuklar okula geldiklerinde ma\u00e7a neden bir s\u0131f\u0131r geride ba\u015fl\u0131yor diye soranlara verecek bir yan\u0131t\u0131m var art\u0131k: Bu kitab\u0131 okuyun!\u201d   \u2015Sel\u00e7uk R. \u015e\u0130R\u0130N   \u201c\u00c7ocuk muhte\u015fem bir potansiyelle do\u011far. \u0130\u00e7ine do\u011fdu\u011fu aile onu ya geli\u015ftirir ya da fark\u0131na varmadan kal\u0131plar. \u00c7ocu\u011funu bilin\u00e7li olarak geli\u015ftirmek isteyen anne babalara Otuz Milyon Kelime kitab\u0131, bilimsel \u00e7al\u0131\u015fmalar sonucunda olu\u015fturulmu\u015f ve kendini kan\u0131tlam\u0131\u015f bir y\u00f6ntem sunuyor. Bu kitab\u0131 okumalar\u0131n\u0131 ve \u00e7ocuklar\u0131yla konu\u015fma ile kitap okuma zamanlar\u0131n\u0131 anne ve babalar\u0131n birlikte olu\u015fturmalar\u0131n\u0131 i\u00e7tenlikle \u00f6neririm. \u00c7ocu\u011funun gelece\u011fini \u00f6nemseyen anne ve babalar bu kitab\u0131 okuyunca \u00e7ocu\u011fun gelece\u011fine ger\u00e7ek yat\u0131r\u0131m\u0131n \u00fc\u00e7 ya\u015f\u0131na kadar nas\u0131l yap\u0131labilece\u011fini \u00f6\u011frenecekler. Bu kitab\u0131n T\u00fcrkiye\u2019de yay\u0131nlanmas\u0131na vesile olan ve eme\u011fi ge\u00e7en herkese \u00e7ocuklar\u0131m\u0131z ad\u0131na te\u015fekk\u00fcr ediyorum.\u201d   \u2015Do\u011fan C\u00dcCELO\u011eLU   \u201c\u00dcniversite \u00f6\u011frencilerine yapt\u0131\u011f\u0131n\u0131z bir e\u011fitim yat\u0131r\u0131m\u0131n\u0131 1,4 oran\u0131nda geri al\u0131yorsunuz. \u0130lk\u00f6\u011fretim \u00f6\u011frencilerine yapt\u0131\u011f\u0131n\u0131z yat\u0131r\u0131m\u0131 ise 7 kat\u0131 ile geri al\u0131yorsunuz. \u00c7ocuk e\u011fitimi \u00fczerine yap\u0131lan her \u00e7al\u0131\u015fma \u00e7ok de\u011ferli bu \u00fclkede. Bu y\u00fczden Buzda\u011f\u0131 Yay\u0131nevi\u2019ni Elma Yay\u0131nevi\u2019nin kurucusu s\u0131fat\u0131yla tebrik ediyorum; \u00fclkemize de\u011fer katma \u00e7abas\u0131nda olduklar\u0131 i\u00e7in. Gelece\u011fin bir Aziz SANCAR\u2019\u0131na, bir Hayrettin KARACA\u2019s\u0131na, bir N\u00e2z\u0131m H\u0130KMET\u2019ine, bir Mehmet \u00c2kif ERSOY\u2019una vesile olmalar\u0131n\u0131 diliyorum. Bir yazar olarak da \u00fclkede kitap basma cesaretine sahip b\u00f6yle ilkeli insanlar\u0131n artmas\u0131n\u0131 umuyorum.\u201d   \u2015Ahmet \u015eerif \u0130ZG\u00d6REN   &#8220;\u00c7ocu\u011fa eri\u015fecek yeg\u00e2ne ara\u00e7 ileti\u015fimdir. Ebeveynler her \u015feyden \u00f6nce ileti\u015fim becerisini art\u0131rmal\u0131d\u0131r. Do\u011fru kelimelerle kurulan ileti\u015fim ki\u015filik geli\u015fimini destekler. Yanl\u0131\u015f se\u00e7ilen kelimeler ise \u00e7ocu\u011fun duygu d\u00fcnyas\u0131na zarar verir. Buzda\u011f\u0131 Yay\u0131nevi\u2019nin T\u00fcrk\u00e7eye kazand\u0131rd\u0131\u011f\u0131 Otuz Milyon Kelime i\u015fte bu ger\u00e7e\u011fi ortaya koyan \u00f6nemli bir \u00e7al\u0131\u015fma. Dr. Dana SUSKIND bilimsel ger\u00e7eklerle kelimelerin g\u00fcc\u00fcn\u00fc, sevginin iyi edici yan\u0131n\u0131 ele alm\u0131\u015f. \u00c7ocu\u011fa de\u011fer veren her yeti\u015fkinin k\u00fct\u00fcphanesinde yerini almas\u0131 gereken bir eser.&#8221;   \u2015Pedagog Adem G\u00dcNE\u015e <\/p>\n","protected":false},"excerpt":{"rendered":"<p>\u00c7OCU\u011eUNUZUN GELECE\u011e\u0130NE YAPACA\u011eINIZ EN DE\u011eERL\u0130 YATIRIM HAKKINDA \u00c7OK \u00d6ZEL B\u0130R K\u0130TAP \u201cBenim y\u0131llard\u0131r yaz\u0131 ve konu\u015fmalar\u0131mda anlatt\u0131\u011f\u0131m ama her seferinde anlatmakta yetersiz kald\u0131\u011f\u0131m bir mevzudur Otuz<span class=\"excerpt-hellip\"> [\u2026]<\/span><\/p>\n","protected":false},"featured_media":0,"template":"","meta":{"_monsterinsights_skip_tracking":false,"_monsterinsights_sitenote_active":false,"_monsterinsights_sitenote_note":"","_monsterinsights_sitenote_category":0},"product_brand":[],"product_cat":[12831,12324],"product_tag":[],"class_list":{"0":"post-711989","1":"product","2":"type-product","3":"status-publish","5":"product_cat-aile-ve-cocuk","6":"product_cat-sosyoloji","7":"pa_cilt-ciltsiz","8":"pa_tur-kitap","9":"pa_yayinevi-buzdagi-yayinlari","10":"pa_yazar-dana-suskind-beth-suskind","12":"first","13":"instock","14":"sale","15":"shipping-taxable","16":"purchasable","17":"product-type-simple"},"_links":{"self":[{"href":"https:\/\/roveyayinevi.com.tr\/index.php\/wp-json\/wp\/v2\/product\/711989","targetHints":{"allow":["GET"]}}],"collection":[{"href":"https:\/\/roveyayinevi.com.tr\/index.php\/wp-json\/wp\/v2\/product"}],"about":[{"href":"https:\/\/roveyayinevi.com.tr\/index.php\/wp-json\/wp\/v2\/types\/product"}],"wp:attachment":[{"href":"https:\/\/roveyayinevi.com.tr\/index.php\/wp-json\/wp\/v2\/media?parent=711989"}],"wp:term":[{"taxonomy":"product_brand","embeddable":true,"href":"https:\/\/roveyayinevi.com.tr\/index.php\/wp-json\/wp\/v2\/product_brand?post=711989"},{"taxonomy":"product_cat","embeddable":true,"href":"https:\/\/roveyayinevi.com.tr\/index.php\/wp-json\/wp\/v2\/product_cat?post=711989"},{"taxonomy":"product_tag","embeddable":true,"href":"https:\/\/roveyayinevi.com.tr\/index.php\/wp-json\/wp\/v2\/product_tag?post=711989"}],"curies":[{"name":"wp","href":"https:\/\/api.w.org\/{rel}","templated":true}]}}