{"id":711988,"date":"2025-08-27T16:51:16","date_gmt":"2025-08-27T13:51:16","guid":{"rendered":"https:\/\/roveyayinevi.com.tr\/index.php\/urun\/yuzyilin-kitabi-yuzyilin-lideri\/"},"modified":"2026-04-16T02:20:36","modified_gmt":"2026-04-15T23:20:36","slug":"yuzyilin-kitabi-yuzyilin-lideri","status":"publish","type":"product","link":"https:\/\/roveyayinevi.com.tr\/index.php\/urun\/yuzyilin-kitabi-yuzyilin-lideri\/","title":{"rendered":"Y\u00fczy\u0131l\u0131n Kitab\u0131 &#8211; Y\u00fczy\u0131l\u0131n Lideri"},"content":{"rendered":"<p>Osmanl\u0131\u2019n\u0131n 1880\u2019lerdeki, Cumhuriyet\u2019in 1950\u2019lerdeki \u201cba\u011f\u0131ml\u0131l\u0131\u011f\u0131n\u0131\u201d bilmeden, Atat\u00fcrk\u2019\u00fcn \u201ctam ba\u011f\u0131ms\u0131zl\u0131k\u201d m\u00fccadelesi kavranamaz. 1876 ve 1924 anayasalar\u0131n\u0131 bilmeden bug\u00fcnk\u00fc Ba\u015fkanl\u0131k Anayasas\u0131\u2019n\u0131n T\u00fcrkiye\u2019yi nereye g\u00f6t\u00fcrece\u011fi kestirilemez. Osmanl\u0131\u2019da dinsel hukuku, Mecelle\u2019yi ve 1917 Aile Kanunnamesi\u2019ni bilmeden bug\u00fcnk\u00fc \u201cm\u00fcft\u00fcl\u00fck nik\u00e2h\u0131\u201dn\u0131n amac\u0131 bilinemez. I. D\u00fcnya Sava\u015f\u0131\u2019n\u0131, \u0130zmir\u2019in i\u015fgalini, Atat\u00fcrk\u2019\u00fcn Anadolu\u2019ya ge\u00e7i\u015fini, Amasya Genelgesi\u2019ni, Sivas Kongresi\u2019ni, TBMM\u2019nin a\u00e7\u0131lmas\u0131n\u0131, Sakarya Sava\u015f\u0131\u2019n\u0131, B\u00fcy\u00fck Taarruz\u2019u, Anadolu\u2019daki Yunan zulm\u00fcn\u00fc, \u0130zmir\u2019in ve \u0130stanbul\u2019un kurtulu\u015funu bilmeden; Vahdettin\u2019i, Damat Ferit\u2019i, R\u0131fat B\u00f6rek\u00e7i\u2019yi, Abdurrahman K\u00e2mil Efendi\u2019yi tan\u0131madan Milli M\u00fccadele anla\u015f\u0131lamaz. Said-i Nursi\u2019yi tan\u0131madan FE*T\u00d6 anla\u015f\u0131lamaz.  MisuriZ\u0131rhl\u0131s\u0131\u2019n\u0131, Kore Sava\u015f\u0131\u2019n\u0131, NATO\u2019ya \u00fcyeli\u011fi, 6. Filo\u2019yu, Kanl\u0131 Pazar\u2019\u0131 bilmeden T\u00fcrkiye\u2019de \u201cAmerikanc\u0131l\u0131k\u201d bilinemez. Lozan\u2019\u0131n \u00f6nemini kavramak i\u00e7in sadece Lozan\u2019\u0131 bilmek yetmez, \u00f6nce Sevr\u2019i bilmek gerekir; o da yetmez, 1950\u2019lerde ABD ile imzalanan ikili antla\u015fmalar\u0131 bilmek gerekir. Atat\u00fcrk\u2019\u00fcn \u00f6nemini kavramak i\u00e7in sadece Atat\u00fcrk\u2019\u00fc tan\u0131mak yetmez, Atat\u00fcrk\u2019ten \u00f6nceki ve sonraki asker-sivil liderleri; II. Abd\u00fclhamit\u2019i, Enver Pa\u015fa\u2019y\u0131, Vahdettin\u2019i, \u0130smet \u0130n\u00f6n\u00fc\u2019y\u00fc, Adnan Menderes\u2019i de az \u00e7ok tan\u0131mak gerekir. Atat\u00fcrk\u2019\u00fc tan\u0131mak i\u00e7in Anat\u00fcrk\u2019\u00fc, Z\u00fcbeyde Han\u0131m\u2019\u0131 tan\u0131mak gerekir. \u0130\u015fte \u201cY\u00fczy\u0131l\u0131n Kitab\u0131\u201dnda bunlar ve daha fazlas\u0131 var.  \u201cY\u00fczy\u0131l\u0131n Kitab\u0131\u201d, bug\u00fcn ya\u015fad\u0131\u011f\u0131m\u0131z g\u00fcncel olaylar\u0131n, 1860\u2019lardan 1960\u2019lara uzanan tarihsel arka planlar\u0131n\u0131 anlat\u0131yor, b\u00f6ylece tarihle bug\u00fcne \u0131\u015f\u0131k tutuyor. \u201cY\u00fczy\u0131l\u0131n Kitab\u0131\u201dn\u0131 okuyunca kar\u015f\u0131n\u0131za \u201cY\u00fczy\u0131l\u0131n Lideri\u201d, yani Atat\u00fcrk \u00e7\u0131k\u0131yor. <\/p>\n","protected":false},"excerpt":{"rendered":"<p>Osmanl\u0131\u2019n\u0131n 1880\u2019lerdeki, Cumhuriyet\u2019in 1950\u2019lerdeki \u201cba\u011f\u0131ml\u0131l\u0131\u011f\u0131n\u0131\u201d bilmeden, Atat\u00fcrk\u2019\u00fcn \u201ctam ba\u011f\u0131ms\u0131zl\u0131k\u201d m\u00fccadelesi kavranamaz. 1876 ve 1924 anayasalar\u0131n\u0131 bilmeden bug\u00fcnk\u00fc Ba\u015fkanl\u0131k Anayasas\u0131\u2019n\u0131n T\u00fcrkiye\u2019yi nereye g\u00f6t\u00fcrece\u011fi kestirilemez. Osmanl\u0131\u2019da dinsel hukuku,<span class=\"excerpt-hellip\"> [\u2026]<\/span><\/p>\n","protected":false},"featured_media":0,"template":"","meta":{"_monsterinsights_skip_tracking":false,"_monsterinsights_sitenote_active":false,"_monsterinsights_sitenote_note":"","_monsterinsights_sitenote_category":0},"product_brand":[],"product_cat":[12530,12304],"product_tag":[],"class_list":{"0":"post-711988","1":"product","2":"type-product","3":"status-publish","5":"product_cat-mustafa-kemal-ataturk","6":"product_cat-tarih","7":"pa_cilt-ciltsiz","8":"pa_tur-kitap","9":"pa_yayinevi-inkilap-kitabevi","10":"pa_yazar-sinan-meydan","12":"first","13":"instock","14":"sale","15":"shipping-taxable","16":"purchasable","17":"product-type-simple"},"_links":{"self":[{"href":"https:\/\/roveyayinevi.com.tr\/index.php\/wp-json\/wp\/v2\/product\/711988","targetHints":{"allow":["GET"]}}],"collection":[{"href":"https:\/\/roveyayinevi.com.tr\/index.php\/wp-json\/wp\/v2\/product"}],"about":[{"href":"https:\/\/roveyayinevi.com.tr\/index.php\/wp-json\/wp\/v2\/types\/product"}],"wp:attachment":[{"href":"https:\/\/roveyayinevi.com.tr\/index.php\/wp-json\/wp\/v2\/media?parent=711988"}],"wp:term":[{"taxonomy":"product_brand","embeddable":true,"href":"https:\/\/roveyayinevi.com.tr\/index.php\/wp-json\/wp\/v2\/product_brand?post=711988"},{"taxonomy":"product_cat","embeddable":true,"href":"https:\/\/roveyayinevi.com.tr\/index.php\/wp-json\/wp\/v2\/product_cat?post=711988"},{"taxonomy":"product_tag","embeddable":true,"href":"https:\/\/roveyayinevi.com.tr\/index.php\/wp-json\/wp\/v2\/product_tag?post=711988"}],"curies":[{"name":"wp","href":"https:\/\/api.w.org\/{rel}","templated":true}]}}