{"id":711983,"date":"2025-08-27T16:51:14","date_gmt":"2025-08-27T13:51:14","guid":{"rendered":"https:\/\/roveyayinevi.com.tr\/index.php\/urun\/augustinustan-paul-weissa-tarih-felsefecileri-secme-okuma-metinleriyle\/"},"modified":"2026-04-16T02:20:36","modified_gmt":"2026-04-15T23:20:36","slug":"augustinustan-paul-weissa-tarih-felsefecileri-secme-okuma-metinleriyle","status":"publish","type":"product","link":"https:\/\/roveyayinevi.com.tr\/index.php\/urun\/augustinustan-paul-weissa-tarih-felsefecileri-secme-okuma-metinleriyle\/","title":{"rendered":"Augustinus&#8217;tan Paul Weiss&#8217;a Tarih Felsefecileri (Se\u00e7me Okuma Metinleriyle)"},"content":{"rendered":"<p>Tarih felsefesi, iki k\u0131s\u0131mdan, yani yap\u0131lm\u0131\u015f edilmi\u015f \u015feyler ile bunlar\u0131n \u201chikaye\u201d edilmesinden olu\u015fan tarih hakk\u0131nda, genellikle \u015f\u00f6ylesi sorulara cevap bulmaya giri\u015fen bir felsefe dal\u0131d\u0131r: Tarihin gidi\u015finde bir \u00f6r\u00fcnt\u00fc var m\u0131d\u0131r? Tarihin bir amac\u0131 var m\u0131d\u0131r? Do\u011fabilimleri ile tarih aras\u0131nda nas\u0131l bir ili\u015fki vard\u0131r? Augustinus\u2019tan Paul Weiss\u2019a Tarih Felsefecileri bu sorulara felsefe tarihi boyunca filozoflar\u0131n vermi\u015f oldu\u011fu cevaplar\u0131, yine kendilerinden al\u0131nm\u0131\u015f k\u0131sa metinlerle serimlemektedir. <\/p>\n","protected":false},"excerpt":{"rendered":"<p>Tarih felsefesi, iki k\u0131s\u0131mdan, yani yap\u0131lm\u0131\u015f edilmi\u015f \u015feyler ile bunlar\u0131n \u201chikaye\u201d edilmesinden olu\u015fan tarih hakk\u0131nda, genellikle \u015f\u00f6ylesi sorulara cevap bulmaya giri\u015fen bir felsefe dal\u0131d\u0131r: Tarihin gidi\u015finde<span class=\"excerpt-hellip\"> [\u2026]<\/span><\/p>\n","protected":false},"featured_media":0,"template":"","meta":{"_monsterinsights_skip_tracking":false,"_monsterinsights_sitenote_active":false,"_monsterinsights_sitenote_note":"","_monsterinsights_sitenote_category":0},"product_brand":[],"product_cat":[12304,14138],"product_tag":[],"class_list":{"0":"post-711983","1":"product","2":"type-product","3":"status-publish","5":"product_cat-tarih","6":"product_cat-tarih-felsefesi","7":"pa_cilt-ciltsiz","8":"pa_tur-kitap","9":"pa_yayinevi-bilgesu-yayincilik","10":"pa_yazar-talip-kabadayi","12":"first","13":"instock","14":"sale","15":"shipping-taxable","16":"purchasable","17":"product-type-simple"},"_links":{"self":[{"href":"https:\/\/roveyayinevi.com.tr\/index.php\/wp-json\/wp\/v2\/product\/711983","targetHints":{"allow":["GET"]}}],"collection":[{"href":"https:\/\/roveyayinevi.com.tr\/index.php\/wp-json\/wp\/v2\/product"}],"about":[{"href":"https:\/\/roveyayinevi.com.tr\/index.php\/wp-json\/wp\/v2\/types\/product"}],"wp:attachment":[{"href":"https:\/\/roveyayinevi.com.tr\/index.php\/wp-json\/wp\/v2\/media?parent=711983"}],"wp:term":[{"taxonomy":"product_brand","embeddable":true,"href":"https:\/\/roveyayinevi.com.tr\/index.php\/wp-json\/wp\/v2\/product_brand?post=711983"},{"taxonomy":"product_cat","embeddable":true,"href":"https:\/\/roveyayinevi.com.tr\/index.php\/wp-json\/wp\/v2\/product_cat?post=711983"},{"taxonomy":"product_tag","embeddable":true,"href":"https:\/\/roveyayinevi.com.tr\/index.php\/wp-json\/wp\/v2\/product_tag?post=711983"}],"curies":[{"name":"wp","href":"https:\/\/api.w.org\/{rel}","templated":true}]}}