{"id":711965,"date":"2025-08-27T16:51:04","date_gmt":"2025-08-27T13:51:04","guid":{"rendered":"https:\/\/roveyayinevi.com.tr\/index.php\/urun\/bir-genclik-liderinin-anilari-1959-1974\/"},"modified":"2026-04-16T02:20:36","modified_gmt":"2026-04-15T23:20:36","slug":"bir-genclik-liderinin-anilari-1959-1974","status":"publish","type":"product","link":"https:\/\/roveyayinevi.com.tr\/index.php\/urun\/bir-genclik-liderinin-anilari-1959-1974\/","title":{"rendered":"Bir Gen\u00e7lik Liderinin An\u0131lar\u0131 1959 &#8211; 1974"},"content":{"rendered":"<p>Baz\u0131 ya\u015famlar, di\u011ferlerinden farkl\u0131 ya\u015fan\u0131r. Bu ya\u015famlarda her ge\u00e7en y\u0131l, her ya\u015fanan olay sonrakine yeni, farkl\u0131 pencereler a\u00e7ar; o hayat\u0131n sahibi bu pencerelerden bakmaktan, bazen ard\u0131nda ne oldu\u011funu bilmedi\u011fi kap\u0131lardan ge\u00e7mekten \u00e7ekinmez, risk al\u0131r, bedel \u00f6der, cesaret eder. \u015eair Ali M\u00fcmtaz Arolat\u2019\u0131n o\u011flu olarak d\u00fcnyaya gelen gazeteci Osman Saffet Arolat\u2019\u0131n gen\u00e7lik an\u0131lar\u0131 da bu emsalde ya\u015fanm\u0131\u015f bir d\u00fcnyay\u0131 sergiler. Onun da \u00fclkesini, d\u00fcnyay\u0131 de\u011fi\u015ftirmek i\u00e7in bir \u201c\u00fctopya\u201ds\u0131 vard\u0131r; \u00fcniversite y\u0131llar\u0131nda gen\u00e7lik hareketlerinin i\u00e7inde yer al\u0131r. Eylemlere kat\u0131l\u0131r; bro\u015f\u00fcrler ve afi\u015fler haz\u0131rlar, sendika gazeteleri \u00e7\u0131kart\u0131r. Bir d\u00f6nem ANT dergisinde yaz\u0131 i\u015fleri m\u00fcd\u00fcrl\u00fc\u011f\u00fc yapar, yaz\u0131lar\u0131 nedeniyle yarg\u0131lanarak tutuklan\u0131r. Uzun y\u0131llar haber ajans\u00e7\u0131l\u0131\u011f\u0131, yabanc\u0131 radyo muhabirli\u011fi ve televizyonculuk gibi i\u015fler yaparken, bir yandan da \u00fcretmeyi s\u00fcrd\u00fcr\u00fcr. Bir Gen\u00e7lik Liderinin An\u0131lar\u0131, Arolat\u2019\u0131n 1959-1974 y\u0131llar\u0131 aras\u0131 ya\u015fad\u0131klar\u0131ndan, bu d\u00f6nemde ANT dergisinde yay\u0131mlanan baz\u0131 yaz\u0131lar\u0131ndan, ki\u015fisel notlar\u0131ndan olu\u015fuyor. Gazetecilik mesle\u011fi ile ilgili an\u0131lar\u0131n\u0131 daha \u00f6nce yay\u0131nevimizden \u00e7\u0131kan Bab\u0131\u00e2li An\u0131lar\u0131m adl\u0131 kitab\u0131nda bir araya getiren Osman Saffet Arolat, halen D\u00fcnya gazetesinde yaz\u0131lar yazmay\u0131 s\u00fcrd\u00fcr\u00fcyor. <\/p>\n","protected":false},"excerpt":{"rendered":"<p>Baz\u0131 ya\u015famlar, di\u011ferlerinden farkl\u0131 ya\u015fan\u0131r. Bu ya\u015famlarda her ge\u00e7en y\u0131l, her ya\u015fanan olay sonrakine yeni, farkl\u0131 pencereler a\u00e7ar; o hayat\u0131n sahibi bu pencerelerden bakmaktan, bazen ard\u0131nda<span class=\"excerpt-hellip\"> [\u2026]<\/span><\/p>\n","protected":false},"featured_media":0,"template":"","meta":{"_monsterinsights_skip_tracking":false,"_monsterinsights_sitenote_active":false,"_monsterinsights_sitenote_note":"","_monsterinsights_sitenote_category":0},"product_brand":[],"product_cat":[13701,12291],"product_tag":[],"class_list":{"0":"post-711965","1":"product","2":"type-product","3":"status-publish","5":"product_cat-ani-mektup-gunluk","6":"product_cat-edebiyat","7":"pa_cilt-ciltsiz","8":"pa_tur-kitap","9":"pa_yayinevi-is-bankasi-kultur-yayinlari","10":"pa_yazar-osman-s-arolat","12":"first","13":"instock","14":"sale","15":"shipping-taxable","16":"purchasable","17":"product-type-simple"},"_links":{"self":[{"href":"https:\/\/roveyayinevi.com.tr\/index.php\/wp-json\/wp\/v2\/product\/711965","targetHints":{"allow":["GET"]}}],"collection":[{"href":"https:\/\/roveyayinevi.com.tr\/index.php\/wp-json\/wp\/v2\/product"}],"about":[{"href":"https:\/\/roveyayinevi.com.tr\/index.php\/wp-json\/wp\/v2\/types\/product"}],"wp:attachment":[{"href":"https:\/\/roveyayinevi.com.tr\/index.php\/wp-json\/wp\/v2\/media?parent=711965"}],"wp:term":[{"taxonomy":"product_brand","embeddable":true,"href":"https:\/\/roveyayinevi.com.tr\/index.php\/wp-json\/wp\/v2\/product_brand?post=711965"},{"taxonomy":"product_cat","embeddable":true,"href":"https:\/\/roveyayinevi.com.tr\/index.php\/wp-json\/wp\/v2\/product_cat?post=711965"},{"taxonomy":"product_tag","embeddable":true,"href":"https:\/\/roveyayinevi.com.tr\/index.php\/wp-json\/wp\/v2\/product_tag?post=711965"}],"curies":[{"name":"wp","href":"https:\/\/api.w.org\/{rel}","templated":true}]}}