{"id":711948,"date":"2025-08-27T16:50:54","date_gmt":"2025-08-27T13:50:54","guid":{"rendered":"https:\/\/roveyayinevi.com.tr\/index.php\/urun\/adan-zye-ozellikli-vergi-konulari\/"},"modified":"2026-04-16T02:20:35","modified_gmt":"2026-04-15T23:20:35","slug":"adan-zye-ozellikli-vergi-konulari","status":"publish","type":"product","link":"https:\/\/roveyayinevi.com.tr\/index.php\/urun\/adan-zye-ozellikli-vergi-konulari\/","title":{"rendered":"A\u2019dan Z\u2019ye \u00d6zellikli Vergi Konular\u0131"},"content":{"rendered":"<p>\u201cA\u2019DAN Z\u2019YE \u00d6ZELL\u0130KL\u0130 VERG\u0130 KONULARI\u201d eserimde bu ismi kullanmam\u0131n iki sebebi vard\u0131r. Bunlardan ilki bu kitab\u0131n vergi konular\u0131n\u0131 ay\u0131rmaks\u0131z\u0131n T\u00fcrk Vergi Sisteminde mevcut bulunan kanunlarla ilgili m\u00fcmk\u00fcn oldu\u011funca geni\u015f bir yelpazeyle \u00f6zellikli vergi konular\u0131n\u0131 ele alm\u0131\u015f bulunmamdan kaynakl\u0131d\u0131r. \u0130kincisi ise okuyucunun s\u0131k\u0131lmadan kolay ve pratik bir \u015fekilde istenilen bilgiye ula\u015fmas\u0131 hedeflendi\u011finden ad\u0131ndan da anla\u015f\u0131laca\u011f\u0131 \u00fczere A\u2019dan Z\u2019ye alfabetik s\u0131ra ile \u00f6zellikli vergi konular\u0131n\u0131n i\u015flenmi\u015f olmas\u0131d\u0131r.    \u201cA\u2019DAN Z\u2019YE \u00d6ZELL\u0130KL\u0130 VERG\u0130 KONULARI\u201d eserimde vergi mevzuat\u0131 ile ilgili \u00f6zellikli konular Kanun, Kanun H\u00fckm\u00fcnde Kararname, Bakanlar Kurulu Kararlar\u0131, Y\u00f6netmelikler, Tebli\u011fler, Sirk\u00fcler, 2012 y\u0131l\u0131 ile 2017 y\u0131l\u0131 aras\u0131nda en g\u00fcncel hali ile taraf\u0131mca derlenmi\u015f 40 \u00d6zelge ve \u0130\u00e7 Genelgeler titizlikle dikkate al\u0131narak olu\u015fturulmu\u015f bir kitapt\u0131r. Vergi alan\u0131nda \u00f6zellikli g\u00f6r\u00fclen vergisel konular \u201cA\u2019dan Z\u2019ye\u201d alfabetik bir s\u0131ralama ile ele al\u0131nm\u0131\u015ft\u0131r.\u201d   \u00d6zellikle Vergi M\u00fcfetti\u015flerinin yetki, yeterlik ve m\u00fclakatlar\u0131nda ve son y\u0131llarda yap\u0131lan Yeminli Mali M\u00fc\u015favirlik, SMMM ve Ba\u011f\u0131ms\u0131z Denet\u00e7ilik s\u0131navlar\u0131nda sadece kanun metinleri de\u011fil tebli\u011fler, y\u00f6netmelikler hatta \u00f6zellikle \u00f6zelgeler belirleyici bir rol oynamaktad\u0131r.    Vergi M\u00fcfetti\u015fleri, Vergi M\u00fcfetti\u015f Yard\u0131mc\u0131lar\u0131, Yeminli Mali M\u00fc\u015favirler, Serbest Muhasebeci Ve Mali M\u00fc\u015favirler, Akademisyenler, Vergi Alan\u0131nda Lisans, Y\u00fcksek Lisans Ve Doktora \u00d6\u011frenimi G\u00f6renler, Maliye Bakanl\u0131\u011f\u0131n\u0131n Merkez Ve Ta\u015fra Te\u015fkilat\u0131nda G\u00f6revli M\u00fcd\u00fcrler, M\u00fcd\u00fcr Yard\u0131mc\u0131lar\u0131, Uzman Ve Uzman Yard\u0131mc\u0131lar\u0131 ve vergi \u00fczerine kendilerini geli\u015ftirmek isteyen herkes taraf\u0131ndan rahatl\u0131kla okunabilecek ve g\u00fcncel vergi sorunlar\u0131yla kar\u015f\u0131la\u015f\u0131ld\u0131\u011f\u0131nda alfabetik s\u0131ralama ile tasarlanm\u0131\u015f bu kitapta istenilen bilgilere kolay eri\u015fimi, sade anlat\u0131m\u0131 ve anla\u015f\u0131lmas\u0131 kolay i\u00e7eri\u011fi ile zahmetsiz bir \u015fekilde ula\u015fabileceklerdir. <\/p>\n","protected":false},"excerpt":{"rendered":"<p>\u201cA\u2019DAN Z\u2019YE \u00d6ZELL\u0130KL\u0130 VERG\u0130 KONULARI\u201d eserimde bu ismi kullanmam\u0131n iki sebebi vard\u0131r. Bunlardan ilki bu kitab\u0131n vergi konular\u0131n\u0131 ay\u0131rmaks\u0131z\u0131n T\u00fcrk Vergi Sisteminde mevcut bulunan kanunlarla ilgili<span class=\"excerpt-hellip\"> [\u2026]<\/span><\/p>\n","protected":false},"featured_media":0,"template":"","meta":{"_monsterinsights_skip_tracking":false,"_monsterinsights_sitenote_active":false,"_monsterinsights_sitenote_note":"","_monsterinsights_sitenote_category":0},"product_brand":[],"product_cat":[14841,13043],"product_tag":[],"class_list":{"0":"post-711948","1":"product","2":"type-product","3":"status-publish","5":"product_cat-arastirma-inceleme-kuram","6":"product_cat-ekonomi","7":"pa_cilt-ciltsiz","8":"pa_tur-kitap","9":"pa_yayinevi-gazi-kitabevi","10":"pa_yazar-alaattin-demir","12":"first","13":"instock","14":"sale","15":"shipping-taxable","16":"purchasable","17":"product-type-simple"},"_links":{"self":[{"href":"https:\/\/roveyayinevi.com.tr\/index.php\/wp-json\/wp\/v2\/product\/711948","targetHints":{"allow":["GET"]}}],"collection":[{"href":"https:\/\/roveyayinevi.com.tr\/index.php\/wp-json\/wp\/v2\/product"}],"about":[{"href":"https:\/\/roveyayinevi.com.tr\/index.php\/wp-json\/wp\/v2\/types\/product"}],"wp:attachment":[{"href":"https:\/\/roveyayinevi.com.tr\/index.php\/wp-json\/wp\/v2\/media?parent=711948"}],"wp:term":[{"taxonomy":"product_brand","embeddable":true,"href":"https:\/\/roveyayinevi.com.tr\/index.php\/wp-json\/wp\/v2\/product_brand?post=711948"},{"taxonomy":"product_cat","embeddable":true,"href":"https:\/\/roveyayinevi.com.tr\/index.php\/wp-json\/wp\/v2\/product_cat?post=711948"},{"taxonomy":"product_tag","embeddable":true,"href":"https:\/\/roveyayinevi.com.tr\/index.php\/wp-json\/wp\/v2\/product_tag?post=711948"}],"curies":[{"name":"wp","href":"https:\/\/api.w.org\/{rel}","templated":true}]}}