{"id":711875,"date":"2025-08-27T16:50:17","date_gmt":"2025-08-27T13:50:17","guid":{"rendered":"https:\/\/roveyayinevi.com.tr\/index.php\/urun\/ataturk-ataturkculuk-turkiye\/"},"modified":"2026-04-16T02:20:33","modified_gmt":"2026-04-15T23:20:33","slug":"ataturk-ataturkculuk-turkiye","status":"publish","type":"product","link":"https:\/\/roveyayinevi.com.tr\/index.php\/urun\/ataturk-ataturkculuk-turkiye\/","title":{"rendered":"Atat\u00fcrk Atat\u00fcrk\u00e7\u00fcl\u00fck T\u00fcrkiye"},"content":{"rendered":"<p>Osmanl\u0131\u2019n\u0131n son d\u00f6neminde bir \u015fairimiz, insanlar\u0131m\u0131z\u0131n durumunu bir d\u00f6rtl\u00fckle \u015f\u00f6yleanlatmaktad\u0131r.\u201cEy T\u00fcrk o\u011flu!Senin \u00fc\u00e7 d\u00fc\u015fman\u0131n var.Ne \u0130ngiliz, ne Rus, ne Bulgar.Bana ne, neme laz\u0131m, ne \u00e7\u0131kar.\u201dAtat\u00fcrk ayn\u0131 d\u00f6nem i\u00e7in; \u201cMilletimizin her ferdi m\u00fctefekkir (d\u00fc\u015f\u00fcn\u00fcr) ve m\u00fctehassis (duyarl\u0131,tepkili) bir tarzda yeti\u015ftirilmi\u015f olsayd\u0131, muhakkak bu hale gelmeyecektik\u201d der.Atat\u00fcrk bu s\u00f6z\u00fcnde \u00fclkenin ve ulusun 1919\u2019daki duruma d\u00fc\u015f\u00fc\u015f\u00fcn\u00fcn, vatan\u0131n\u0131n elinden al\u0131n\u0131\u015f\u0131n\u0131n,t\u00fcm ulusun hayat\u0131na kastedili\u015finin ve \u0130stiklal Sava\u015f\u0131 yapmak zorunda kal\u0131\u015f\u0131n\u0131n nedenini a\u00e7\u0131kl\u0131yor.Ayr\u0131ca benzer duruma d\u00fc\u015fmemenin yolunu g\u00f6steriyor.Bug\u00fcn T\u00fcrkiye \u00fczerine gizli veya a\u00e7\u0131k hedefleri olanlar\u0131n kar\u015f\u0131lar\u0131na Atat\u00fcrk gibi \u00e7\u0131kabilmek i\u00e7in,sevmenin \u00f6tesinde Atat\u00fcrk\u2019\u00fc anlamam\u0131z, T\u00fcrk i\u00e7in anlam\u0131n\u0131 ve T\u00fcrkiye\u2019deki yerinii\u00e7selle\u015ftirmemiz, O\u2019nun gibi yol tutmam\u0131z, yol i\u00e7in ise Atat\u00fcrk\u00e7\u00fcl\u00fc\u011f\u00fc bilmemiz, anlamam\u0131zgerekmektedir. Varl\u0131\u011f\u0131m\u0131z, gelece\u011fimiz buna ba\u011fl\u0131d\u0131r. <\/p>\n","protected":false},"excerpt":{"rendered":"<p>Osmanl\u0131\u2019n\u0131n son d\u00f6neminde bir \u015fairimiz, insanlar\u0131m\u0131z\u0131n durumunu bir d\u00f6rtl\u00fckle \u015f\u00f6yleanlatmaktad\u0131r.\u201cEy T\u00fcrk o\u011flu!Senin \u00fc\u00e7 d\u00fc\u015fman\u0131n var.Ne \u0130ngiliz, ne Rus, ne Bulgar.Bana ne, neme laz\u0131m, ne \u00e7\u0131kar.\u201dAtat\u00fcrk ayn\u0131<span class=\"excerpt-hellip\"> [\u2026]<\/span><\/p>\n","protected":false},"featured_media":0,"template":"","meta":{"_monsterinsights_skip_tracking":false,"_monsterinsights_sitenote_active":false,"_monsterinsights_sitenote_note":"","_monsterinsights_sitenote_category":0},"product_brand":[],"product_cat":[12530,12304],"product_tag":[],"class_list":{"0":"post-711875","1":"product","2":"type-product","3":"status-publish","5":"product_cat-mustafa-kemal-ataturk","6":"product_cat-tarih","7":"pa_cilt-ciltsiz","8":"pa_tur-kitap","9":"pa_yayinevi-kilit-yayinevi","10":"pa_yazar-ismet-gorgulu","12":"first","13":"instock","14":"sale","15":"shipping-taxable","16":"purchasable","17":"product-type-simple"},"_links":{"self":[{"href":"https:\/\/roveyayinevi.com.tr\/index.php\/wp-json\/wp\/v2\/product\/711875","targetHints":{"allow":["GET"]}}],"collection":[{"href":"https:\/\/roveyayinevi.com.tr\/index.php\/wp-json\/wp\/v2\/product"}],"about":[{"href":"https:\/\/roveyayinevi.com.tr\/index.php\/wp-json\/wp\/v2\/types\/product"}],"wp:attachment":[{"href":"https:\/\/roveyayinevi.com.tr\/index.php\/wp-json\/wp\/v2\/media?parent=711875"}],"wp:term":[{"taxonomy":"product_brand","embeddable":true,"href":"https:\/\/roveyayinevi.com.tr\/index.php\/wp-json\/wp\/v2\/product_brand?post=711875"},{"taxonomy":"product_cat","embeddable":true,"href":"https:\/\/roveyayinevi.com.tr\/index.php\/wp-json\/wp\/v2\/product_cat?post=711875"},{"taxonomy":"product_tag","embeddable":true,"href":"https:\/\/roveyayinevi.com.tr\/index.php\/wp-json\/wp\/v2\/product_tag?post=711875"}],"curies":[{"name":"wp","href":"https:\/\/api.w.org\/{rel}","templated":true}]}}