{"id":711832,"date":"2025-08-27T16:49:47","date_gmt":"2025-08-27T13:49:47","guid":{"rendered":"https:\/\/roveyayinevi.com.tr\/index.php\/urun\/cumhuriyet-kurulurken-devletciligin-ayak-izleri-cumhuriyetin-iktisadi-temelleri\/"},"modified":"2026-04-16T02:20:32","modified_gmt":"2026-04-15T23:20:32","slug":"cumhuriyet-kurulurken-devletciligin-ayak-izleri-cumhuriyetin-iktisadi-temelleri","status":"publish","type":"product","link":"https:\/\/roveyayinevi.com.tr\/index.php\/urun\/cumhuriyet-kurulurken-devletciligin-ayak-izleri-cumhuriyetin-iktisadi-temelleri\/","title":{"rendered":"Cumhuriyet Kurulurken Devlet\u00e7ili\u011fin Ayak \u0130zleri &#8211; Cumhuriyetin \u0130ktisadi Temelleri"},"content":{"rendered":"<p>\u0130lter, kitab\u0131n\u0131 \u00fc\u00e7 y\u0131l kadar \u00f6nce tamamlam\u0131\u015ft\u0131. Kitab\u0131 bas\u0131ma girerken, \u0130lter aram\u0131zdan ayr\u0131l\u0131yordu. \u015eunu bilmeliyiz: Yazd\u0131\u011f\u0131 eseri kendi de be\u011fenmi\u015fti. Kitab\u0131 okurken, ni\u00e7in be\u011fendi\u011fini daha iyi anlayaca\u011f\u0131z.\u0130lter\u2019in \u00e7al\u0131\u015fmas\u0131 \u015funu g\u00f6steriyor: Cumhuriyet, 20. y\u00fczy\u0131lda var olabilmek i\u00e7in bir yeni ba\u015flang\u0131\u00e7t\u0131r. \u2018B\u00fcy\u00fck Sava\u015f\u2019\u0131n ya\u015fatt\u0131\u011f\u0131 \u2018k\u0131yamet\u2019 ile d\u00fcnyada eski zamanlar\u0131n, k\u00f6hnemi\u015f yap\u0131lar\u0131yla son buldu\u011funu ve tarihin getirdi\u011fi o noktada yeni bir bilin\u00e7lenme ile yeni bir d\u00f6nem a\u00e7abilmenin o anda m\u00fcstesna bir \u00f6nem kazand\u0131\u011f\u0131n\u0131 milli m\u00fccadeleyi y\u00fcr\u00fcten kadrolar saptam\u0131\u015flard\u0131. Bu m\u00fccadele, kapit\u00fclasyonsuz bir \u00fclke kurma a\u015famas\u0131na (Lozan\u2019a) ve oradan Cumhuriyete eri\u015fen bir b\u00fct\u00fcnl\u00fck ta\u015f\u0131yacakt\u0131. Ekonomi, bu b\u00fct\u00fcnl\u00fc\u011f\u00fc g\u00fcvenceye alacak temel kolonlar\u0131n ba\u015f\u0131nda geliyordu ve bizim k\u00f6yl\u00fcler \u00fclkemizde geri kalm\u0131\u015fl\u0131\u011f\u0131n kal\u0131n kabu\u011funu k\u0131rarak 20. y\u00fczy\u0131l\u0131n d\u00fcnyas\u0131nda var olabilmemiz ancak \u2018devlet\u00e7i bir ak\u0131lla\u2019 m\u00fcmk\u00fcnd\u00fc. Buna, ba\u015f\u0131ndan itibaren b\u00f6yle bak\u0131lm\u0131\u015ft\u0131r.K\u0131sacas\u0131, \u0130lter\u2019in meseleye bir b\u00fct\u00fcnl\u00fck i\u00e7inde yakla\u015f\u0131m\u0131, Cumhuriyet\u00e7ilerin b\u00fct\u00fcnl\u00fc\u011fe sahip bak\u0131\u015f\u0131n\u0131n da hakk\u0131n\u0131 vererek, onlar\u0131n tasar\u0131m\u0131n\u0131 do\u011fru kavramas\u0131yla zenginle\u015fti. Bu, kendisine, devlet\u00e7ili\u011fi, d\u00fcnya kapitalizminin ini\u015f \u00e7\u0131k\u0131\u015flar\u0131na ayarlanmaktan ibaret bir konjonkt\u00fcrel iktisat politikas\u0131n\u0131n dar s\u0131n\u0131rlar\u0131 i\u00e7ine hapsedilemeyecek nitelikte de\u011ferlendirmeyi yapma olana\u011f\u0131 kazand\u0131rd\u0131. B\u00f6ylece, Cumhuriyetin bu topluma ciddi bir kalite at\u0131l\u0131m\u0131 getirecek devrimci boyutunu, devlet\u00e7ilik tart\u0131\u015fmas\u0131n\u0131n merkezine yerle\u015ftirdi. Bizler, \u0130lter\u2019in bu yakla\u015f\u0131m\u0131yla, devlet\u00e7ili\u011fi iktisat politikas\u0131 boyutuyla ele ald\u0131\u011f\u0131m\u0131z zaman, tarihin \u00f6nemini ve a\u011f\u0131rl\u0131\u011f\u0131n\u0131 do\u011fru tartarak analizimize yeni kap\u0131lar a\u00e7ma \u015fans\u0131na kavu\u015fuyoruz.Bilsay Kuru\u00e7 <\/p>\n","protected":false},"excerpt":{"rendered":"<p>\u0130lter, kitab\u0131n\u0131 \u00fc\u00e7 y\u0131l kadar \u00f6nce tamamlam\u0131\u015ft\u0131. Kitab\u0131 bas\u0131ma girerken, \u0130lter aram\u0131zdan ayr\u0131l\u0131yordu. \u015eunu bilmeliyiz: Yazd\u0131\u011f\u0131 eseri kendi de be\u011fenmi\u015fti. Kitab\u0131 okurken, ni\u00e7in be\u011fendi\u011fini daha iyi<span class=\"excerpt-hellip\"> [\u2026]<\/span><\/p>\n","protected":false},"featured_media":0,"template":"","meta":{"_monsterinsights_skip_tracking":false,"_monsterinsights_sitenote_active":false,"_monsterinsights_sitenote_note":"","_monsterinsights_sitenote_category":0},"product_brand":[],"product_cat":[12370,12304],"product_tag":[],"class_list":{"0":"post-711832","1":"product","2":"type-product","3":"status-publish","5":"product_cat-arastirma-inceleme","6":"product_cat-tarih","7":"pa_cilt-ciltsiz","8":"pa_tur-kitap","9":"pa_yayinevi-telgrafhane-yayinlari","10":"pa_yazar-n-ilter-ertugrul","12":"first","13":"instock","14":"sale","15":"shipping-taxable","16":"purchasable","17":"product-type-simple"},"_links":{"self":[{"href":"https:\/\/roveyayinevi.com.tr\/index.php\/wp-json\/wp\/v2\/product\/711832","targetHints":{"allow":["GET"]}}],"collection":[{"href":"https:\/\/roveyayinevi.com.tr\/index.php\/wp-json\/wp\/v2\/product"}],"about":[{"href":"https:\/\/roveyayinevi.com.tr\/index.php\/wp-json\/wp\/v2\/types\/product"}],"wp:attachment":[{"href":"https:\/\/roveyayinevi.com.tr\/index.php\/wp-json\/wp\/v2\/media?parent=711832"}],"wp:term":[{"taxonomy":"product_brand","embeddable":true,"href":"https:\/\/roveyayinevi.com.tr\/index.php\/wp-json\/wp\/v2\/product_brand?post=711832"},{"taxonomy":"product_cat","embeddable":true,"href":"https:\/\/roveyayinevi.com.tr\/index.php\/wp-json\/wp\/v2\/product_cat?post=711832"},{"taxonomy":"product_tag","embeddable":true,"href":"https:\/\/roveyayinevi.com.tr\/index.php\/wp-json\/wp\/v2\/product_tag?post=711832"}],"curies":[{"name":"wp","href":"https:\/\/api.w.org\/{rel}","templated":true}]}}