{"id":711820,"date":"2025-08-27T16:49:41","date_gmt":"2025-08-27T13:49:41","guid":{"rendered":"https:\/\/roveyayinevi.com.tr\/index.php\/urun\/cumhuriyet-ile-ozdeslesmis-bir-hayat-yunus-nadi-abalioglu\/"},"modified":"2026-04-16T02:20:32","modified_gmt":"2026-04-15T23:20:32","slug":"cumhuriyet-ile-ozdeslesmis-bir-hayat-yunus-nadi-abalioglu","status":"publish","type":"product","link":"https:\/\/roveyayinevi.com.tr\/index.php\/urun\/cumhuriyet-ile-ozdeslesmis-bir-hayat-yunus-nadi-abalioglu\/","title":{"rendered":"Cumhuriyet ile \u00d6zde\u015fle\u015fmi\u015f Bir Hayat &#8211; Yunus Nadi Abal\u0131o\u011flu"},"content":{"rendered":"<p>&#8220;Cumhuriyet Gazetesi Mustafa Kemal Pa\u015fa\u2019n\u0131n talimat\u0131 ile Yunus Nadi Abal\u0131o\u011flu taraf\u0131ndan yay\u0131n hayat\u0131na ba\u015flat\u0131lm\u0131\u015ft\u0131r.Cumhuriyet ad\u0131n\u0131 da Mustafa Kemal Pa\u015fa vermi\u015f ve \u201cCumhuriyet Gazetesi, Cumhuriyetimizin daima destek\u00e7isi olacakt\u0131r\u201d demi\u015ftir.Bu nedenle Yunus Nadi, hayat\u0131 boyunca bu yolda \u00e7al\u0131\u015fm\u0131\u015ft\u0131r.Kimdir Yunus Nadi Abal\u0131o\u011flu?&#8221; diyerek ba\u015fl\u0131yor kitab\u0131na, Yunus Nadi&#8217;nin ye\u011feni Ali Abal\u0131&#8230;Yunus Nadi&#8217;nin, kurtulu\u015f ve kurulu\u015f tarihimize iz b\u0131rakan \u00e7al\u0131\u015fmalar\u0131n\u0131n bir ad\u0131m \u00f6ncesine, Nadi&#8217;nin hik\u00e2yesinin ilk ba\u015flad\u0131\u011f\u0131 yere, do\u011fdu\u011fu topraklara, ailesine ve onun adeta tu\u011fla \u00fczerine tu\u011fla koyarak \u00f6rd\u00fc\u011f\u00fc \u00f6rnek hayat\u0131na bilinmeyen y\u00f6nlerinden bak\u0131yor.Cumhuriyet tarihimizin \u00f6nemli ismi ve Cumhuriyet gazetesinin kurucusunu; onun Anadolu&#8217;nun bir k\u00f6y\u00fcnden ba\u015flay\u0131p, devrimin sesi olmaya uzanan hik\u00e2yesini &#8216;i\u00e7eriden&#8217; bir g\u00f6zle sunuyor okura&#8230; <\/p>\n","protected":false},"excerpt":{"rendered":"<p>&#8220;Cumhuriyet Gazetesi Mustafa Kemal Pa\u015fa\u2019n\u0131n talimat\u0131 ile Yunus Nadi Abal\u0131o\u011flu taraf\u0131ndan yay\u0131n hayat\u0131na ba\u015flat\u0131lm\u0131\u015ft\u0131r.Cumhuriyet ad\u0131n\u0131 da Mustafa Kemal Pa\u015fa vermi\u015f ve \u201cCumhuriyet Gazetesi, Cumhuriyetimizin daima destek\u00e7isi<span class=\"excerpt-hellip\"> [\u2026]<\/span><\/p>\n","protected":false},"featured_media":0,"template":"","meta":{"_monsterinsights_skip_tracking":false,"_monsterinsights_sitenote_active":false,"_monsterinsights_sitenote_note":"","_monsterinsights_sitenote_category":0},"product_brand":[],"product_cat":[14009,12291],"product_tag":[],"class_list":{"0":"post-711820","1":"product","2":"type-product","3":"status-publish","5":"product_cat-biyografi-otobiyografi-edebiyat","6":"product_cat-edebiyat","7":"pa_cilt-ciltsiz","8":"pa_tur-kitap","9":"pa_yayinevi-telgrafhane-yayinlari","10":"pa_yazar-ali-abali","12":"first","13":"instock","14":"sale","15":"shipping-taxable","16":"purchasable","17":"product-type-simple"},"_links":{"self":[{"href":"https:\/\/roveyayinevi.com.tr\/index.php\/wp-json\/wp\/v2\/product\/711820","targetHints":{"allow":["GET"]}}],"collection":[{"href":"https:\/\/roveyayinevi.com.tr\/index.php\/wp-json\/wp\/v2\/product"}],"about":[{"href":"https:\/\/roveyayinevi.com.tr\/index.php\/wp-json\/wp\/v2\/types\/product"}],"wp:attachment":[{"href":"https:\/\/roveyayinevi.com.tr\/index.php\/wp-json\/wp\/v2\/media?parent=711820"}],"wp:term":[{"taxonomy":"product_brand","embeddable":true,"href":"https:\/\/roveyayinevi.com.tr\/index.php\/wp-json\/wp\/v2\/product_brand?post=711820"},{"taxonomy":"product_cat","embeddable":true,"href":"https:\/\/roveyayinevi.com.tr\/index.php\/wp-json\/wp\/v2\/product_cat?post=711820"},{"taxonomy":"product_tag","embeddable":true,"href":"https:\/\/roveyayinevi.com.tr\/index.php\/wp-json\/wp\/v2\/product_tag?post=711820"}],"curies":[{"name":"wp","href":"https:\/\/api.w.org\/{rel}","templated":true}]}}