{"id":711742,"date":"2025-08-27T16:48:57","date_gmt":"2025-08-27T13:48:57","guid":{"rendered":"https:\/\/roveyayinevi.com.tr\/index.php\/urun\/orta-asyada-yesevilik-allahcilar-laciler\/"},"modified":"2026-04-16T02:20:30","modified_gmt":"2026-04-15T23:20:30","slug":"orta-asyada-yesevilik-allahcilar-laciler","status":"publish","type":"product","link":"https:\/\/roveyayinevi.com.tr\/index.php\/urun\/orta-asyada-yesevilik-allahcilar-laciler\/","title":{"rendered":"Orta Asya\u2019da Yesevilik Allah\u00e7\u0131lar La\u00e7iler"},"content":{"rendered":"<p>T\u00fcrkiye ve Avrupa\u2019da Alevilik alan\u0131nda, saha ara\u015ft\u0131rmalar\u0131na dayal\u0131 \u00f6nemli akademik \u00e7al\u0131\u015fmalar ger\u00e7ekle\u015ftirmi\u015f bulunan ve ayn\u0131 zamanda ocakzade bir aileden gelen Prof. Dr. Ali Yaman, konunun Orta Asya boyutunu da anlayabilmek amac\u0131yla 2002-2005 y\u0131llar\u0131 aras\u0131nda Kazakistan, T\u00fcrkistan\u2019da bulunan Ahmet Yesevi Uluslararas\u0131 Kazak-T\u00fcrk \u00dcniversitesi\u2019nde \u00f6\u011fretim \u00fcyeli\u011fi g\u00f6revinde bulunmu\u015f, T\u00fcrkoloji Enstit\u00fcs\u00fc ve Yesevilik Ara\u015ft\u0131rmalar\u0131 Merkezinde de uzman olarak \u00e7al\u0131\u015fm\u0131\u015f, bu s\u0131rada Kazakistan, K\u0131rg\u0131zistan ve \u00d6zbekistan\u2019da pek \u00e7ok b\u00f6lgelerde ziyaretler ger\u00e7ekle\u015ftirmi\u015f, k\u00fct\u00fcphanelerde \u00e7al\u0131\u015fm\u0131\u015ft\u0131r. Elinizde tuttu\u011funuz bu \u00e7al\u0131\u015fma alan\u0131nda ilk olup, ya\u015fad\u0131klar\u0131 b\u00f6lgelerde giderek kimliklerini koruyamayan, Yesevili\u011fin son izbasarlar\u0131n\u0131, ba\u015fka bir deyi\u015fle onun yolundan gidenleri -Allah\u00e7\u0131lar\u0131- ele almaktad\u0131r. Disiplinleraras\u0131 bir yakla\u015f\u0131mla y\u0131llarca s\u00fcren bir ara\u015ft\u0131rman\u0131n \u00fcr\u00fcn\u00fc olarak titiz bir \u015fekilde haz\u0131rlanm\u0131\u015f olan bu \u00e7al\u0131\u015fma, Orta Asya\u2019n\u0131n stratejik a\u00e7\u0131dan \u00e7ok \u00f6nemli ve ayn\u0131 zamanda sorunlu bir b\u00f6lgesi olan Fergana Vadisi\u2019nin K\u0131rg\u0131zistan ve \u00d6zbekistan\u2019daki b\u00f6lgelerinde ya\u015fayan gizemli Yesevili\u011fin son takip\u00e7ileri denilebilecek, ba\u015fkalar\u0131nca La\u00e7iler, kendilerince Allah\u00e7\u0131lar olarak adland\u0131r\u0131lan toplulu\u011fa ili\u015fkin do\u011frudan ziyaret ve g\u00f6r\u00fc\u015fmelere dayal\u0131 T\u00fcrkiye\u2019de ve d\u00fcnyada yay\u0131nlanm\u0131\u015f ilk ve tek kitap olmas\u0131 bak\u0131m\u0131ndan \u00f6zel bir \u00f6nem ta\u015f\u0131maktad\u0131r. Allah\u00e7\u0131lar, Pir-i T\u00fcrkistan olarak da adland\u0131r\u0131lan Ahmet Yesevi\u2019yi kendilerine Pir olarak benimsemekte, kad\u0131nl\u0131 erkekli, m\u00fczikli ve semah benzeri co\u015fkulu ibadetleriyle de onun yolundan gittiklerini ifade etmektedirler. Allah\u00e7\u0131lar bu \u00f6zellikleri nedeniyle, di\u011fer S\u00fcnni M\u00fcsl\u00fcman topluluklar taraf\u0131ndan d\u0131\u015flanmakta ve ayn\u0131 Anadolu\u2019da K\u0131z\u0131lba\u015f Alevilere y\u00f6nelik \u201cmums\u00f6nd\u00fc iftiralar\u0131\u201d \u00f6rne\u011finde oldu\u011fu gibi, ahlaks\u0131zl\u0131k iftiralar\u0131na maruz kalmaktad\u0131rlar. Bu anlamda Alevilerle de baz\u0131 benzerliklere sahip bulunmaktad\u0131rlar. \u00c7ok say\u0131da kayna\u011f\u0131n \u0131\u015f\u0131\u011f\u0131nda g\u00f6r\u00fclmektedir ki, T\u00fcrkiye\u2019de ilahiyat ve Diyanet \u00e7evrelerinin \u00e7izdi\u011fi Ahmet Yesevi imaj\u0131 \u00e7ok daha farkl\u0131 olup, ibadette kad\u0131nl\u0131 erkekli, raks-\u0131 semaya dayanan co\u015fkulu ibadetler onun hikmetlerinde de yer almaktad\u0131r. Kitapta bu konular objektif kaynaklara ve do\u011frudan g\u00f6r\u00fc\u015fmelere dayal\u0131 olarak ak\u0131c\u0131 bir \u015fekilde okuyucuya sunulmaktad\u0131r. <\/p>\n","protected":false},"excerpt":{"rendered":"<p>T\u00fcrkiye ve Avrupa\u2019da Alevilik alan\u0131nda, saha ara\u015ft\u0131rmalar\u0131na dayal\u0131 \u00f6nemli akademik \u00e7al\u0131\u015fmalar ger\u00e7ekle\u015ftirmi\u015f bulunan ve ayn\u0131 zamanda ocakzade bir aileden gelen Prof. Dr. Ali Yaman, konunun Orta<span class=\"excerpt-hellip\"> [\u2026]<\/span><\/p>\n","protected":false},"featured_media":0,"template":"","meta":{"_monsterinsights_skip_tracking":false,"_monsterinsights_sitenote_active":false,"_monsterinsights_sitenote_note":"","_monsterinsights_sitenote_category":0},"product_brand":[],"product_cat":[12304,13650],"product_tag":[],"class_list":{"0":"post-711742","1":"product","2":"type-product","3":"status-publish","5":"product_cat-tarih","6":"product_cat-turk-tarihi-arastirmalari","7":"pa_cilt-ciltsiz","8":"pa_tur-kitap","9":"pa_yayinevi-la-kitap-yayinlari","10":"pa_yazar-ali-yaman","12":"first","13":"instock","14":"sale","15":"shipping-taxable","16":"purchasable","17":"product-type-simple"},"_links":{"self":[{"href":"https:\/\/roveyayinevi.com.tr\/index.php\/wp-json\/wp\/v2\/product\/711742","targetHints":{"allow":["GET"]}}],"collection":[{"href":"https:\/\/roveyayinevi.com.tr\/index.php\/wp-json\/wp\/v2\/product"}],"about":[{"href":"https:\/\/roveyayinevi.com.tr\/index.php\/wp-json\/wp\/v2\/types\/product"}],"wp:attachment":[{"href":"https:\/\/roveyayinevi.com.tr\/index.php\/wp-json\/wp\/v2\/media?parent=711742"}],"wp:term":[{"taxonomy":"product_brand","embeddable":true,"href":"https:\/\/roveyayinevi.com.tr\/index.php\/wp-json\/wp\/v2\/product_brand?post=711742"},{"taxonomy":"product_cat","embeddable":true,"href":"https:\/\/roveyayinevi.com.tr\/index.php\/wp-json\/wp\/v2\/product_cat?post=711742"},{"taxonomy":"product_tag","embeddable":true,"href":"https:\/\/roveyayinevi.com.tr\/index.php\/wp-json\/wp\/v2\/product_tag?post=711742"}],"curies":[{"name":"wp","href":"https:\/\/api.w.org\/{rel}","templated":true}]}}