{"id":711733,"date":"2025-08-27T16:48:52","date_gmt":"2025-08-27T13:48:52","guid":{"rendered":"https:\/\/roveyayinevi.com.tr\/index.php\/urun\/modernizmin-yansimalari-90li-yillarda-turkiye\/"},"modified":"2026-04-16T02:20:30","modified_gmt":"2026-04-15T23:20:30","slug":"modernizmin-yansimalari-90li-yillarda-turkiye","status":"publish","type":"product","link":"https:\/\/roveyayinevi.com.tr\/index.php\/urun\/modernizmin-yansimalari-90li-yillarda-turkiye\/","title":{"rendered":"Modernizmin Yans\u0131malar\u0131: 90\u2019l\u0131 Y\u0131llarda T\u00fcrkiye"},"content":{"rendered":"<p>T\u00fcrkiye\u2019nin Modernizm ser\u00fcvenini, farkl\u0131 disiplinleri bir araya getirerek \u00fclkenin ge\u00e7irdi\u011fi s\u00fcre\u00e7leri ve olaylar\u0131 \u00f6zg\u00fcn bi\u00e7imde anlatan MODERN\u0130ZM\u0130N YANSIMALARI serisinin d\u00f6rd\u00fcnc\u00fc kitab\u0131 Modernizmin Yans\u0131malar\u0131: 90\u2019l\u0131 Y\u0131llarda T\u00fcrkiye.   1990\u2019l\u0131 y\u0131llar, 20. y\u00fczy\u0131la damgas\u0131n\u0131 vuran iki kutuplu d\u00fcnyan\u0131n y\u0131k\u0131l\u0131p yerine hen\u00fcz ne t\u00fcr bir d\u00fczenin gelece\u011finin kestirilemedi\u011fi, bir yandan kapitalizmin zaferi olarak nitelendirilen tek d\u00fcnya metaforunun ortaya \u00e7\u0131k\u0131\u015f\u0131, di\u011fer yandan neo-liberal politikalar\u0131n sonu\u00e7lar\u0131n\u0131n izlenmeye ba\u015flad\u0131\u011f\u0131 ve e\u015fitsizliklerin, \u00f6zellikle yoksulluk sorununun, h\u00e2kim iktisat politikas\u0131 uygulay\u0131c\u0131lar\u0131 taraf\u0131ndan da kabul edildi\u011fi ve \u00e7\u00f6z\u00fcm \u00f6nerileri ile harekete ge\u00e7ildi\u011fi y\u0131llard\u0131r. Sosyalist Blok\u2019un da\u011f\u0131lmas\u0131n\u0131n ard\u0131ndan, ba\u015fta demir perde \u00fclkeleri olmak \u00fczere \u00f6zg\u00fcrl\u00fck taleplerinin giderek yayg\u0131nla\u015fmas\u0131, internet sayesinde d\u00fcnya genelinde bilgi ve haber payla\u015f\u0131m\u0131n\u0131n \u00f6nceki d\u00f6nemlerde hayal edilemeyecek d\u00fczeylere \u00e7\u0131kmas\u0131, d\u00f6nemin sonunda yeni bir biny\u0131l\u0131n ba\u015flayacak olmas\u0131n\u0131n getirdi\u011fi umutlar\u2026 K\u00fcreselle\u015fme olarak adland\u0131r\u0131lan d\u00f6nemin T\u00fcrkiye\u2019deki yans\u0131malar\u0131, karma\u015fa ve istikrars\u0131zl\u0131kt\u0131r. 90\u2019l\u0131 Y\u0131llarda T\u00fcrkiye\u2019de; art arda ya\u015fanan politik ve ekonomik krizler, suikastler, siyaset yasakl\u0131 politikac\u0131lar\u0131n yeniden sahneye \u00e7\u0131kmas\u0131, 12 Eyl\u00fcl Askeri Darbesi\u2019nin yaratt\u0131\u011f\u0131 vesayet ortam\u0131n\u0131n ilk kez tart\u0131\u015fmaya a\u00e7\u0131lmas\u0131, siyasette \u0130slami kesimin y\u00fckseli\u015fi, IMF ile imzalanan stand-by anla\u015fmalar\u0131 vb. durumlarla olu\u015fan g\u00fcndem nedeniyle \u00e7\u0131k\u0131\u015fs\u0131zl\u0131k\/alternatifsizlik s\u00f6ylemleri\u2026 Farkl\u0131 ciltlerden olu\u015fan bu kitap dizisi, modernizme ve modernizmin T\u00fcrkiye\u2019ye yans\u0131malar\u0131na ili\u015fkin disiplinler aras\u0131 kolektif bir \u00e7abayla, ortak bir kavray\u0131\u015f geli\u015ftirmeye \u00e7al\u0131\u015fmakta ve T\u00fcrkiye tarihini \u201cmodernizm\u201d \u00fczerinden yeniden tart\u0131\u015fmaktad\u0131r. \u201cModernizmin Yans\u0131malar\u0131\u201d serisinin d\u00f6rd\u00fcnc\u00fc cildinde, d\u00fcnyadaki geli\u015fmeler \u0131\u015f\u0131\u011f\u0131nda T\u00fcrkiye\u2019de \u201cmodernle\u015fme\u201dnin nas\u0131l ba\u015fkala\u015ft\u0131\u011f\u0131, ele al\u0131nan d\u00f6nemde kendine \u00f6zg\u00fc ne t\u00fcr farkl\u0131 nitelikler kazand\u0131\u011f\u0131 incelenmektedir. <\/p>\n","protected":false},"excerpt":{"rendered":"<p>T\u00fcrkiye\u2019nin Modernizm ser\u00fcvenini, farkl\u0131 disiplinleri bir araya getirerek \u00fclkenin ge\u00e7irdi\u011fi s\u00fcre\u00e7leri ve olaylar\u0131 \u00f6zg\u00fcn bi\u00e7imde anlatan MODERN\u0130ZM\u0130N YANSIMALARI serisinin d\u00f6rd\u00fcnc\u00fc kitab\u0131 Modernizmin Yans\u0131malar\u0131: 90\u2019l\u0131 Y\u0131llarda T\u00fcrkiye.<span class=\"excerpt-hellip\"> [\u2026]<\/span><\/p>\n","protected":false},"featured_media":0,"template":"","meta":{"_monsterinsights_skip_tracking":false,"_monsterinsights_sitenote_active":false,"_monsterinsights_sitenote_note":"","_monsterinsights_sitenote_category":0},"product_brand":[],"product_cat":[13772,12364],"product_tag":[],"class_list":{"0":"post-711733","1":"product","2":"type-product","3":"status-publish","5":"product_cat-basvuru-kitaplari","6":"product_cat-genel-konular","7":"pa_cilt-ciltsiz","8":"pa_tur-kitap","9":"pa_yayinevi-efil-yayinevi","10":"pa_yazar-kollektif","12":"first","13":"instock","14":"sale","15":"shipping-taxable","16":"purchasable","17":"product-type-simple"},"_links":{"self":[{"href":"https:\/\/roveyayinevi.com.tr\/index.php\/wp-json\/wp\/v2\/product\/711733","targetHints":{"allow":["GET"]}}],"collection":[{"href":"https:\/\/roveyayinevi.com.tr\/index.php\/wp-json\/wp\/v2\/product"}],"about":[{"href":"https:\/\/roveyayinevi.com.tr\/index.php\/wp-json\/wp\/v2\/types\/product"}],"wp:attachment":[{"href":"https:\/\/roveyayinevi.com.tr\/index.php\/wp-json\/wp\/v2\/media?parent=711733"}],"wp:term":[{"taxonomy":"product_brand","embeddable":true,"href":"https:\/\/roveyayinevi.com.tr\/index.php\/wp-json\/wp\/v2\/product_brand?post=711733"},{"taxonomy":"product_cat","embeddable":true,"href":"https:\/\/roveyayinevi.com.tr\/index.php\/wp-json\/wp\/v2\/product_cat?post=711733"},{"taxonomy":"product_tag","embeddable":true,"href":"https:\/\/roveyayinevi.com.tr\/index.php\/wp-json\/wp\/v2\/product_tag?post=711733"}],"curies":[{"name":"wp","href":"https:\/\/api.w.org\/{rel}","templated":true}]}}