{"id":711667,"date":"2025-08-27T16:48:15","date_gmt":"2025-08-27T13:48:15","guid":{"rendered":"https:\/\/roveyayinevi.com.tr\/index.php\/urun\/klasik-gitar-kolay-egitim-metodu\/"},"modified":"2026-04-16T02:20:29","modified_gmt":"2026-04-15T23:20:29","slug":"klasik-gitar-kolay-egitim-metodu","status":"publish","type":"product","link":"https:\/\/roveyayinevi.com.tr\/index.php\/urun\/klasik-gitar-kolay-egitim-metodu\/","title":{"rendered":"Klasik Gitar Kolay E\u011fitim Metodu"},"content":{"rendered":"<p>Klasik Gitar Kolay E\u011fitim Metodu B\u00dcLENT \u0130\u015eB\u0130LEN    2000 y\u0131l\u0131nda Gazi \u00dcniversitesi E\u011fitim Fak\u00fcltesi M\u00fczik \u00d6\u011fretmenli\u011fi B\u00f6l\u00fcm\u00fcnde lisans e\u011fitimini tamamlad\u0131. 2005 y\u0131l\u0131nda Hacettepe \u00dcniversitesi \u0130lk\u00f6\u011fretim B\u00f6l\u00fcm\u00fc Okul \u00d6ncesi E\u011fitimi Anabilim Dal\u0131ndan y\u00fcksek lisans derecesi almaya hak kazand\u0131. 2002-2005 y\u0131llar\u0131 aras\u0131nda Hacettepe \u00dcniversitesi Beytepe Anaokulunda m\u00fczik \u00f6\u011fretmenli\u011fi yapt\u0131. 2002-2007 y\u0131llar\u0131 aras\u0131nda GATA G\u00fclhane Sa\u011fl\u0131k Vakf\u0131 \u00d6zel E\u011fitim Okulunda ve \u00e7e\u015fitli \u00f6zel okul \u00f6ncesi kurumlar\u0131nda m\u00fczik \u00f6\u011fretmenli\u011fi yapt\u0131. 2003-2008 y\u0131llar\u0131 aras\u0131nda GATA G\u00fclhane Sa\u011fl\u0131k Vakf\u0131 \u00d6zel E\u011fitim Okulunda m\u00fczik e\u011fitimi ve m\u00fczik terapisi \u00fczerine \u00e7al\u0131\u015fmalar y\u00fcr\u00fctt\u00fc. 2008-2010 y\u0131llar\u0131 aras\u0131nda \u00d6zel Bilkent Lisesinde m\u00fczik \u00f6\u011fretmeni olarak \u00e7al\u0131\u015ft\u0131. 2010-2014 y\u0131llar\u0131 aras\u0131nda \u0130\u015fbilen Yay\u0131nlar\u2019\u0131nda; 2014-2015 y\u0131llar\u0131 aras\u0131nda ise \u0130\u015fbilen Sanat Merkezi\u2019nde \u00e7al\u0131\u015fmalar\u0131n\u0131 devam ettirdi. 2014 y\u0131l\u0131ndan bu yana Ankara Otizm Vakf\u0131nda m\u00fczik e\u011fitimi ve m\u00fczik terapisi \u00fczerine \u00e7al\u0131\u015fmalar yap\u0131yor. 2016 y\u0131l\u0131ndan beri ise SER\u00c7EV\u2019de (Serebral Palsili \u00c7ocuklar Derne\u011fi) koro \u015fefli\u011fi yapmaktad\u0131r.   G\u00dcRAY DEM\u0130R Gitar e\u011fitimine 1996 y\u0131l\u0131nda Murat \u0130\u015fbilen\u2019den klasik gitar e\u011fitimi alarak ba\u015flad\u0131. 1998-2000 y\u0131llar\u0131 aras\u0131nda tiyatrolar i\u00e7in oyun m\u00fczikleri yapt\u0131. M\u00fczik e\u011fitiminde ba\u015flad\u0131\u011f\u0131 \u00c7a\u011fda\u015f Sanat Merkezi\u2019nde klasik gitar e\u011fitmeni olarak 2009 y\u0131l\u0131na kadar \u00e7al\u0131\u015ft\u0131. Gitar konusundaki \u00e7al\u0131\u015fmalar\u0131na Murat \u0130\u015fbilen\u2019den Flamenko gitar derslerini de ekleyerek bu tarz\u0131 \u00f6\u011frenmeye ba\u015flad\u0131. Mavi Siyah Flamenko Toplulu\u011fu\u2019yla birlikte T\u00fcrkiye\u2019nin \u00e7e\u015fitli yerlerinde sahne ald\u0131 ve bu grubun ilk alb\u00fcm\u00fcne katk\u0131da bulundu. Murat \u0130\u015fbilen\u2019in beste ve d\u00fczenlemelerini i\u00e7eren bir repertuara sahip Murat \u0130\u015fbilen Ensemble grubuyla konserler verdi ve grubun \u201cD\u00fc\u015fler\u201d alb\u00fcm\u00fcnde yer ald\u0131. <\/p>\n","protected":false},"excerpt":{"rendered":"<p>Klasik Gitar Kolay E\u011fitim Metodu B\u00dcLENT \u0130\u015eB\u0130LEN 2000 y\u0131l\u0131nda Gazi \u00dcniversitesi E\u011fitim Fak\u00fcltesi M\u00fczik \u00d6\u011fretmenli\u011fi B\u00f6l\u00fcm\u00fcnde lisans e\u011fitimini tamamlad\u0131. 2005 y\u0131l\u0131nda Hacettepe \u00dcniversitesi \u0130lk\u00f6\u011fretim B\u00f6l\u00fcm\u00fc Okul<span class=\"excerpt-hellip\"> [\u2026]<\/span><\/p>\n","protected":false},"featured_media":0,"template":"","meta":{"_monsterinsights_skip_tracking":false,"_monsterinsights_sitenote_active":false,"_monsterinsights_sitenote_note":"","_monsterinsights_sitenote_category":0},"product_brand":[],"product_cat":[12274,12649],"product_tag":[],"class_list":{"0":"post-711667","1":"product","2":"type-product","3":"status-publish","5":"product_cat-cocuk-ve-genclik-kitaplari","6":"product_cat-hobi-muzik","7":"pa_cilt-ciltsiz","8":"pa_tur-kitap","9":"pa_yayinevi-arkadas-yayinlari-muzik-kitaplari","10":"pa_yazar-bulent-isbilen-guray-demir","12":"first","13":"instock","14":"sale","15":"shipping-taxable","16":"purchasable","17":"product-type-simple"},"_links":{"self":[{"href":"https:\/\/roveyayinevi.com.tr\/index.php\/wp-json\/wp\/v2\/product\/711667","targetHints":{"allow":["GET"]}}],"collection":[{"href":"https:\/\/roveyayinevi.com.tr\/index.php\/wp-json\/wp\/v2\/product"}],"about":[{"href":"https:\/\/roveyayinevi.com.tr\/index.php\/wp-json\/wp\/v2\/types\/product"}],"wp:attachment":[{"href":"https:\/\/roveyayinevi.com.tr\/index.php\/wp-json\/wp\/v2\/media?parent=711667"}],"wp:term":[{"taxonomy":"product_brand","embeddable":true,"href":"https:\/\/roveyayinevi.com.tr\/index.php\/wp-json\/wp\/v2\/product_brand?post=711667"},{"taxonomy":"product_cat","embeddable":true,"href":"https:\/\/roveyayinevi.com.tr\/index.php\/wp-json\/wp\/v2\/product_cat?post=711667"},{"taxonomy":"product_tag","embeddable":true,"href":"https:\/\/roveyayinevi.com.tr\/index.php\/wp-json\/wp\/v2\/product_tag?post=711667"}],"curies":[{"name":"wp","href":"https:\/\/api.w.org\/{rel}","templated":true}]}}