{"id":711601,"date":"2025-08-27T16:47:34","date_gmt":"2025-08-27T13:47:34","guid":{"rendered":"https:\/\/roveyayinevi.com.tr\/index.php\/urun\/okul-sosyal-hizmeti-bir-uygulama-kilavuzu\/"},"modified":"2026-04-16T02:20:27","modified_gmt":"2026-04-15T23:20:27","slug":"okul-sosyal-hizmeti-bir-uygulama-kilavuzu","status":"publish","type":"product","link":"https:\/\/roveyayinevi.com.tr\/index.php\/urun\/okul-sosyal-hizmeti-bir-uygulama-kilavuzu\/","title":{"rendered":"Okul Sosyal Hizmeti \/ Bir Uygulama K\u0131lavuzu"},"content":{"rendered":"<p>Son y\u0131llarda \u00e7ocuklarla ilgili konular, t\u00fcm d\u00fcnyada ve T\u00fcrkiye\u2019de yaz\u0131l\u0131 ve g\u00f6rsel bas\u0131n\u0131n g\u00fcndeminden d\u00fc\u015fmemektedir. \u00c7ocuk ve gen\u00e7lik sorunlar\u0131n\u0131n niteli\u011fi ve \u00e7e\u015fitlili\u011fine bak\u0131ld\u0131\u011f\u0131nda, d\u00fcnyada ve \u00fclkemizde g\u00f6\u00e7, zorbal\u0131k, \u015fiddet, istismar, sigara kullan\u0131m\u0131, madde ba\u011f\u0131ml\u0131l\u0131\u011f\u0131 gibi risk fakt\u00f6rlerinin artmas\u0131n\u0131n \u00e7ocuklar\u0131n psiko-sosyal geli\u015fimlerini olumsuz y\u00f6nde etkiledi\u011fi g\u00f6r\u00fclmektedir. Okul, \u00e7ocuklar\u0131n korunakl\u0131 yuvalar\u0131ndan \u00e7\u0131k\u0131p toplum i\u00e7ine girdikleri ilk yerdir ve \u00e7ocuklar\u0131n ailelerinden sonra ilk formel sosyalle\u015fme ortam\u0131d\u0131r. Geli\u015fim d\u00f6neminde adeta bir kriz olan bu durumun yarataca\u011f\u0131 ruhsal ve sosyal sorunlar i\u00e7in \u00e7ocuk desteklenmelidir. \u00c7ocukluk d\u00f6nemi sa\u011fl\u0131kl\u0131 al\u0131\u015fkanl\u0131klar\u0131n\u0131n geli\u015ftirilmesi i\u00e7in de uygun bir d\u00f6nemdir. Okul sosyal hizmeti, sosyal hizmet mesle\u011finin geni\u015f uygulama yelpazesi i\u00e7erisinde \u00f6zel bir uygulama alan\u0131d\u0131r. Okul sosyal hizmeti zorunlu e\u011fitimin getirilmesinden sonra \u00f6\u011frencilerin temel \u00e7ocuk haklar\u0131ndan biri olan e\u011fitim hakk\u0131ndan e\u015fit bir bi\u00e7imde faydalanmas\u0131 ve bu e\u011fitim ve \u00f6\u011frenme haklar\u0131 \u00f6n\u00fcndeki t\u00fcm engellerin ortadan kald\u0131r\u0131lmas\u0131n\u0131 kapsar. Okulun, aile ve toplumla i\u015fbirli\u011finin geli\u015ftirilmesinde rol alan okul sosyal hizmet uzman\u0131, ekolojik sistem perspektifinden hareketle \u00f6\u011frencilerin en y\u00fcksek iyilik halini hedefler. Bu kitap T\u00fcrkiye\u2019de ivedilikle ba\u015flat\u0131lmas\u0131na ihtiya\u00e7 duyulan okul sosyal hizmeti alan\u0131nda yay\u0131mlanan ikinci kitap olmakla birlikte, okul sosyal hizmet uygulamalar\u0131n\u0131 anlatan ilk kitap olma \u00f6zelli\u011fi ta\u015f\u0131maktad\u0131r. Bu \u00e7al\u0131\u015fma ile okul sosyal hizmet uygulamas\u0131 \u00f6rnekleri somut olarak g\u00f6sterilmeye \u00e7al\u0131\u015f\u0131lm\u0131\u015ft\u0131r. Ayn\u0131 zamanda okulda \u00e7al\u0131\u015facak sosyal hizmet uzmanlar\u0131na bir uygulama k\u0131lavuzu olarak haz\u0131rlanan bu kitab\u0131n; okul sosyal hizmeti uzmanlar\u0131, okul personeli, okul y\u00f6neticileri, politika yap\u0131c\u0131lar\u0131 ve di\u011fer okuyucu kitlesine faydal\u0131 olmas\u0131 umut edilmektedir. <\/p>\n","protected":false},"excerpt":{"rendered":"<p>Son y\u0131llarda \u00e7ocuklarla ilgili konular, t\u00fcm d\u00fcnyada ve T\u00fcrkiye\u2019de yaz\u0131l\u0131 ve g\u00f6rsel bas\u0131n\u0131n g\u00fcndeminden d\u00fc\u015fmemektedir. \u00c7ocuk ve gen\u00e7lik sorunlar\u0131n\u0131n niteli\u011fi ve \u00e7e\u015fitlili\u011fine bak\u0131ld\u0131\u011f\u0131nda, d\u00fcnyada ve \u00fclkemizde<span class=\"excerpt-hellip\"> [\u2026]<\/span><\/p>\n","protected":false},"featured_media":0,"template":"","meta":{"_monsterinsights_skip_tracking":false,"_monsterinsights_sitenote_active":false,"_monsterinsights_sitenote_note":"","_monsterinsights_sitenote_category":0},"product_brand":[],"product_cat":[15351,15350],"product_tag":[],"class_list":{"0":"post-711601","1":"product","2":"type-product","3":"status-publish","5":"product_cat-ders-kitaplari","6":"product_cat-hukuk","7":"pa_cilt-ciltsiz","8":"pa_tur-kitap","9":"pa_yayinevi-nika-yayinevi","10":"pa_yazar-jo-ann-jarolmen","12":"first","13":"instock","14":"sale","15":"shipping-taxable","16":"purchasable","17":"product-type-simple"},"_links":{"self":[{"href":"https:\/\/roveyayinevi.com.tr\/index.php\/wp-json\/wp\/v2\/product\/711601","targetHints":{"allow":["GET"]}}],"collection":[{"href":"https:\/\/roveyayinevi.com.tr\/index.php\/wp-json\/wp\/v2\/product"}],"about":[{"href":"https:\/\/roveyayinevi.com.tr\/index.php\/wp-json\/wp\/v2\/types\/product"}],"wp:attachment":[{"href":"https:\/\/roveyayinevi.com.tr\/index.php\/wp-json\/wp\/v2\/media?parent=711601"}],"wp:term":[{"taxonomy":"product_brand","embeddable":true,"href":"https:\/\/roveyayinevi.com.tr\/index.php\/wp-json\/wp\/v2\/product_brand?post=711601"},{"taxonomy":"product_cat","embeddable":true,"href":"https:\/\/roveyayinevi.com.tr\/index.php\/wp-json\/wp\/v2\/product_cat?post=711601"},{"taxonomy":"product_tag","embeddable":true,"href":"https:\/\/roveyayinevi.com.tr\/index.php\/wp-json\/wp\/v2\/product_tag?post=711601"}],"curies":[{"name":"wp","href":"https:\/\/api.w.org\/{rel}","templated":true}]}}