{"id":711515,"date":"2025-08-27T16:46:44","date_gmt":"2025-08-27T13:46:44","guid":{"rendered":"https:\/\/roveyayinevi.com.tr\/index.php\/urun\/dogu-kaynaklarindan-hashasilerin-esrarli-tarihi\/"},"modified":"2026-04-16T02:19:56","modified_gmt":"2026-04-15T23:19:56","slug":"dogu-kaynaklarindan-hashasilerin-esrarli-tarihi","status":"publish","type":"product","link":"https:\/\/roveyayinevi.com.tr\/index.php\/urun\/dogu-kaynaklarindan-hashasilerin-esrarli-tarihi\/","title":{"rendered":"Do\u011fu Kaynaklar\u0131ndan Ha\u015fha\u015filerin Esrarl\u0131 Tarihi"},"content":{"rendered":"<p>Ya\u015fad\u0131klar\u0131m\u0131z\u0131n ger\u00e7e\u011fine neden bir t\u00fcrl\u00fc eri\u015femiyoruz? Neden ger\u00e7ek, ya\u015fad\u0131\u011f\u0131m\u0131z d\u00fcnyada \u0131\u015f\u0131mas\u0131yla kararmas\u0131 bir olanbir foto\u011fraf filmine d\u00f6n\u00fc\u015ft\u00fc? Bu ger\u00e7e\u011fin k\u0131r\u0131lgan tabiat\u0131ndan m\u0131 yoksa ya\u015fad\u0131\u011f\u0131m\u0131z d\u00fcnyan\u0131n ger\u00e7e\u011fe giderek kendinikapatan karanl\u0131k ahvalinden mi ileri geliyor?Bu sorular menziline do\u011fru ne kadar \u00e7atallan\u0131rsa \u00e7atallans\u0131n \u015furas\u0131 kesin: Ya\u015fad\u0131klar\u0131m\u0131zda ister dert edinmedi\u011fimiz isterpe\u015fine d\u00fc\u015f\u00fcp yeter sebatla takip etmedi\u011fimiz i\u00e7in eri\u015femedi\u011fimiz ger\u00e7ek biz istesek de bizim pe\u015fimizi b\u0131rakm\u0131yor:Bir \u00fclkenin d\u00fczl\u00fc\u011f\u00fcne d\u00fcn da\u011fl\u0131k b\u00f6lgeler ve bu sonuncular\u0131na da i\u00e7ine da\u011f\u0131lm\u0131\u015f kaleler veya m\u00fcstahkem mevkilerh\u00fckmederdi. D\u00fcn buralara ha\u015fin dincilik ve sofuluk perdesi alt\u0131nda \u201cHakikat diye bir \u015fey yok, her \u015fey mubah\u201d yaygaras\u0131yla\u2018ibahiye\u2019 sanca\u011f\u0131n\u0131n alt\u0131nda toplananlar yuvalan\u0131yordu. Buralar\u0131n cebir veya hileyle efendileri olmak, devlet i\u00e7erisinde devletolarak varl\u0131klar\u0131n\u0131 s\u00fcrd\u00fcrmek bunlar\u0131n temel siyasi hedefiydi. Bu hedeflerine ba\u011fl\u0131lar\u0131n\u0131n k\u00f6r itaat ve ba\u011fnaz fedaili\u011fisayesinde krallar\u0131 desise veya korku ile deh\u015fete d\u00fc\u015f\u00fcrmek, d\u00fc\u015fmanlar\u0131na kar\u015f\u0131 katillerin eline silah vermek suretiyleula\u015f\u0131yorlard\u0131.Bug\u00fcn bu m\u00fcstahkem mevkilere kimler, hangi siyasi maksatlarla yuvalan\u0131yor? D\u00fcn\u00fcn \u2018ibahiye\u2019sinin yerini bug\u00fcn kim, hangisloganlarla al\u0131yor? Bu sloganlar nerede, hangi eller taraf\u0131ndan haz\u0131rlan\u0131p tedav\u00fcle sokuluyor? D\u00fcn ba\u015f\u0131m\u0131za gelenleringer\u00e7e\u011fini ayd\u0131nlatmadan bug\u00fcn ba\u015f\u0131m\u0131za gelenleri anlayamay\u0131z.Kitap bu ve benzeri sorular\u0131 bir istikamet \u00fczere d\u00fc\u015f\u00fcnd\u00fcrmenin yan\u0131 s\u0131ra gizli cemiyetlerin zay\u0131f h\u00fck\u00fcmetlerde tehlikeli hatta\u00f6l\u00fcmc\u00fcl tesirinin canl\u0131 bir tablosunu ortaya koyup dinin dizginsiz ihtiras\u0131n emellerine korkun\u00e7 yatakl\u0131\u011f\u0131n\u0131n ikna edici tasvirinisunmaktad\u0131r. <\/p>\n","protected":false},"excerpt":{"rendered":"<p>Ya\u015fad\u0131klar\u0131m\u0131z\u0131n ger\u00e7e\u011fine neden bir t\u00fcrl\u00fc eri\u015femiyoruz? Neden ger\u00e7ek, ya\u015fad\u0131\u011f\u0131m\u0131z d\u00fcnyada \u0131\u015f\u0131mas\u0131yla kararmas\u0131 bir olanbir foto\u011fraf filmine d\u00f6n\u00fc\u015ft\u00fc? Bu ger\u00e7e\u011fin k\u0131r\u0131lgan tabiat\u0131ndan m\u0131 yoksa ya\u015fad\u0131\u011f\u0131m\u0131z d\u00fcnyan\u0131n ger\u00e7e\u011fe<span class=\"excerpt-hellip\"> [\u2026]<\/span><\/p>\n","protected":false},"featured_media":0,"template":"","meta":{"_monsterinsights_skip_tracking":false,"_monsterinsights_sitenote_active":false,"_monsterinsights_sitenote_note":"","_monsterinsights_sitenote_category":0},"product_brand":[],"product_cat":[12370,12304],"product_tag":[],"class_list":{"0":"post-711515","1":"product","2":"type-product","3":"status-publish","5":"product_cat-arastirma-inceleme","6":"product_cat-tarih","7":"pa_cilt-ciltsiz","8":"pa_tur-kitap","9":"pa_yayinevi-say-yayinlari","10":"pa_yazar-joseph-von-hammer","12":"first","13":"instock","14":"sale","15":"shipping-taxable","16":"purchasable","17":"product-type-simple"},"_links":{"self":[{"href":"https:\/\/roveyayinevi.com.tr\/index.php\/wp-json\/wp\/v2\/product\/711515","targetHints":{"allow":["GET"]}}],"collection":[{"href":"https:\/\/roveyayinevi.com.tr\/index.php\/wp-json\/wp\/v2\/product"}],"about":[{"href":"https:\/\/roveyayinevi.com.tr\/index.php\/wp-json\/wp\/v2\/types\/product"}],"wp:attachment":[{"href":"https:\/\/roveyayinevi.com.tr\/index.php\/wp-json\/wp\/v2\/media?parent=711515"}],"wp:term":[{"taxonomy":"product_brand","embeddable":true,"href":"https:\/\/roveyayinevi.com.tr\/index.php\/wp-json\/wp\/v2\/product_brand?post=711515"},{"taxonomy":"product_cat","embeddable":true,"href":"https:\/\/roveyayinevi.com.tr\/index.php\/wp-json\/wp\/v2\/product_cat?post=711515"},{"taxonomy":"product_tag","embeddable":true,"href":"https:\/\/roveyayinevi.com.tr\/index.php\/wp-json\/wp\/v2\/product_tag?post=711515"}],"curies":[{"name":"wp","href":"https:\/\/api.w.org\/{rel}","templated":true}]}}