{"id":711487,"date":"2025-08-27T16:46:27","date_gmt":"2025-08-27T13:46:27","guid":{"rendered":"https:\/\/roveyayinevi.com.tr\/index.php\/urun\/mevsimlerin-renkleri-kirmizi-kis-kitabim-cocuk\/"},"modified":"2025-11-06T04:30:06","modified_gmt":"2025-11-06T01:30:06","slug":"mevsimlerin-renkleri-kirmizi-kis-kitabim-cocuk","status":"publish","type":"product","link":"https:\/\/roveyayinevi.com.tr\/index.php\/urun\/mevsimlerin-renkleri-kirmizi-kis-kitabim-cocuk\/","title":{"rendered":"Mevsimlerin Renkleri &#8211; K\u0131rm\u0131z\u0131 K\u0131\u015f Kitab\u0131m \u00e7ocuk"},"content":{"rendered":"<p>K\u0131rm\u0131z\u0131 K\u0131\u015f Kitab\u0131m   Hava \u00e7ok so\u011fuk olur. Da\u011flara kar ya\u011far, yapraklar\u0131 d\u00f6k\u00fclen a\u011fa\u00e7lar \u00e7\u0131r\u0131l\u00e7\u0131plak kal\u0131r. \u0130\u015fte o zaman k\u0131\u015f gelmi\u015f demektir!   Bay Hava Durumu havan\u0131n neden bazen b\u00f6ylesine so\u011fuk oldu\u011funu, kar tanelerinin nas\u0131l olu\u015ftu\u011funu, a\u011fa\u00e7lar\u0131n yapraklar\u0131n\u0131n neden d\u00f6kt\u00fc\u011f\u00fcn\u00fc merak ediyor. K\u0131rm\u0131z\u0131 K\u0131\u015f Kitab\u0131m sayesinde yeni ke\u015fifler yapacak ve mevsimler hakk\u0131nda edindi\u011fi yeni bilgilerle biraz daha b\u00fcy\u00fclenecek! <\/p>\n","protected":false},"excerpt":{"rendered":"<p>K\u0131rm\u0131z\u0131 K\u0131\u015f Kitab\u0131m Hava \u00e7ok so\u011fuk olur. Da\u011flara kar ya\u011far, yapraklar\u0131 d\u00f6k\u00fclen a\u011fa\u00e7lar \u00e7\u0131r\u0131l\u00e7\u0131plak kal\u0131r. \u0130\u015fte o zaman k\u0131\u015f gelmi\u015f demektir! Bay Hava Durumu havan\u0131n neden<span class=\"excerpt-hellip\"> [\u2026]<\/span><\/p>\n","protected":false},"featured_media":0,"template":"","meta":{"_monsterinsights_skip_tracking":false,"_monsterinsights_sitenote_active":false,"_monsterinsights_sitenote_note":"","_monsterinsights_sitenote_category":0},"product_brand":[],"product_cat":[13829,12274],"product_tag":[],"class_list":{"0":"post-711487","1":"product","2":"type-product","3":"status-publish","5":"product_cat-bilimsel-kitaplar","6":"product_cat-cocuk-ve-genclik-kitaplari","7":"pa_cilt-ciltsiz","8":"pa_tur-kitap","9":"pa_yayinevi-1001-cicek-kitaplar","10":"pa_yazar-sophie-coucharriere","12":"first","13":"instock","14":"sale","15":"shipping-taxable","16":"purchasable","17":"product-type-simple"},"_links":{"self":[{"href":"https:\/\/roveyayinevi.com.tr\/index.php\/wp-json\/wp\/v2\/product\/711487","targetHints":{"allow":["GET"]}}],"collection":[{"href":"https:\/\/roveyayinevi.com.tr\/index.php\/wp-json\/wp\/v2\/product"}],"about":[{"href":"https:\/\/roveyayinevi.com.tr\/index.php\/wp-json\/wp\/v2\/types\/product"}],"wp:attachment":[{"href":"https:\/\/roveyayinevi.com.tr\/index.php\/wp-json\/wp\/v2\/media?parent=711487"}],"wp:term":[{"taxonomy":"product_brand","embeddable":true,"href":"https:\/\/roveyayinevi.com.tr\/index.php\/wp-json\/wp\/v2\/product_brand?post=711487"},{"taxonomy":"product_cat","embeddable":true,"href":"https:\/\/roveyayinevi.com.tr\/index.php\/wp-json\/wp\/v2\/product_cat?post=711487"},{"taxonomy":"product_tag","embeddable":true,"href":"https:\/\/roveyayinevi.com.tr\/index.php\/wp-json\/wp\/v2\/product_tag?post=711487"}],"curies":[{"name":"wp","href":"https:\/\/api.w.org\/{rel}","templated":true}]}}