{"id":711388,"date":"2025-08-27T16:44:56","date_gmt":"2025-08-27T13:44:56","guid":{"rendered":"https:\/\/roveyayinevi.com.tr\/index.php\/urun\/uranyum-ugruna-egede-terkedilmis-uranyum-madenleri\/"},"modified":"2026-04-16T02:19:53","modified_gmt":"2026-04-15T23:19:53","slug":"uranyum-ugruna-egede-terkedilmis-uranyum-madenleri","status":"publish","type":"product","link":"https:\/\/roveyayinevi.com.tr\/index.php\/urun\/uranyum-ugruna-egede-terkedilmis-uranyum-madenleri\/","title":{"rendered":"Uranyum U\u011fruna &#8211; Ege\u2019de Terkedilmi\u015f Uranyum Madenleri"},"content":{"rendered":"<p>Kitap Tan\u0131t\u0131m Yaz\u0131s\u0131 :   T\u00fcrkiye&#8217;nin n\u00fckleer enerji sevdas\u0131 yeni de\u011fil. \u00dclkemizde, bundan 40 y\u0131l \u00f6nce de n\u00fckleer enerji \u00fcretimi i\u00e7in temel gereksinim olan uranyum madencili\u011fi yap\u0131ld\u0131. N\u00fckleer yak\u0131t hammaddesi olan &#8220;Yellow Cake &#8211; Sar\u0131 Pasta&#8221; \u00fcretildi. MTA taraf\u0131ndan tespit edilen bir\u00e7ok noktada uranyum rezervinin belirlenmesine d\u00f6n\u00fck sondajlar ger\u00e7ekle\u015ftirildi.   Elinizdeki kitap T\u00fcrkiye&#8217;deki n\u00fckleer enerji sevdas\u0131n\u0131n hemen hi\u00e7 bilinmeyen bir y\u00f6n\u00fcn\u00fc irdeliyor. Yakla\u015f\u0131k 40 y\u0131l \u00f6nce, Ege B\u00f6lgesinin iki farkl\u0131 yerinde ger\u00e7ekle\u015ftirilen uranyum madencili\u011fi ve sondajlar\u0131n\u0131 ele al\u0131yor. Uranyum madencili\u011fi sonras\u0131 hi\u00e7bir \u00f6nlem al\u0131nmadan terk edilen bu yerlerdeki \u00e7evre ve sa\u011fl\u0131k sorunlar\u0131na e\u011filiyor. Adlar\u0131 &#8220;kanser k\u00f6y&#8217;e \u00e7\u0131kan bu yerlerdeki yo\u011fun kanser oranlar\u0131n\u0131n uranyum madencili\u011finden mi kaynakland\u0131\u011f\u0131 sorular\u0131n\u0131 ortaya at\u0131yor.   Kitapta anlat\u0131lanlar hem yetkili makamda oturanlar\u0131n hem de t\u00fcm yurtta\u015flar\u0131n ister istemez \u015fu soruyu d\u00fc\u015f\u00fcnmesine yol a\u00e7\u0131yor; &#8220;\u00dc\u00e7 hatta be\u015f n\u00fckleer santral kurma, n\u00fckleer silaha sahip olma sevdas\u0131ndaki bir \u00fclke daha 40 y\u0131l \u00f6nceki uranyum madencili\u011finin yol a\u00e7t\u0131\u011f\u0131 sorunlarla ba\u015f edemezken, yap\u0131lacak n\u00fckleer santralleri nas\u0131l i\u015fletecek&#8221;?   \u00d6zer Akdemir, Ege&#8217;de yap\u0131lan uranyum madencili\u011finin unutturulan ger\u00e7eklerine \u0131\u015f\u0131k tutuyor. G\u00f6rmezden gelinen bilimsel ger\u00e7ekler, adlar\u0131 kanserle yan yana an\u0131lan g\u00fczelim Ege K\u00f6yleri&#8230;   Kitapta, 40 y\u0131l \u00f6nce hoyrat\u00e7a kirletilip hi\u00e7bir \u00f6nlem al\u0131nmadan terk edilen do\u011fan\u0131n bu umars\u0131zl\u0131\u011fa kar\u015f\u0131 ac\u0131mas\u0131z tepkisi anlat\u0131l\u0131yor. Devlet kurumlar\u0131n\u0131n hi\u00e7bir sorumluluk kabul etmedi\u011fi bir konuda, topra\u011f\u0131, suyu, havas\u0131 kirletilmi\u015f, t\u00fcrl\u00fc hastal\u0131klarla bo\u011fu\u015fmak zorunda olan Kisir ve Kasar K\u00f6yl\u00fclerinin h\u00fcz\u00fcnl\u00fc \u00f6yk\u00fcs\u00fc i\u00e7inizi ac\u0131tacak!            \u00d6zer Akdemir 1969 Nev\u015fehir Hac\u0131bekta\u015f\u2019ta do\u011fdu. \u0130lk ve orta \u00f6\u011frenimimi Kayseri de tamamlad\u0131ktan sonra Hacettepe \u00dcniversitesi E\u011fitim Fak\u00fcltesi\u2019nden 1993 y\u0131l\u0131nda mezun oldu.    Gazetecili\u011fe 1998 y\u0131l\u0131nda Evrensel Gazetesi Zonguldak muhabiri olarak ba\u015flad\u0131.   2000 y\u0131l\u0131nda gazetenin \u0130zmir b\u00fcrosunda muhabir olarak \u00e7al\u0131\u015fmaya devam etti. Bergama k\u00f6yl\u00fclerinin siyan\u00fcrl\u00fc alt\u0131n i\u015fletmesine kar\u015f\u0131 verdi\u011fi m\u00fccadelelerin haberlerini yaparak \u00e7evre gazetecili\u011fine y\u00f6neldi. Bu tarihten g\u00fcn\u00fcm\u00fcze kadar da a\u011f\u0131rl\u0131kl\u0131 olarak \u00e7evre sorunlar\u0131 ve ekoloji m\u00fccadelelerine y\u00f6nelik haberler yapt\u0131. Bergama k\u00f6yl\u00fc m\u00fccadelesi ile ilgili haberleri nedeniyle \u201cGazetecili\u011fin fikri takip ilkesine ba\u011fl\u0131l\u0131k konusunda g\u00f6sterdi\u011fi \u00e7abadan \u00f6t\u00fcr\u00fc\u201d 2003 Metin G\u00f6ktepe Gazetecilik J\u00fcri \u00d6zel \u00d6d\u00fcl\u00fcne lay\u0131k g\u00f6r\u00fcld\u00fc.   Hayat Televizyonu\u2019nda kuruldu\u011fu 2009 y\u0131l\u0131ndan 2016 y\u0131l\u0131nda KHK karar\u0131 ile kapat\u0131lana kadar \u00e7evre sorunlar\u0131 ve buna kar\u015f\u0131 verilen halk m\u00fccadelelerini konu edinen haftal\u0131k \u201c\u00c7epe\u00e7evre Ya\u015fam\u201d adl\u0131 program\u0131n\u0131n yap\u0131mc\u0131 ve sunuculu\u011funu ger\u00e7ekle\u015ftirdi.    K\u0131\u015flada\u011f Alt\u0131n Madeni \u00f6zelinde, T\u00fcrkiye\u2019de ve KKTC\u2019deki alt\u0131n madenlerinin \u00e7evre, sa\u011fl\u0131k ve toplumsal etkilerini ele alan \u201cAnadolu\u2019nun \u2018Alt\u0131n\u2019daki Tehlike\/K\u0131\u015flada\u011f\u2019a A\u011f\u0131t\u201dadl\u0131 kitab\u0131 Evrensel Bas\u0131m Yay\u0131n\u2019da 2011 Nisan ay\u0131nda yay\u0131mland\u0131.   Bergama K\u00f6yl\u00fc m\u00fccadelesinin s\u00f6n\u00fcmlenmesinde \u00f6nemli bir role sahip olan Alman Vak\u0131flar\u0131 ve d\u0131\u015f g\u00fc\u00e7ler olgusunun ard\u0131ndaki bilinmeyenlerin izini s\u00fcrd\u00fc\u011f\u00fc \u201cKuyudaki Ta\u015f\/Alman Vak\u0131flar\u0131 ve Bergama Ger\u00e7e\u011fi\u201d adl\u0131 kitab\u0131 ise Evrensel Bas\u0131m Yay\u0131n taraf\u0131ndan Kas\u0131m 2011\u2019de yay\u0131mland\u0131.   Halen Evrensel Gazetesi \u0130zmir B\u00fcrosunda muhabir olarak gazetecili\u011fe devam ediyor.   T\u00fcrkiye Gazeteciler Cemiyeti, T\u00fcrkiye Gazeteciler Sendikas\u0131 ve T\u00fcrkiye Yazarlar Sendikas\u0131 \u00fcyesi. Ege B\u00f6lgesindeki ekoloji m\u00fccadelelerinin \u00e7at\u0131 \u00f6rg\u00fct\u00fc olan Ege \u00c7evre ve K\u00fclt\u00fcr Platformu (EGE\u00c7EP)nda Y\u00fcr\u00fctme Kurulu \u00fcyeli\u011fi yap\u0131yor. <\/p>\n","protected":false},"excerpt":{"rendered":"<p>Kitap Tan\u0131t\u0131m Yaz\u0131s\u0131 : T\u00fcrkiye&#8217;nin n\u00fckleer enerji sevdas\u0131 yeni de\u011fil. \u00dclkemizde, bundan 40 y\u0131l \u00f6nce de n\u00fckleer enerji \u00fcretimi i\u00e7in temel gereksinim olan uranyum madencili\u011fi yap\u0131ld\u0131.<span class=\"excerpt-hellip\"> [\u2026]<\/span><\/p>\n","protected":false},"featured_media":0,"template":"","meta":{"_monsterinsights_skip_tracking":false,"_monsterinsights_sitenote_active":false,"_monsterinsights_sitenote_note":"","_monsterinsights_sitenote_category":0},"product_brand":[],"product_cat":[23323,12364],"product_tag":[],"class_list":{"0":"post-711388","1":"product","2":"type-product","3":"status-publish","5":"product_cat-ekoloji","6":"product_cat-genel-konular","7":"pa_cilt-ciltsiz","8":"pa_tur-kitap","9":"pa_yayinevi-yeni-insan-yayinlari","10":"pa_yazar-ozer-akdemir","12":"first","13":"instock","14":"sale","15":"shipping-taxable","16":"purchasable","17":"product-type-simple"},"_links":{"self":[{"href":"https:\/\/roveyayinevi.com.tr\/index.php\/wp-json\/wp\/v2\/product\/711388","targetHints":{"allow":["GET"]}}],"collection":[{"href":"https:\/\/roveyayinevi.com.tr\/index.php\/wp-json\/wp\/v2\/product"}],"about":[{"href":"https:\/\/roveyayinevi.com.tr\/index.php\/wp-json\/wp\/v2\/types\/product"}],"wp:attachment":[{"href":"https:\/\/roveyayinevi.com.tr\/index.php\/wp-json\/wp\/v2\/media?parent=711388"}],"wp:term":[{"taxonomy":"product_brand","embeddable":true,"href":"https:\/\/roveyayinevi.com.tr\/index.php\/wp-json\/wp\/v2\/product_brand?post=711388"},{"taxonomy":"product_cat","embeddable":true,"href":"https:\/\/roveyayinevi.com.tr\/index.php\/wp-json\/wp\/v2\/product_cat?post=711388"},{"taxonomy":"product_tag","embeddable":true,"href":"https:\/\/roveyayinevi.com.tr\/index.php\/wp-json\/wp\/v2\/product_tag?post=711388"}],"curies":[{"name":"wp","href":"https:\/\/api.w.org\/{rel}","templated":true}]}}