{"id":711351,"date":"2025-08-27T16:44:33","date_gmt":"2025-08-27T13:44:33","guid":{"rendered":"https:\/\/roveyayinevi.com.tr\/index.php\/urun\/aidiyet-ve-soykirim-hitler-toplumu-1918-1945\/"},"modified":"2026-04-16T02:19:53","modified_gmt":"2026-04-15T23:19:53","slug":"aidiyet-ve-soykirim-hitler-toplumu-1918-1945","status":"publish","type":"product","link":"https:\/\/roveyayinevi.com.tr\/index.php\/urun\/aidiyet-ve-soykirim-hitler-toplumu-1918-1945\/","title":{"rendered":"Aidiyet ve Soyk\u0131r\u0131m &#8211;  Hitler Toplumu 1918-1945"},"content":{"rendered":"<p>Holokost gibi \u00f6l\u00fcmc\u00fcl bir kitlesel katliama i\u015ftirak eden toplumsal akt\u00f6rler son derece farkl\u0131 sosyal arkaplanlara, deneyimlere, ya\u015f gruplar\u0131na ve e\u011fitim seviyelerine sahipti. Akt\u00f6rler aras\u0131 bu \u00e7e\u015fitlilik ve ge\u00e7i\u015fkenlik, asl\u0131nda bu devasa katliamlar\u0131n ve y\u0131k\u0131m olaylar\u0131n\u0131n d\u00fczenleyicisi ve birinci derecede sorumlusu olan merkezdeki devlet elitlerinin i\u015fini kolayla\u015ft\u0131ran ve bu s\u00fcre\u00e7lerde esnek koalisyonlar kurmalar\u0131na olanak sa\u011flayan bir fakt\u00f6rd\u00fc. Bu esnek koalisyonlar s\u00f6z konusu kitlesel \u015fiddet eylemlerinin uzun vadede ba\u015far\u0131yla sonu\u00e7lanmas\u0131na \u201ckatk\u0131\u201dda bulundu. Zira bu sayede merkezi devletin siyasal, askeri ve b\u00fcrokratik elitleri, planlad\u0131klar\u0131 ve uygulamaya ge\u00e7irdikleri bu \u015fiddet eylemlerinin sorumlulu\u011funu di\u011fer toplumsal kesimlere de te\u015fmil ederek bir \u00e7e\u015fit \u201csu\u00e7 ortakl\u0131\u011f\u0131\u201d in\u015fa etti. Bu su\u00e7 ortakl\u0131\u011f\u0131, ayn\u0131 zamanda in\u015fa edilmesi tahayy\u00fcl edilen yekpare kimli\u011fe (bu ulus kimlik veya etno-dinsel kimlik de olabilir) ve\/veya \u201ckutsal amaca\u201d hizmet etmek isteyen toplumsal gruplara ayn\u0131 zamanda bu yap\u0131ya entegre olma ve muayyen bir aidiyet hissine sahip olma \u201c\u015fans\u0131\u201d da verdi. Bu t\u00fcrden farkl\u0131 toplumsal gruplar ve yerel akt\u00f6rler, adeta yok edilmesi hedeflenen di\u011fer toplumsal kesimlerin y\u0131k\u0131m\u0131na destek ve \u201ckatk\u0131\u201d sa\u011flad\u0131klar\u0131 \u00f6l\u00e7\u00fcde yarat\u0131lmas\u0131 veya olu\u015fturulmas\u0131 planlanan ve niyetlenen yap\u0131ya ve\/veya kimli\u011fe ait olma hakk\u0131na kavu\u015ftular. Thomas K\u00fchne bu muazzam \u00e7al\u0131\u015fmas\u0131nda Birinci D\u00fcnya Sava\u015f\u0131\u2019ndan b\u00fcy\u00fck bir yenilgiyle \u00e7\u0131kan Almanya\u2019n\u0131n ya\u015fad\u0131\u011f\u0131 muazzam utan\u00e7 duygusunun Alman toplumu \u00fczerinde sava\u015f\u0131n a\u011f\u0131r faturas\u0131na ra\u011fmen ne derece \u00f6nemli bir aidiyet ve ba\u011fl\u0131l\u0131k hissiyat\u0131 yaratt\u0131\u011f\u0131na dikkat \u00e7ekiyor. Bu utan\u00e7 duygusunun Yahudi nefretiyle birle\u015ferek Almanlar aras\u0131ndaki ulusal bilinci daha da kuvvetlendirdi\u011fini b\u00fct\u00fcn detaylar\u0131yla ortaya koyuyor. <\/p>\n","protected":false},"excerpt":{"rendered":"<p>Holokost gibi \u00f6l\u00fcmc\u00fcl bir kitlesel katliama i\u015ftirak eden toplumsal akt\u00f6rler son derece farkl\u0131 sosyal arkaplanlara, deneyimlere, ya\u015f gruplar\u0131na ve e\u011fitim seviyelerine sahipti. Akt\u00f6rler aras\u0131 bu \u00e7e\u015fitlilik<span class=\"excerpt-hellip\"> [\u2026]<\/span><\/p>\n","protected":false},"featured_media":0,"template":"","meta":{"_monsterinsights_skip_tracking":false,"_monsterinsights_sitenote_active":false,"_monsterinsights_sitenote_note":"","_monsterinsights_sitenote_category":0},"product_brand":[],"product_cat":[12304],"product_tag":[],"class_list":{"0":"post-711351","1":"product","2":"type-product","3":"status-publish","5":"product_cat-tarih","6":"pa_cilt-ciltsiz","7":"pa_tur-kitap","8":"pa_yayinevi-heretik-yayincilik","9":"pa_yazar-thomas-kuhne","11":"first","12":"instock","13":"sale","14":"shipping-taxable","15":"purchasable","16":"product-type-simple"},"_links":{"self":[{"href":"https:\/\/roveyayinevi.com.tr\/index.php\/wp-json\/wp\/v2\/product\/711351","targetHints":{"allow":["GET"]}}],"collection":[{"href":"https:\/\/roveyayinevi.com.tr\/index.php\/wp-json\/wp\/v2\/product"}],"about":[{"href":"https:\/\/roveyayinevi.com.tr\/index.php\/wp-json\/wp\/v2\/types\/product"}],"wp:attachment":[{"href":"https:\/\/roveyayinevi.com.tr\/index.php\/wp-json\/wp\/v2\/media?parent=711351"}],"wp:term":[{"taxonomy":"product_brand","embeddable":true,"href":"https:\/\/roveyayinevi.com.tr\/index.php\/wp-json\/wp\/v2\/product_brand?post=711351"},{"taxonomy":"product_cat","embeddable":true,"href":"https:\/\/roveyayinevi.com.tr\/index.php\/wp-json\/wp\/v2\/product_cat?post=711351"},{"taxonomy":"product_tag","embeddable":true,"href":"https:\/\/roveyayinevi.com.tr\/index.php\/wp-json\/wp\/v2\/product_tag?post=711351"}],"curies":[{"name":"wp","href":"https:\/\/api.w.org\/{rel}","templated":true}]}}