{"id":711314,"date":"2025-08-27T16:44:15","date_gmt":"2025-08-27T13:44:15","guid":{"rendered":"https:\/\/roveyayinevi.com.tr\/index.php\/urun\/kirilden-kadife-devrime-bohemya-cekoslavakya-cekya\/"},"modified":"2026-04-16T02:19:52","modified_gmt":"2026-04-15T23:19:52","slug":"kirilden-kadife-devrime-bohemya-cekoslavakya-cekya","status":"publish","type":"product","link":"https:\/\/roveyayinevi.com.tr\/index.php\/urun\/kirilden-kadife-devrime-bohemya-cekoslavakya-cekya\/","title":{"rendered":"Kiril\u2019den Kadife Devrim&#8217;e (Bohem&#8217;ya, \u00c7ekoslavakya, \u00c7ekya)"},"content":{"rendered":"<p>Bu kitap k\u0131sa bir tarih denemesidir. Avrupa\u2019n\u0131n merkezindeki bir \u00fclkeyi anlama \u00e7abas\u0131n\u0131n \u00fcr\u00fcn\u00fcd\u00fcr. \u00c7ekya co\u011frafi olarak uzak olmasa da k\u00fclt\u00fcrel anlamda bizden olduk\u00e7a farkl\u0131 bir \u00fclke. \u00c7eklerle ili\u015fkilerimizin en fazla So\u011fuk Sava\u015f sonras\u0131 siyasi ortamda geli\u015fme g\u00f6sterdi\u011fini s\u00f6yleyebiliriz. Buna ra\u011fmen dilimizde onlar \u00fczerine yaz\u0131lm\u0131\u015f fazla eser, bir tarih \u00e7al\u0131\u015fmas\u0131 bulunmuyor. \u00c7al\u0131\u015fman\u0131n bu y\u00f6n\u00fcyle ara\u015ft\u0131rmac\u0131lara ve ilgililere faydal\u0131 olmas\u0131 \u00fcmidiyle\u2026 \ufffcTan\u0131t\u0131m Metni<\/p>\n","protected":false},"excerpt":{"rendered":"<p>Bu kitap k\u0131sa bir tarih denemesidir. Avrupa\u2019n\u0131n merkezindeki bir \u00fclkeyi anlama \u00e7abas\u0131n\u0131n \u00fcr\u00fcn\u00fcd\u00fcr. \u00c7ekya co\u011frafi olarak uzak olmasa da k\u00fclt\u00fcrel anlamda bizden olduk\u00e7a farkl\u0131 bir \u00fclke.<span class=\"excerpt-hellip\"> [\u2026]<\/span><\/p>\n","protected":false},"featured_media":0,"template":"","meta":{"_monsterinsights_skip_tracking":false,"_monsterinsights_sitenote_active":false,"_monsterinsights_sitenote_note":"","_monsterinsights_sitenote_category":0},"product_brand":[],"product_cat":[12305,12304],"product_tag":[],"class_list":{"0":"post-711314","1":"product","2":"type-product","3":"status-publish","5":"product_cat-dunya-tarihi","6":"product_cat-tarih","7":"pa_cilt-ciltsiz","8":"pa_tur-kitap","9":"pa_yayinevi-biyografi-net-yayincilik","10":"pa_yazar-mustafa-kadir-atasoy","12":"first","13":"instock","14":"sale","15":"shipping-taxable","16":"purchasable","17":"product-type-simple"},"_links":{"self":[{"href":"https:\/\/roveyayinevi.com.tr\/index.php\/wp-json\/wp\/v2\/product\/711314","targetHints":{"allow":["GET"]}}],"collection":[{"href":"https:\/\/roveyayinevi.com.tr\/index.php\/wp-json\/wp\/v2\/product"}],"about":[{"href":"https:\/\/roveyayinevi.com.tr\/index.php\/wp-json\/wp\/v2\/types\/product"}],"wp:attachment":[{"href":"https:\/\/roveyayinevi.com.tr\/index.php\/wp-json\/wp\/v2\/media?parent=711314"}],"wp:term":[{"taxonomy":"product_brand","embeddable":true,"href":"https:\/\/roveyayinevi.com.tr\/index.php\/wp-json\/wp\/v2\/product_brand?post=711314"},{"taxonomy":"product_cat","embeddable":true,"href":"https:\/\/roveyayinevi.com.tr\/index.php\/wp-json\/wp\/v2\/product_cat?post=711314"},{"taxonomy":"product_tag","embeddable":true,"href":"https:\/\/roveyayinevi.com.tr\/index.php\/wp-json\/wp\/v2\/product_tag?post=711314"}],"curies":[{"name":"wp","href":"https:\/\/api.w.org\/{rel}","templated":true}]}}