{"id":711287,"date":"2025-08-27T16:44:00","date_gmt":"2025-08-27T13:44:00","guid":{"rendered":"https:\/\/roveyayinevi.com.tr\/index.php\/urun\/cagdas-fransiz-felsefesi-ve-fenomenoloji-hareketi\/"},"modified":"2026-04-16T02:19:51","modified_gmt":"2026-04-15T23:19:51","slug":"cagdas-fransiz-felsefesi-ve-fenomenoloji-hareketi","status":"publish","type":"product","link":"https:\/\/roveyayinevi.com.tr\/index.php\/urun\/cagdas-fransiz-felsefesi-ve-fenomenoloji-hareketi\/","title":{"rendered":"\u00c7a\u011fda\u015f Frans\u0131z Felsefesi Ve Fenomenoloji Hareketi"},"content":{"rendered":"<p>Fenomenoloji hareketi \u00c7a\u011fda\u015f Frans\u0131z felsefesinin en canl\u0131 ve \u00fcretken alanlar\u0131n\u0131n ba\u015f\u0131nda gelir. Husserl ve Heidegger\u2019in izinden giden Frans\u0131z fenomenologlar, \u00f6ne s\u00fcrd\u00fckleri farkl\u0131 arg\u00fcmanlara ra\u011fmen klasik fenomenolojiye kar\u015f\u0131 ayn\u0131 ele\u015ftirel yakla\u015f\u0131mla hareket ederler ve y\u00f6nelimsel olmayana (bir anlamda ontolojik, hermeneutik, etik ve metafizik olana) merkezi bir konum atfederek fenomenolojiyi kendisinin d\u0131\u015f\u0131yla ili\u015fkiye sokmaya \u00e7al\u0131\u015f\u0131rlar. Hemen hemen hepsinin ortak e\u011filimi, y\u00f6nelimsel bilin\u00e7 ve onun noetik-noematik yap\u0131s\u0131 taraf\u0131ndan belirlenen anlam verili\u015flerine indirgenemeyecek istisn\u00e2i fenomenleri (\u201cg\u00f6r\u00fcnmez\u201d, \u201cten\u201d, \u201cvah\u015fi veya spontane anlam\u201d, \u201csembol\u201d, \u201cduygulan\u0131m\u201d, \u201cy\u00fcz\u201d ve \u201cdoygun fenomen\u201d) mercek alt\u0131na almakt\u0131r. S\u0131n\u0131rdaki fenomenlere y\u00f6neli\u015f, fenomenolojinin Alman kurucular\u0131yla yeni bir tart\u0131\u015fman\u0131n fitilini ate\u015fler. Frans\u0131z fenomenologlar Husserl ve Heidegger\u2019in eserlerine ele\u015ftirel bir mesafe al\u0131p hem onlarla birlikte hem de onlar\u0131n eserlerindeki d\u00fc\u015f\u00fcn\u00fclmemi\u015f boyutlar i\u00e7inden d\u00fc\u015f\u00fcnerek fenomenolojiye yeni bir kimlik kazand\u0131r\u0131rlar. <\/p>\n","protected":false},"excerpt":{"rendered":"<p>Fenomenoloji hareketi \u00c7a\u011fda\u015f Frans\u0131z felsefesinin en canl\u0131 ve \u00fcretken alanlar\u0131n\u0131n ba\u015f\u0131nda gelir. Husserl ve Heidegger\u2019in izinden giden Frans\u0131z fenomenologlar, \u00f6ne s\u00fcrd\u00fckleri farkl\u0131 arg\u00fcmanlara ra\u011fmen klasik fenomenolojiye<span class=\"excerpt-hellip\"> [\u2026]<\/span><\/p>\n","protected":false},"featured_media":0,"template":"","meta":{"_monsterinsights_skip_tracking":false,"_monsterinsights_sitenote_active":false,"_monsterinsights_sitenote_note":"","_monsterinsights_sitenote_category":0},"product_brand":[],"product_cat":[12388],"product_tag":[],"class_list":{"0":"post-711287","1":"product","2":"type-product","3":"status-publish","5":"product_cat-felsefe","6":"pa_cilt-ciltsiz","7":"pa_tur-kitap","8":"pa_yayinevi-pinhan-yayincilik","9":"pa_yazar-kollektif","11":"first","12":"instock","13":"sale","14":"shipping-taxable","15":"purchasable","16":"product-type-simple"},"_links":{"self":[{"href":"https:\/\/roveyayinevi.com.tr\/index.php\/wp-json\/wp\/v2\/product\/711287","targetHints":{"allow":["GET"]}}],"collection":[{"href":"https:\/\/roveyayinevi.com.tr\/index.php\/wp-json\/wp\/v2\/product"}],"about":[{"href":"https:\/\/roveyayinevi.com.tr\/index.php\/wp-json\/wp\/v2\/types\/product"}],"wp:attachment":[{"href":"https:\/\/roveyayinevi.com.tr\/index.php\/wp-json\/wp\/v2\/media?parent=711287"}],"wp:term":[{"taxonomy":"product_brand","embeddable":true,"href":"https:\/\/roveyayinevi.com.tr\/index.php\/wp-json\/wp\/v2\/product_brand?post=711287"},{"taxonomy":"product_cat","embeddable":true,"href":"https:\/\/roveyayinevi.com.tr\/index.php\/wp-json\/wp\/v2\/product_cat?post=711287"},{"taxonomy":"product_tag","embeddable":true,"href":"https:\/\/roveyayinevi.com.tr\/index.php\/wp-json\/wp\/v2\/product_tag?post=711287"}],"curies":[{"name":"wp","href":"https:\/\/api.w.org\/{rel}","templated":true}]}}