{"id":711270,"date":"2025-08-27T16:43:50","date_gmt":"2025-08-27T13:43:50","guid":{"rendered":"https:\/\/roveyayinevi.com.tr\/index.php\/urun\/bellek-emek-soylesiler\/"},"modified":"2026-04-16T02:19:51","modified_gmt":"2026-04-15T23:19:51","slug":"bellek-emek-soylesiler","status":"publish","type":"product","link":"https:\/\/roveyayinevi.com.tr\/index.php\/urun\/bellek-emek-soylesiler\/","title":{"rendered":"Bellek \/ Emek S\u00f6yle\u015filer"},"content":{"rendered":"<p>Bellek \/ Emek, sanat tarih\u00e7i Nazl\u0131 Pekta\u015f\u2019\u0131n, T\u00fcrkiye\u2019de sanata ve k\u00fclt\u00fcre eme\u011fi ge\u00e7en isimlerle yapt\u0131\u011f\u0131 s\u00f6yle\u015filerden olu\u015fuyor: Afife Batur, Ali Artun, Canan Beykal, Jale N. Erzen, Kaya \u00d6zsezgin, Mehmet Erg\u00fcven, Melih Fereli, Nazan \u0130p\u015firo\u011flu, Nazan \u00d6l\u00e7er, Nuran Terzio\u011flu, Nurhan Atasoy. Toplumumuza kal\u0131c\u0131 de\u011ferler katan bu ki\u015filer, bilgi, birikim ve tecr\u00fcbelerini payla\u015ft\u0131lar. Hayatlar\u0131n\u0131 ve \u00e7al\u0131\u015fmalar\u0131n\u0131 anlat\u0131rken, verimli bir ya\u015fam i\u00e7in her ko\u015fulda sanattan ve k\u00fclt\u00fcrden beslenmenin \u00f6nemini, ilham vericili\u011fini g\u00f6stermi\u015f oldular. 2013 y\u0131l\u0131nda Sanat D\u00fcnyam\u0131z dergisinde yay\u0131mlanmaya ba\u015flayan Bellek\/Emek s\u00f6yle\u015fileri \u00fc\u00e7 y\u0131l\u0131 a\u015fk\u0131n bir s\u00fcre i\u00e7inde, sanat tarihi ve onu besleyen alanlarda \u00e7al\u0131\u015fm\u0131\u015f, farkl\u0131 ama birbirine yak\u0131n ku\u015faktan temsilcileri bir araya getirdi. Bir t\u00fcr hat\u0131rlama ve hat\u0131rlatma eylemi de denebilecek s\u00f6yle\u015filer, yak\u0131n tarihimizden gelece\u011fe iz b\u0131rakanlar\u0131, sanat tarihimizin ana damarlar\u0131n\u0131 ve beslenme kaynaklar\u0131n\u0131 tan\u0131mak i\u00e7in g\u00fczel bir ad\u0131m. <\/p>\n","protected":false},"excerpt":{"rendered":"<p>Bellek \/ Emek, sanat tarih\u00e7i Nazl\u0131 Pekta\u015f\u2019\u0131n, T\u00fcrkiye\u2019de sanata ve k\u00fclt\u00fcre eme\u011fi ge\u00e7en isimlerle yapt\u0131\u011f\u0131 s\u00f6yle\u015filerden olu\u015fuyor: Afife Batur, Ali Artun, Canan Beykal, Jale N. Erzen,<span class=\"excerpt-hellip\"> [\u2026]<\/span><\/p>\n","protected":false},"featured_media":0,"template":"","meta":{"_monsterinsights_skip_tracking":false,"_monsterinsights_sitenote_active":false,"_monsterinsights_sitenote_note":"","_monsterinsights_sitenote_category":0},"product_brand":[],"product_cat":[12364,12826],"product_tag":[],"class_list":{"0":"post-711270","1":"product","2":"type-product","3":"status-publish","5":"product_cat-genel-konular","6":"product_cat-soylesi","7":"pa_cilt-ciltsiz","8":"pa_tur-kitap","9":"pa_yayinevi-yapi-kredi-yayinlari","10":"pa_yazar-kollektif","12":"first","13":"instock","14":"sale","15":"shipping-taxable","16":"purchasable","17":"product-type-simple"},"_links":{"self":[{"href":"https:\/\/roveyayinevi.com.tr\/index.php\/wp-json\/wp\/v2\/product\/711270","targetHints":{"allow":["GET"]}}],"collection":[{"href":"https:\/\/roveyayinevi.com.tr\/index.php\/wp-json\/wp\/v2\/product"}],"about":[{"href":"https:\/\/roveyayinevi.com.tr\/index.php\/wp-json\/wp\/v2\/types\/product"}],"wp:attachment":[{"href":"https:\/\/roveyayinevi.com.tr\/index.php\/wp-json\/wp\/v2\/media?parent=711270"}],"wp:term":[{"taxonomy":"product_brand","embeddable":true,"href":"https:\/\/roveyayinevi.com.tr\/index.php\/wp-json\/wp\/v2\/product_brand?post=711270"},{"taxonomy":"product_cat","embeddable":true,"href":"https:\/\/roveyayinevi.com.tr\/index.php\/wp-json\/wp\/v2\/product_cat?post=711270"},{"taxonomy":"product_tag","embeddable":true,"href":"https:\/\/roveyayinevi.com.tr\/index.php\/wp-json\/wp\/v2\/product_tag?post=711270"}],"curies":[{"name":"wp","href":"https:\/\/api.w.org\/{rel}","templated":true}]}}