{"id":711147,"date":"2025-08-27T16:42:40","date_gmt":"2025-08-27T13:42:40","guid":{"rendered":"https:\/\/roveyayinevi.com.tr\/index.php\/urun\/emile-durkheimin-sosyolojisi-ve-felsefi-dusuncesi\/"},"modified":"2026-04-16T02:19:48","modified_gmt":"2026-04-15T23:19:48","slug":"emile-durkheimin-sosyolojisi-ve-felsefi-dusuncesi","status":"publish","type":"product","link":"https:\/\/roveyayinevi.com.tr\/index.php\/urun\/emile-durkheimin-sosyolojisi-ve-felsefi-dusuncesi\/","title":{"rendered":"Emile Durkheim&#8217;in Sosyolojisi Ve Felsefi D\u00fc\u015f\u00fcncesi"},"content":{"rendered":"<p>Bu derlemede okuyucular birbirinden farkl\u0131 Durkheim portreleriyle kar\u015f\u0131la\u015facaklar. \u00d6rne\u011fin: Haz\u0131r cevaplarla yetinmeyen ve s\u00fcrekli aray\u0131\u015f i\u00e7inde olan bir d\u00fc\u015f\u00fcn\u00fcr ve sosyal bilimci Durkheim portresiyle\u2026 Felsefeye y\u00f6nelik ciddi ele\u015ftirilerine ra\u011fmen kendi bilim ve sosyoloji anlay\u0131\u015f\u0131n\u0131 \u00e7a\u011f\u0131n\u0131n en g\u00fc\u00e7l\u00fc felsef\u00ee fikirleriyle diyalog ve tart\u0131\u015fma i\u00e7inde olu\u015fturmaya \u00e7al\u0131\u015fan bir filozof olarak Durkheim portresiyle\u2026 Kendisinden \u00f6nceki sosyal bilimcilerin \u201csosyolojik empirizm\u201dini ele\u015ftirirken, onlardan farkl\u0131 olarak toplumdaki derin yap\u0131lar ve mekanizmalara odaklanan, pozitivizm ve realizmi kendi ifadesiyle \u201cyenilenmi\u015f rasyonalizm\u201d olarak sentezlemeye \u00e7al\u0131\u015fan bir Durkheim portresiyle\u2026 Bir yandan \u201ckesin bir bilim\u201d haline getirmeye \u00e7al\u0131\u015ft\u0131\u011f\u0131 sosyolojisini temellendirmeye \u00e7al\u0131\u015f\u0131rken, \u00f6te yandan gelece\u011fin \u201ciyi toplum\u201dunu in\u015fada sosyolojiye bir misyon y\u00fckleyen ve basit pozitivist ilkelerle yetinmeyen bir \u201cahl\u00e2k\u00e7\u0131\u201d Durkheim portresiyle\u2026 Ve daha da ba\u015fka bir\u00e7ok Durkheim portreleri\u2026   \u00c9mile Durkheim\u2019\u0131n sosyolojisi ve felsef\u00ee d\u00fc\u015f\u00fcncesiyle ilgili farkl\u0131 metinlerden olu\u015fan bu ilk kapsaml\u0131 derlemenin T\u00fcrkiye\u2019deki a\u015f\u0131r\u0131 kategorik ve indirgemeci Durkheim yorumlar\u0131n\u0131n yeniden g\u00f6zden ge\u00e7irilmesine ve sorgulanmas\u0131na katk\u0131da bulunaca\u011f\u0131n\u0131 umuyoruz.   \u201cBirinci D\u00fcnya Sava\u015f\u0131\u2019ndan birka\u00e7 y\u0131l \u00f6nce Durkheim ekol\u00fcnden bir gen\u00e7 etnolog Robert Hertz makalesinde iki cenaze prati\u011fini betimledi. Borneo kabilelerinde \u00f6nemli ki\u015filer i\u00e7in \u00e7ifte cenaze t\u00f6reni d\u00fczenlenmekteydi ve iki t\u00f6ren aras\u0131ndaki s\u00fcrenin uzunlu\u011fu sosyal stat\u00fcleriyle do\u011fru orant\u0131l\u0131yd\u0131. Etnologlar ve ayr\u0131ca baz\u0131 sosyologlar Durkheim ekol\u00fcn\u00fcn art\u0131k g\u00fcncelli\u011fini yitirdi\u011fini d\u00fc\u015f\u00fcn\u00fcrler. Fakat ona sadece muhtemelen ilk cenaze t\u00f6reni uyguland\u0131; ikincisi ve sonuncusunun d\u00fczenlenmesi uzun zaman alabilir ve hatta sonsuza kadar ertelenebilir.\u201d (Joseph Gabel) <\/p>\n","protected":false},"excerpt":{"rendered":"<p>Bu derlemede okuyucular birbirinden farkl\u0131 Durkheim portreleriyle kar\u015f\u0131la\u015facaklar. \u00d6rne\u011fin: Haz\u0131r cevaplarla yetinmeyen ve s\u00fcrekli aray\u0131\u015f i\u00e7inde olan bir d\u00fc\u015f\u00fcn\u00fcr ve sosyal bilimci Durkheim portresiyle\u2026 Felsefeye y\u00f6nelik<span class=\"excerpt-hellip\"> [\u2026]<\/span><\/p>\n","protected":false},"featured_media":0,"template":"","meta":{"_monsterinsights_skip_tracking":false,"_monsterinsights_sitenote_active":false,"_monsterinsights_sitenote_note":"","_monsterinsights_sitenote_category":0},"product_brand":[],"product_cat":[12324],"product_tag":[],"class_list":{"0":"post-711147","1":"product","2":"type-product","3":"status-publish","5":"product_cat-sosyoloji","6":"pa_cilt-ciltsiz","7":"pa_tur-kitap","8":"pa_yayinevi-islik-yayinlari","9":"pa_yazar-bekir-balkiz-umit-tatlican","11":"first","12":"instock","13":"sale","14":"shipping-taxable","15":"purchasable","16":"product-type-simple"},"_links":{"self":[{"href":"https:\/\/roveyayinevi.com.tr\/index.php\/wp-json\/wp\/v2\/product\/711147","targetHints":{"allow":["GET"]}}],"collection":[{"href":"https:\/\/roveyayinevi.com.tr\/index.php\/wp-json\/wp\/v2\/product"}],"about":[{"href":"https:\/\/roveyayinevi.com.tr\/index.php\/wp-json\/wp\/v2\/types\/product"}],"wp:attachment":[{"href":"https:\/\/roveyayinevi.com.tr\/index.php\/wp-json\/wp\/v2\/media?parent=711147"}],"wp:term":[{"taxonomy":"product_brand","embeddable":true,"href":"https:\/\/roveyayinevi.com.tr\/index.php\/wp-json\/wp\/v2\/product_brand?post=711147"},{"taxonomy":"product_cat","embeddable":true,"href":"https:\/\/roveyayinevi.com.tr\/index.php\/wp-json\/wp\/v2\/product_cat?post=711147"},{"taxonomy":"product_tag","embeddable":true,"href":"https:\/\/roveyayinevi.com.tr\/index.php\/wp-json\/wp\/v2\/product_tag?post=711147"}],"curies":[{"name":"wp","href":"https:\/\/api.w.org\/{rel}","templated":true}]}}