{"id":711107,"date":"2025-08-27T16:42:18","date_gmt":"2025-08-27T13:42:18","guid":{"rendered":"https:\/\/roveyayinevi.com.tr\/index.php\/urun\/duvar-3\/"},"modified":"2026-04-16T02:19:47","modified_gmt":"2026-04-15T23:19:47","slug":"duvar-3","status":"publish","type":"product","link":"https:\/\/roveyayinevi.com.tr\/index.php\/urun\/duvar-3\/","title":{"rendered":"Duvar"},"content":{"rendered":"<p>TAR\u0130H GER\u0130 D\u00d6N\u00dcYOR. DUVARLAR YEN\u0130DEN Y\u00dcKSEL\u0130YOR. Deniz \u00dclke Ar\u0131bo\u011fan, tarihin geri d\u00f6n\u00fc\u015f\u00fcn\u00fc ve yeniden duvarlarla \u00f6r\u00fclmeye ba\u015flayan d\u00fcnyam\u0131z\u0131 yazd\u0131. Deniz \u00dclke Ar\u0131bo\u011fan\u2019\u0131n k\u00fcreselle\u015fmeye, g\u00f6\u00e7e, siber d\u00fcnyaya, \u00c7in\u2019in ekonomik yay\u0131lmac\u0131l\u0131\u011f\u0131na, Rus askeri yay\u0131lmas\u0131na ve demokrasiye kar\u015f\u0131 in\u015fa edilen duvarlar\u0131, \u2018duvarl\u0131 d\u00fcnya\u2019 perspektifiyle ele ald\u0131\u011f\u0131 son kitab\u0131 Duvar \u0130nk\u0131l\u00e2p Kitabevi taraf\u0131ndan yay\u0131mland\u0131.                      Ar\u0131bo\u011fan, k\u00fcreselle\u015fme akt\u00f6rlerinin s\u0131n\u0131rlar\u0131 ve duvarlar\u0131 zorlamaya devam etti\u011fi g\u00fcn\u00fcm\u00fczde, otoriter\/totaliter sistemlerin y\u00fckseli\u015fe ge\u00e7ti\u011fi yeni bir d\u00f6nemin ba\u015flad\u0131\u011f\u0131n\u0131; g\u00fc\u00e7l\u00fc, se\u00e7ilmi\u015f kral liderlerin \u00f6nc\u00fcl\u00fc\u011f\u00fcnde siyasetin yeniden \u015fekillenece\u011fini belirtiyor. Yazar, devlet merkezlerinin, elindeki teknolojik donan\u0131mlar\u0131n da katk\u0131s\u0131yla duvarlar i\u00e7ine hapsettikleri halklar\u0131n\u0131 daha k\u0131s\u0131tlay\u0131c\u0131 sistemlerle y\u00f6netece\u011fini, devletleraras\u0131ndaki ili\u015fkilerin devlet d\u0131\u015f\u0131 akt\u00f6rlerce y\u00f6nlendirilen kontrols\u00fcz bir anar\u015fi ortam\u0131ndan, kontroll\u00fc bir rekabet ortam\u0131na girece\u011fini s\u00f6yl\u00fcyor.   Berlin Duvar\u0131\u2019n\u0131n 1989\u2019da y\u0131k\u0131l\u0131\u015f\u0131 uluslararas\u0131 ili\u015fkiler alan\u0131nda temel s\u00f6ylemlerin ve kavramlar\u0131n de\u011fi\u015fti\u011fi, yeni paradigmalar\u0131n kurguland\u0131\u011f\u0131 bir milat olarak kabul edilmi\u015fti. K\u00fcreselle\u015fme s\u00f6yleminin ve liberalle\u015fme e\u011filimlerinin zirve yapt\u0131\u011f\u0131 bir d\u00f6nem olarak kabul edilen 20. y\u00fczy\u0131l\u0131n son \u00e7eyre\u011finde \u2018duvar\u2019 sembol\u00fc nas\u0131l \u00f6n plana \u00e7\u0131kt\u0131ysa, 2010\u2019lu y\u0131llarda da \u2018duvar\u2019lar ana g\u00fcndemi olu\u015fturmaya ba\u015flad\u0131. Ancak bu kez s\u00f6z\u00fc edilen, \u2018y\u0131k\u0131lan de\u011fil in\u015fa edilen ve edilecek olan duvarlard\u0131\u2019. Berlin Duvar\u0131\u2019n\u0131n y\u0131k\u0131l\u0131\u015f\u0131ndan bug\u00fcne kadar ge\u00e7en s\u00fcrede 70\u2019ten fazla \u00fclkenin s\u0131n\u0131rlar\u0131n\u0131 duvar veya \u00e7itle \u00e7evirdi\u011fini anlatan Deniz \u00dclke Ar\u0131bo\u011fan, \u201cD\u00fcnyan\u0131n ruhu de\u011fi\u015fti. 1987\u2019de Ronald Reagan\u2019\u0131n Berlin\u2019de yapt\u0131\u011f\u0131 konu\u015fmadaki \u201cy\u0131k\u0131n bu duvar\u0131\u201d talimat\u0131, \u015fimdilerde yerini Trump\u2019\u0131n \u201cduvar korur\u201d s\u00f6ylemine b\u0131rakt\u0131. \u2018S\u0131n\u0131rlar\u0131 olmayan d\u00fcnya\u2019 kavram\u0131 \u00e7oktan tarihe g\u00f6m\u00fcld\u00fc bile,\u201d diyor.   Y\u00fczy\u0131l\u0131n ba\u015f\u0131nda k\u00fcresel k\u00f6yden, s\u0131n\u0131rlar\u0131n ge\u00e7irgenli\u011finden, ulusall\u0131\u011f\u0131n biti\u015finden s\u00f6z edilirken, sadece birka\u00e7 sene i\u00e7erisinde s\u0131n\u0131rlar\u0131n somut bariyerlerle tahkim edilmesinden, elektrikli \u00e7itlerden, g\u00fcvenlik kameralar\u0131ndan, kontrols\u00fcz ge\u00e7i\u015flerin durdurulmas\u0131ndan bahsedilir olundu.   De\u011fi\u015fen k\u00fcresel paradigmay\u0131 ak\u0131c\u0131 bir dille ve disiplinleraras\u0131 bir yakla\u015f\u0131mla ele alan Ar\u0131bo\u011fan, Duvar kitab\u0131yla; duvar\u0131 sadece ta\u015f\u0131n ta\u015f\u0131n \u00fcst\u00fcne kondu\u011fu bir in\u015faattan ibaret olarak tan\u0131mlaman\u0131n yetersizli\u011fini, duvar\u0131n insan uygarl\u0131\u011f\u0131 \u00fczerindeki sosyolojik ve psikolojik sonu\u00e7lar\u0131 itibariyle da farkl\u0131 anlamlar\u0131 olan bir tasar\u0131m oldu\u011funu anlama ve g\u00f6rme olana\u011f\u0131 sunuyor. <\/p>\n","protected":false},"excerpt":{"rendered":"<p>TAR\u0130H GER\u0130 D\u00d6N\u00dcYOR. DUVARLAR YEN\u0130DEN Y\u00dcKSEL\u0130YOR. Deniz \u00dclke Ar\u0131bo\u011fan, tarihin geri d\u00f6n\u00fc\u015f\u00fcn\u00fc ve yeniden duvarlarla \u00f6r\u00fclmeye ba\u015flayan d\u00fcnyam\u0131z\u0131 yazd\u0131. Deniz \u00dclke Ar\u0131bo\u011fan\u2019\u0131n k\u00fcreselle\u015fmeye, g\u00f6\u00e7e, siber d\u00fcnyaya,<span class=\"excerpt-hellip\"> [\u2026]<\/span><\/p>\n","protected":false},"featured_media":0,"template":"","meta":{"_monsterinsights_skip_tracking":false,"_monsterinsights_sitenote_active":false,"_monsterinsights_sitenote_note":"","_monsterinsights_sitenote_category":0},"product_brand":[],"product_cat":[12337,17225],"product_tag":[],"class_list":{"0":"post-711107","1":"product","2":"type-product","3":"status-publish","5":"product_cat-politika-siyaset","6":"product_cat-uluslararasi-iliskiler","7":"pa_cilt-ciltsiz","8":"pa_tur-kitap","9":"pa_yayinevi-inkilap-kitabevi","10":"pa_yazar-deniz-ulke-aribogan","12":"first","13":"instock","14":"sale","15":"shipping-taxable","16":"purchasable","17":"product-type-simple"},"_links":{"self":[{"href":"https:\/\/roveyayinevi.com.tr\/index.php\/wp-json\/wp\/v2\/product\/711107","targetHints":{"allow":["GET"]}}],"collection":[{"href":"https:\/\/roveyayinevi.com.tr\/index.php\/wp-json\/wp\/v2\/product"}],"about":[{"href":"https:\/\/roveyayinevi.com.tr\/index.php\/wp-json\/wp\/v2\/types\/product"}],"wp:attachment":[{"href":"https:\/\/roveyayinevi.com.tr\/index.php\/wp-json\/wp\/v2\/media?parent=711107"}],"wp:term":[{"taxonomy":"product_brand","embeddable":true,"href":"https:\/\/roveyayinevi.com.tr\/index.php\/wp-json\/wp\/v2\/product_brand?post=711107"},{"taxonomy":"product_cat","embeddable":true,"href":"https:\/\/roveyayinevi.com.tr\/index.php\/wp-json\/wp\/v2\/product_cat?post=711107"},{"taxonomy":"product_tag","embeddable":true,"href":"https:\/\/roveyayinevi.com.tr\/index.php\/wp-json\/wp\/v2\/product_tag?post=711107"}],"curies":[{"name":"wp","href":"https:\/\/api.w.org\/{rel}","templated":true}]}}