{"id":711065,"date":"2025-08-27T16:41:56","date_gmt":"2025-08-27T13:41:56","guid":{"rendered":"https:\/\/roveyayinevi.com.tr\/index.php\/urun\/osmanli-imparatorlugunun-ekonomik-ve-sosyal-tarihi-i\/"},"modified":"2026-04-16T02:19:46","modified_gmt":"2026-04-15T23:19:46","slug":"osmanli-imparatorlugunun-ekonomik-ve-sosyal-tarihi-i","status":"publish","type":"product","link":"https:\/\/roveyayinevi.com.tr\/index.php\/urun\/osmanli-imparatorlugunun-ekonomik-ve-sosyal-tarihi-i\/","title":{"rendered":"Osmanl\u0131 \u0130mparatorlu\u011fu\u2019nun Ekonomik ve Sosyal Tarihi \u2013 I"},"content":{"rendered":"<p>Osmanl\u0131 \u0130mparatorlu\u011fu\u2019nun Ekonomik ve Sosyal Tarihi, Osmanl\u0131 tarihini d\u00fcnya tarihinin ihmal edilmi\u015f bir b\u00f6l\u00fcm\u00fc olmaktan \u00e7\u0131kararak ayr\u0131lmaz bir par\u00e7as\u0131 haline getiren Halil \u0130nalc\u0131k\u2019\u0131n, meslekta\u015flar\u0131yla birlikte haz\u0131rlad\u0131\u011f\u0131 geni\u015f kapsaml\u0131 ilk eseridir. Bu eser ayn\u0131 zamanda, \u0130kinci D\u00fcnya Sava\u015f\u0131\u2019na dek siyasi ve askeri olaylardan \u00f6tesini sorgulamayan tarih\u00e7ilik yakla\u015f\u0131m\u0131n\u0131n, toplumsal ve ekonomik boyutlar\u0131n da kat\u0131larak zenginle\u015fmesiyle de\u011fi\u015fen d\u00fcnya tarih\u00e7ili\u011finin, Osmanl\u0131 tarihi b\u00f6l\u00fcm\u00fcne dair bir \u00e7al\u0131\u015fma olarak d\u00fc\u015f\u00fcn\u00fcl\u00fcp kaleme al\u0131nm\u0131\u015ft\u0131r. \u0130nalc\u0131k\u2019\u0131n kendinden sonra yeti\u015fen tarih\u00e7i ku\u015fa\u011f\u0131yla birlikte haz\u0131rlad\u0131\u011f\u0131 bu \u00e7al\u0131\u015fma, gelecek nesil tarih\u00e7iler i\u00e7in daha derinlemesine \u00e7al\u0131\u015fmalar bekleyen yeni g\u00fcndem maddelerini ve metodolojik \u00f6rnekleri de i\u00e7erir. Bu ilk ciltte Halil \u0130nac\u0131k\u2019\u0131n 1300-1600 d\u00f6neminin sosyal ve ekonomik tarihine dair, esere de damgas\u0131n\u0131 vuran yakla\u015f\u0131m\u0131n\u0131n ana hatlar\u0131 \u00e7iziliyor. Bu \u00e7al\u0131\u015fman\u0131n ikinci cildi 2018 y\u0131l\u0131nda okurla bulu\u015facak. \ufffcTan\u0131t\u0131m Metni<\/p>\n","protected":false},"excerpt":{"rendered":"<p>Osmanl\u0131 \u0130mparatorlu\u011fu\u2019nun Ekonomik ve Sosyal Tarihi, Osmanl\u0131 tarihini d\u00fcnya tarihinin ihmal edilmi\u015f bir b\u00f6l\u00fcm\u00fc olmaktan \u00e7\u0131kararak ayr\u0131lmaz bir par\u00e7as\u0131 haline getiren Halil \u0130nalc\u0131k\u2019\u0131n, meslekta\u015flar\u0131yla birlikte haz\u0131rlad\u0131\u011f\u0131<span class=\"excerpt-hellip\"> [\u2026]<\/span><\/p>\n","protected":false},"featured_media":0,"template":"","meta":{"_monsterinsights_skip_tracking":false,"_monsterinsights_sitenote_active":false,"_monsterinsights_sitenote_note":"","_monsterinsights_sitenote_category":0},"product_brand":[],"product_cat":[13517,12304],"product_tag":[],"class_list":{"0":"post-711065","1":"product","2":"type-product","3":"status-publish","5":"product_cat-osmanli-tarihi","6":"product_cat-tarih","7":"pa_cilt-ciltsiz","8":"pa_tur-kitap","9":"pa_yayinevi-is-bankasi-kultur-yayinlari","10":"pa_yazar-halil-inalcik","12":"first","13":"instock","14":"sale","15":"shipping-taxable","16":"purchasable","17":"product-type-simple"},"_links":{"self":[{"href":"https:\/\/roveyayinevi.com.tr\/index.php\/wp-json\/wp\/v2\/product\/711065","targetHints":{"allow":["GET"]}}],"collection":[{"href":"https:\/\/roveyayinevi.com.tr\/index.php\/wp-json\/wp\/v2\/product"}],"about":[{"href":"https:\/\/roveyayinevi.com.tr\/index.php\/wp-json\/wp\/v2\/types\/product"}],"wp:attachment":[{"href":"https:\/\/roveyayinevi.com.tr\/index.php\/wp-json\/wp\/v2\/media?parent=711065"}],"wp:term":[{"taxonomy":"product_brand","embeddable":true,"href":"https:\/\/roveyayinevi.com.tr\/index.php\/wp-json\/wp\/v2\/product_brand?post=711065"},{"taxonomy":"product_cat","embeddable":true,"href":"https:\/\/roveyayinevi.com.tr\/index.php\/wp-json\/wp\/v2\/product_cat?post=711065"},{"taxonomy":"product_tag","embeddable":true,"href":"https:\/\/roveyayinevi.com.tr\/index.php\/wp-json\/wp\/v2\/product_tag?post=711065"}],"curies":[{"name":"wp","href":"https:\/\/api.w.org\/{rel}","templated":true}]}}