{"id":710994,"date":"2025-08-27T16:41:11","date_gmt":"2025-08-27T13:41:11","guid":{"rendered":"https:\/\/roveyayinevi.com.tr\/index.php\/urun\/sen-olasin-almanya\/"},"modified":"2026-04-16T02:19:44","modified_gmt":"2026-04-15T23:19:44","slug":"sen-olasin-almanya","status":"publish","type":"product","link":"https:\/\/roveyayinevi.com.tr\/index.php\/urun\/sen-olasin-almanya\/","title":{"rendered":"\u015een Olas\u0131n Almanya"},"content":{"rendered":"<p>\u201cAlmanya ve T\u00fcrkiye\u2019ye dair birikimlerimi payla\u015ft\u0131\u011f\u0131m bu kitaba dair siz okuyucular\u0131n g\u00f6r\u00fc\u015fleri benim i\u00e7in b\u00fcy\u00fck de\u011fer ta\u015f\u0131yor. T\u00fcrkiye\u2019deki okuyucular\u0131m\u0131n yan\u0131 s\u0131ra bu kitap ayn\u0131 zamanda Almanya\u2019da ya\u015fayan T\u00fcrkler i\u00e7in de \u00f6nemli. Onlar da \u00f6zellikle ya\u015famlar\u0131ndan bir\u00e7ok izi bu kitapta bulacaklard\u0131r. Kitab\u0131n ba\u015f\u0131nda, \u201cE\u011fer T\u00fcrkiye ile Almanya s\u0131n\u0131rda\u015f olsayd\u0131 bir konfederasyon kurabilirlerdi\u201d diyorum. Fakat Almanya-T\u00fcrkiye ili\u015fkilerindeki son geli\u015fmeler g\u00f6z \u00f6n\u00fcne al\u0131nd\u0131\u011f\u0131nda bu s\u0131n\u0131rda\u015fl\u0131k, tam tersine \u00e7ok b\u00fcy\u00fck s\u00fcrt\u00fc\u015fmelere de yol a\u00e7acak bir zemin olu\u015fturabilirdi. De\u011ferlendirmelerinize sunuyorum.\u201d Prof. Dr. Faruk \u015een <\/p>\n","protected":false},"excerpt":{"rendered":"<p>\u201cAlmanya ve T\u00fcrkiye\u2019ye dair birikimlerimi payla\u015ft\u0131\u011f\u0131m bu kitaba dair siz okuyucular\u0131n g\u00f6r\u00fc\u015fleri benim i\u00e7in b\u00fcy\u00fck de\u011fer ta\u015f\u0131yor. T\u00fcrkiye\u2019deki okuyucular\u0131m\u0131n yan\u0131 s\u0131ra bu kitap ayn\u0131 zamanda Almanya\u2019da<span class=\"excerpt-hellip\"> [\u2026]<\/span><\/p>\n","protected":false},"featured_media":0,"template":"","meta":{"_monsterinsights_skip_tracking":false,"_monsterinsights_sitenote_active":false,"_monsterinsights_sitenote_note":"","_monsterinsights_sitenote_category":0},"product_brand":[],"product_cat":[31194,12337],"product_tag":[],"class_list":{"0":"post-710994","1":"product","2":"type-product","3":"status-publish","5":"product_cat-guncel-siyaset","6":"product_cat-politika-siyaset","7":"pa_cilt-ciltsiz","8":"pa_tur-kitap","9":"pa_yayinevi-kaynak-yayinlari","10":"pa_yazar-faruk-sen","12":"first","13":"instock","14":"sale","15":"shipping-taxable","16":"purchasable","17":"product-type-simple"},"_links":{"self":[{"href":"https:\/\/roveyayinevi.com.tr\/index.php\/wp-json\/wp\/v2\/product\/710994","targetHints":{"allow":["GET"]}}],"collection":[{"href":"https:\/\/roveyayinevi.com.tr\/index.php\/wp-json\/wp\/v2\/product"}],"about":[{"href":"https:\/\/roveyayinevi.com.tr\/index.php\/wp-json\/wp\/v2\/types\/product"}],"wp:attachment":[{"href":"https:\/\/roveyayinevi.com.tr\/index.php\/wp-json\/wp\/v2\/media?parent=710994"}],"wp:term":[{"taxonomy":"product_brand","embeddable":true,"href":"https:\/\/roveyayinevi.com.tr\/index.php\/wp-json\/wp\/v2\/product_brand?post=710994"},{"taxonomy":"product_cat","embeddable":true,"href":"https:\/\/roveyayinevi.com.tr\/index.php\/wp-json\/wp\/v2\/product_cat?post=710994"},{"taxonomy":"product_tag","embeddable":true,"href":"https:\/\/roveyayinevi.com.tr\/index.php\/wp-json\/wp\/v2\/product_tag?post=710994"}],"curies":[{"name":"wp","href":"https:\/\/api.w.org\/{rel}","templated":true}]}}