{"id":710976,"date":"2025-08-27T16:41:02","date_gmt":"2025-08-27T13:41:02","guid":{"rendered":"https:\/\/roveyayinevi.com.tr\/index.php\/urun\/kant-felsefesinin-politik-evreni\/"},"modified":"2026-04-16T02:19:44","modified_gmt":"2026-04-15T23:19:44","slug":"kant-felsefesinin-politik-evreni","status":"publish","type":"product","link":"https:\/\/roveyayinevi.com.tr\/index.php\/urun\/kant-felsefesinin-politik-evreni\/","title":{"rendered":"Kant Felsefesinin Politik Evreni"},"content":{"rendered":"<p>1789\u2019da Kant\u2019\u0131n yapt\u0131\u011f\u0131 \u00e7a\u011fr\u0131, SapereAude! \u2013akl\u0131n\u0131 kullanma cesaretini g\u00f6ster!\u2013 akl\u0131n kamusal ve ele\u015ftirel kullan\u0131m\u0131na yap\u0131lan bir davettir. Bu \u00e7a\u011fr\u0131 asl\u0131nda Kant\u00e7\u0131 ele\u015ftirel projenin ba\u011fr\u0131ndan \u00e7\u0131kar ve Kant\u2019\u0131n politik du\u0308\u015fu\u0308nme gelene\u011fi i\u00e7indeki yerini \u00f6zetler. Hakan \u00c7\u00f6rek\u00e7io\u011flu\u2019nun derledi\u011fi ve \u00e7evirdi\u011fi bu se\u00e7ki, hem Kant\u00e7\u0131 ele\u015ftirel akl\u0131n politik boyutuyla hem de Kant\u2019\u0131n politika felsefesiyle ilgili tart\u0131\u015fmalar\u0131 i\u00e7ermektedir. Bu tart\u0131\u015fmalarda Kant felsefesi politik olan\u0131n karakteri, kamusal ileti\u015fimin ilkeleri, ahlak-politika ili\u015fkisi, devrim, sivil itaatsizlik, kad\u0131n\u0131n politik durumu ve du\u0308nya bar\u0131\u015f\u0131 gibi bir dizi politik mesele u\u0308zerinden irdeleniyor. \u00c7a\u011fda\u015f politik sorunlar\u0131m\u0131z Kant\u00e7\u0131 bak\u0131\u015f a\u00e7\u0131s\u0131ndan ele al\u0131n\u0131rken Kant felsefesi de \u00e7a\u011fda\u015f sorunlarla ili\u015fkilendiriliyor. Bu se\u00e7ki ayn\u0131 zamanda Kant\u2019\u0131n en \u00f6nemli politik metinlerinden birini, Teori ve Pratik\u2019i de Tu\u0308rk\u00e7eye kazand\u0131r\u0131yor. <\/p>\n","protected":false},"excerpt":{"rendered":"<p>1789\u2019da Kant\u2019\u0131n yapt\u0131\u011f\u0131 \u00e7a\u011fr\u0131, SapereAude! \u2013akl\u0131n\u0131 kullanma cesaretini g\u00f6ster!\u2013 akl\u0131n kamusal ve ele\u015ftirel kullan\u0131m\u0131na yap\u0131lan bir davettir. Bu \u00e7a\u011fr\u0131 asl\u0131nda Kant\u00e7\u0131 ele\u015ftirel projenin ba\u011fr\u0131ndan \u00e7\u0131kar ve<span class=\"excerpt-hellip\"> [\u2026]<\/span><\/p>\n","protected":false},"featured_media":0,"template":"","meta":{"_monsterinsights_skip_tracking":false,"_monsterinsights_sitenote_active":false,"_monsterinsights_sitenote_note":"","_monsterinsights_sitenote_category":0},"product_brand":[],"product_cat":[12388,14717],"product_tag":[],"class_list":{"0":"post-710976","1":"product","2":"type-product","3":"status-publish","5":"product_cat-felsefe","6":"product_cat-felsefe-tarihi","7":"pa_cilt-ciltsiz","8":"pa_tur-kitap","9":"pa_yayinevi-ayrinti-yayinlari","10":"pa_yazar-kollektif","12":"first","13":"instock","14":"sale","15":"shipping-taxable","16":"purchasable","17":"product-type-simple"},"_links":{"self":[{"href":"https:\/\/roveyayinevi.com.tr\/index.php\/wp-json\/wp\/v2\/product\/710976","targetHints":{"allow":["GET"]}}],"collection":[{"href":"https:\/\/roveyayinevi.com.tr\/index.php\/wp-json\/wp\/v2\/product"}],"about":[{"href":"https:\/\/roveyayinevi.com.tr\/index.php\/wp-json\/wp\/v2\/types\/product"}],"wp:attachment":[{"href":"https:\/\/roveyayinevi.com.tr\/index.php\/wp-json\/wp\/v2\/media?parent=710976"}],"wp:term":[{"taxonomy":"product_brand","embeddable":true,"href":"https:\/\/roveyayinevi.com.tr\/index.php\/wp-json\/wp\/v2\/product_brand?post=710976"},{"taxonomy":"product_cat","embeddable":true,"href":"https:\/\/roveyayinevi.com.tr\/index.php\/wp-json\/wp\/v2\/product_cat?post=710976"},{"taxonomy":"product_tag","embeddable":true,"href":"https:\/\/roveyayinevi.com.tr\/index.php\/wp-json\/wp\/v2\/product_tag?post=710976"}],"curies":[{"name":"wp","href":"https:\/\/api.w.org\/{rel}","templated":true}]}}