{"id":710873,"date":"2025-08-27T16:40:07","date_gmt":"2025-08-27T13:40:07","guid":{"rendered":"https:\/\/roveyayinevi.com.tr\/index.php\/urun\/asena-meral-aksenerin-dunu-ve-bugunu\/"},"modified":"2026-04-16T02:19:27","modified_gmt":"2026-04-15T23:19:27","slug":"asena-meral-aksenerin-dunu-ve-bugunu","status":"publish","type":"product","link":"https:\/\/roveyayinevi.com.tr\/index.php\/urun\/asena-meral-aksenerin-dunu-ve-bugunu\/","title":{"rendered":"Asena : Meral Ak\u015fener&#8217;in D\u00fcn\u00fc Ve Bug\u00fcn\u00fc"},"content":{"rendered":"<p>ASENA  MERAL AK\u015eENER\u2019\u0130N D\u00dcN\u00dc VE BUG\u00dcN\u00dc     Gazeteci-yazar Sabahattin \u00d6nkibar, odak noktas\u0131nda Meral Ak\u015fener\u2019in bulundu\u011fu bu \u00e7al\u0131\u015fmas\u0131nda, \u00fclk\u00fcc\u00fc hareket, DYP, \u00c7iller, Susurluk, 28 \u015eubat, AKP, F ET\u00d6, Bah\u00e7eli, MHP ve Ak\u015fener\u2019in kuraca\u011f\u0131 yeni partiyle beraber yak\u0131n d\u00f6nemin siyasi r\u00f6ntgenini \u00e7ekiyor. Bug\u00fcne dek hi\u00e7 duyulmam\u0131\u015f bilgi ve anekdotlar aktaran \u00d6nkibar, Ak\u015fener\u2019in Erdo\u011fan\u2019a rakip olup olamayaca\u011f\u0131 tart\u0131\u015fmas\u0131 ekseninde, d\u00fcnden bug\u00fcne olaylar ve portreler galerisi olu\u015fturuyor. &#8211; Ak\u015fener, ne zaman \u201cKahrolsun Amerika!\u201d dedi\u2026 &#8211; \u201cA\u015fk\u0131m\u0131z galip geldi\u201d demesinin ard\u0131ndaki ger\u00e7ek ne\u2026 &#8211; Nas\u0131l milletvekili oldu\u2026 &#8211; Bakan olmas\u0131n\u0131 F ethullah G\u00fclen\u2019e mi bor\u00e7lu\u2026 &#8211; Gezi protestolar\u0131nda ne yapt\u0131, kiminle birlikteydi\u2026 &#8211; \u201c\u00dclk\u00fcc\u00fcl\u00fckten ge\u00e7inenler\u201d hakk\u0131nda ne d\u00fc\u015f\u00fcn\u00fcyor\u2026  \u201cBen onlar gibi daha ba\u015fbakan ve cumhurba\u015fkan\u0131 olmadan Beyaz Saray\u2019da a\u011f\u0131rlanmad\u0131m. ABD\u2019ye gidip icazet istemedim. S\u00f6zler vermedim. Onlar\u0131n arzusuyla BOP e\u015fba\u015fkan\u0131 olmad\u0131m&#8230;\u201d Meral Ak\u015fener <\/p>\n","protected":false},"excerpt":{"rendered":"<p>ASENA MERAL AK\u015eENER\u2019\u0130N D\u00dcN\u00dc VE BUG\u00dcN\u00dc Gazeteci-yazar Sabahattin \u00d6nkibar, odak noktas\u0131nda Meral Ak\u015fener\u2019in bulundu\u011fu bu \u00e7al\u0131\u015fmas\u0131nda, \u00fclk\u00fcc\u00fc hareket, DYP, \u00c7iller, Susurluk, 28 \u015eubat, AKP, F ET\u00d6,<span class=\"excerpt-hellip\"> [\u2026]<\/span><\/p>\n","protected":false},"featured_media":0,"template":"","meta":{"_monsterinsights_skip_tracking":false,"_monsterinsights_sitenote_active":false,"_monsterinsights_sitenote_note":"","_monsterinsights_sitenote_category":0},"product_brand":[],"product_cat":[12337],"product_tag":[],"class_list":{"0":"post-710873","1":"product","2":"type-product","3":"status-publish","5":"product_cat-politika-siyaset","6":"pa_cilt-ciltsiz","7":"pa_tur-kitap","8":"pa_yayinevi-kirmizi-kedi-yayinevi","9":"pa_yazar-sabahattin-onkibar","11":"first","12":"instock","13":"sale","14":"shipping-taxable","15":"purchasable","16":"product-type-simple"},"_links":{"self":[{"href":"https:\/\/roveyayinevi.com.tr\/index.php\/wp-json\/wp\/v2\/product\/710873","targetHints":{"allow":["GET"]}}],"collection":[{"href":"https:\/\/roveyayinevi.com.tr\/index.php\/wp-json\/wp\/v2\/product"}],"about":[{"href":"https:\/\/roveyayinevi.com.tr\/index.php\/wp-json\/wp\/v2\/types\/product"}],"wp:attachment":[{"href":"https:\/\/roveyayinevi.com.tr\/index.php\/wp-json\/wp\/v2\/media?parent=710873"}],"wp:term":[{"taxonomy":"product_brand","embeddable":true,"href":"https:\/\/roveyayinevi.com.tr\/index.php\/wp-json\/wp\/v2\/product_brand?post=710873"},{"taxonomy":"product_cat","embeddable":true,"href":"https:\/\/roveyayinevi.com.tr\/index.php\/wp-json\/wp\/v2\/product_cat?post=710873"},{"taxonomy":"product_tag","embeddable":true,"href":"https:\/\/roveyayinevi.com.tr\/index.php\/wp-json\/wp\/v2\/product_tag?post=710873"}],"curies":[{"name":"wp","href":"https:\/\/api.w.org\/{rel}","templated":true}]}}