{"id":710865,"date":"2025-08-27T16:40:02","date_gmt":"2025-08-27T13:40:02","guid":{"rendered":"https:\/\/roveyayinevi.com.tr\/index.php\/urun\/varligin-yeniden-insasi-ya-da-jorge-marinin-heykelleri\/"},"modified":"2026-04-16T02:19:27","modified_gmt":"2026-04-15T23:19:27","slug":"varligin-yeniden-insasi-ya-da-jorge-marinin-heykelleri","status":"publish","type":"product","link":"https:\/\/roveyayinevi.com.tr\/index.php\/urun\/varligin-yeniden-insasi-ya-da-jorge-marinin-heykelleri\/","title":{"rendered":"Varl\u0131\u011f\u0131n Yeniden \u0130n\u015fas\u0131 \u2013 Ya da Jorge Marin\u2019in heykelleri"},"content":{"rendered":"<p>\u00ab \u00d6znel, da\u011f\u0131n\u0131k, k\u0131smi, sezgisel olsa da duygular, anlamlar eylemini payla\u015fmak, bir sevgi ayn\u0131 zamanda da bir \u015fevkat eylemi\u2026 izostatik denge halindeki arzu ve melenkoli\u2026 imgelemin \u2018Anka Ku\u015fu\u2019 bir kez daha k\u00fcllerinden do\u011fuyor. Ah !.. Sanat mucizesi\u2026 \u015eimdiye kadar g\u00f6t\u00fcnmez olan\u0131 g\u00f6r\u00fcn\u00fcr k\u0131lan\u2026 Daha Ne olsun ?.. \u00bb (Pablo J. Rico)             Heykelin Picasso\u2019su kabul edilen Jorge Marin\u2019in heykellerinde,  ne yapt\u0131\u011f\u0131m\u0131z\u0131n, nerede yapt\u0131\u011f\u0131m\u0131z\u0131n ve neden yapt\u0131\u011f\u0131m\u0131z\u0131n deneyimini g\u00f6stererek, dolays\u0131z yorumunuzu ve k\u00fclt\u00fcrel arka plan\u0131n\u0131z\u0131 perspektife yerle\u015ftirerek toplumsal, tarihi ve ki\u015fisel varl\u0131\u011f\u0131m\u0131z\/varolu\u015fumuz sonunda b\u00fct\u00fcn yelpazesiyle g\u00f6r\u00fcl\u00fcyor.                     Bu kitapta, modern \u00e7a\u011f\u0131n heykeli size \u0131\u015f\u0131k tutuyor\u2026 Bodudelaire\u2019in, Rimbaud\u2019un, Apollinaire\u2019nin yak\u0131c\u0131 ate\u015fiyle\u2026 <\/p>\n","protected":false},"excerpt":{"rendered":"<p>\u00ab \u00d6znel, da\u011f\u0131n\u0131k, k\u0131smi, sezgisel olsa da duygular, anlamlar eylemini payla\u015fmak, bir sevgi ayn\u0131 zamanda da bir \u015fevkat eylemi\u2026 izostatik denge halindeki arzu ve melenkoli\u2026 imgelemin<span class=\"excerpt-hellip\"> [\u2026]<\/span><\/p>\n","protected":false},"featured_media":0,"template":"","meta":{"_monsterinsights_skip_tracking":false,"_monsterinsights_sitenote_active":false,"_monsterinsights_sitenote_note":"","_monsterinsights_sitenote_category":0},"product_brand":[],"product_cat":[22066,13527],"product_tag":[],"class_list":{"0":"post-710865","1":"product","2":"type-product","3":"status-publish","5":"product_cat-sanat-sureli-yayinlar","6":"product_cat-sureli-yayinlar","7":"pa_cilt-ciltsiz","8":"pa_tur-kitap","9":"pa_yayinevi-folkart-gallery","10":"pa_yazar-luisa-barrios-agustin-arteaga-pablo-j-rico","12":"first","13":"instock","14":"sale","15":"shipping-taxable","16":"purchasable","17":"product-type-simple"},"_links":{"self":[{"href":"https:\/\/roveyayinevi.com.tr\/index.php\/wp-json\/wp\/v2\/product\/710865","targetHints":{"allow":["GET"]}}],"collection":[{"href":"https:\/\/roveyayinevi.com.tr\/index.php\/wp-json\/wp\/v2\/product"}],"about":[{"href":"https:\/\/roveyayinevi.com.tr\/index.php\/wp-json\/wp\/v2\/types\/product"}],"wp:attachment":[{"href":"https:\/\/roveyayinevi.com.tr\/index.php\/wp-json\/wp\/v2\/media?parent=710865"}],"wp:term":[{"taxonomy":"product_brand","embeddable":true,"href":"https:\/\/roveyayinevi.com.tr\/index.php\/wp-json\/wp\/v2\/product_brand?post=710865"},{"taxonomy":"product_cat","embeddable":true,"href":"https:\/\/roveyayinevi.com.tr\/index.php\/wp-json\/wp\/v2\/product_cat?post=710865"},{"taxonomy":"product_tag","embeddable":true,"href":"https:\/\/roveyayinevi.com.tr\/index.php\/wp-json\/wp\/v2\/product_tag?post=710865"}],"curies":[{"name":"wp","href":"https:\/\/api.w.org\/{rel}","templated":true}]}}