{"id":710859,"date":"2025-08-27T16:39:59","date_gmt":"2025-08-27T13:39:59","guid":{"rendered":"https:\/\/roveyayinevi.com.tr\/index.php\/urun\/ahlakli-yurttas\/"},"modified":"2026-04-16T02:19:27","modified_gmt":"2026-04-15T23:19:27","slug":"ahlakli-yurttas","status":"publish","type":"product","link":"https:\/\/roveyayinevi.com.tr\/index.php\/urun\/ahlakli-yurttas\/","title":{"rendered":"Ahlakl\u0131 Yurtta\u015f"},"content":{"rendered":"<p>Cumhuriyet\u2019in ve demokrasinin ideallerine dayanarak XX. y\u00fczy\u0131l\u0131n ba\u015flar\u0131ndan itibaren yeniden kurumsalla\u015fan, toplumsal olarak d\u00f6n\u00fc\u015fen ve in\u015fa edilen T\u00fcrkiye i\u00e7in \u00f6nemsenen temel noktalardan biri iyi vatanda\u015f\u0131n, ahlakl\u0131 yurtta\u015f\u0131n nas\u0131l yeti\u015ftirilebilece\u011fiydi. Her anlamda yeti\u015fmi\u015f insan potansiyeli eksikli\u011finin hissedildi\u011fi T\u00fcrkiye&#8217;de; anayasal haklardan ahlaki \u00f6l\u00e7\u00fctlere uzanan geni\u015f bilgi y\u0131\u011f\u0131n\u0131na h\u00e2kim ahlakl\u0131 vatanda\u015f\u0131n yeti\u015ftirilmesinin anahtar\u0131 ise e\u011fitim olarak g\u00f6r\u00fcld\u00fc. Bu kitap, \u00f6\u011fretim programlar\u0131nda ve ders kitaplar\u0131nda hem ge\u00e7mi\u015fte ahlak e\u011fitiminde ne t\u00fcr y\u00f6ntemlerin kullan\u0131ld\u0131\u011f\u0131n\u0131 a\u00e7\u0131\u011fa \u00e7\u0131kartmakta hem de g\u00fcn\u00fcm\u00fczde nas\u0131l bir ahlak e\u011fitimi olmas\u0131 gerekti\u011fine dair ipu\u00e7lar\u0131 vermektedir.   Ayr\u0131ca bu eser II. Me\u015frutiyet y\u0131llar\u0131n\u0131n da birikimini g\u00f6z \u00f6n\u00fcnde bulundurarak \u00f6\u011fretim programlar\u0131ndan, ders kitaplar\u0131ndan ve ikincil kaynaklardan hareketle T\u00fcrkiye\u2019nin tarihindeki ve e\u011fitim d\u00fc\u015f\u00fcncesindeki iyi yurtta\u015f\u0131n ba\u015fka bir deyi\u015fle ahlakl\u0131 vatanda\u015f\u0131n nas\u0131l kurguland\u0131\u011f\u0131n\u0131 a\u00e7\u0131\u011fa \u00e7\u0131kartmaktad\u0131r. T\u00fcrkiye&#8217;de ahlak e\u011fitiminin ve e\u011fitim d\u00fc\u015f\u00fcncesinin nereden gelip nereye gitti\u011fine dair y\u00f6n tayin eden bu eserin e\u011fitim tarihi ve e\u011fitim felsefesi \u00fczerine \u00e7al\u0131\u015fmalar yapan ara\u015ft\u0131rmac\u0131lara katk\u0131 sa\u011flamas\u0131 beklenmektedir.   Seval Yinilmez Akag\u00fcnd\u00fcz 1985 Ankara do\u011fumlu olan Seval Yinilmez Akag\u00fcnd\u00fcz, Ankara \u00dcniversitesi, Dil ve Tarih-Co\u011frafya Fak\u00fcltesi, Felsefe B\u00f6l\u00fcm\u00fc\u2019n\u00fc 2007 y\u0131l\u0131nda dereceyle bitirdi. 2009 y\u0131l\u0131nda &#8220;Osmanl\u0131lar\u0131n Modernle\u015fme S\u00fcrecinde Yeni Bilim Anlay\u0131\u015f\u0131n\u0131n Etkisi: Do\u011fa Felsefesi mi, Fizik mi?&#8221; ba\u015fl\u0131kl\u0131 y\u00fcksek lisans tezini tamamlad\u0131.  2010-2016 y\u0131llar\u0131 aras\u0131nda Ankara \u00dcniversitesi, E\u011fitim Bilimleri Fak\u00fcltesi, E\u011fitim Felsefesi Anabilim dal\u0131nda, \u201cT\u00fcrkiye\u2019de Ahlak E\u011fitimi \u00dczerine Bir \u0130nceleme\u201d ba\u015fl\u0131kl\u0131 teziyle doktor oldu. 2017 y\u0131l\u0131nda Ahi Evran \u00dcniversitesi, Fen-Edebiyat Fak\u00fcltesi, Felsefe B\u00f6l\u00fcm\u00fc, Felsefe Tarihi Anabilim Dal\u0131na Yrd. Do\u00e7. Dr. olarak atand\u0131. Halen ayd\u0131 \u00fcniversite de g\u00f6revine devam etmektedir. Ahlak\u0131n bireyin ya\u015fant\u0131s\u0131, de\u011ferleri, tutum ve davran\u0131\u015flar\u0131n\u0131n ayr\u0131lmaz bir par\u00e7as\u0131 oldu\u011funu d\u00fc\u015f\u00fcnen Seval Yinilmez Akag\u00fcnd\u00fcz, e\u011fitim-\u00f6\u011fretim ad\u0131na yap\u0131lan \u00e7al\u0131\u015fmalar\u0131n temelinde ahlak e\u011fitiminin oldu\u011funu d\u00fc\u015f\u00fcnmektedir. Bu d\u00fczlemde ahlak e\u011fitimi ba\u015fta olmak \u00fczere, e\u011fitim felsefesi ve bilim felsefesi alanlar\u0131nda \u00e7e\u015fitli makale ve kitap b\u00f6l\u00fcm\u00fc bulunmaktad\u0131r. Ayr\u0131ca Say yay\u0131nlar\u0131ndan H\u00fcseyin Gazi Topdemir\u2019le birlikte haz\u0131rlad\u0131klar\u0131 ve 2. Bask\u0131s\u0131 2013 y\u0131l\u0131nda yap\u0131lan D\u00fcnyay\u0131 D\u00f6nd\u00fcren Adam: Galileo adl\u0131 bir kitap \u00e7al\u0131\u015fmas\u0131 da mevcuttur. <\/p>\n","protected":false},"excerpt":{"rendered":"<p>Cumhuriyet\u2019in ve demokrasinin ideallerine dayanarak XX. y\u00fczy\u0131l\u0131n ba\u015flar\u0131ndan itibaren yeniden kurumsalla\u015fan, toplumsal olarak d\u00f6n\u00fc\u015fen ve in\u015fa edilen T\u00fcrkiye i\u00e7in \u00f6nemsenen temel noktalardan biri iyi vatanda\u015f\u0131n, ahlakl\u0131<span class=\"excerpt-hellip\"> [\u2026]<\/span><\/p>\n","protected":false},"featured_media":0,"template":"","meta":{"_monsterinsights_skip_tracking":false,"_monsterinsights_sitenote_active":false,"_monsterinsights_sitenote_note":"","_monsterinsights_sitenote_category":0},"product_brand":[],"product_cat":[16038,12388],"product_tag":[],"class_list":{"0":"post-710859","1":"product","2":"type-product","3":"status-publish","5":"product_cat-arastirma-inceleme-referans-felsefe","6":"product_cat-felsefe","7":"pa_cilt-ciltsiz","8":"pa_tur-kitap","9":"pa_yayinevi-yeni-insan-yayinlari","10":"pa_yazar-seval-yinilmez","12":"first","13":"instock","14":"sale","15":"shipping-taxable","16":"purchasable","17":"product-type-simple"},"_links":{"self":[{"href":"https:\/\/roveyayinevi.com.tr\/index.php\/wp-json\/wp\/v2\/product\/710859","targetHints":{"allow":["GET"]}}],"collection":[{"href":"https:\/\/roveyayinevi.com.tr\/index.php\/wp-json\/wp\/v2\/product"}],"about":[{"href":"https:\/\/roveyayinevi.com.tr\/index.php\/wp-json\/wp\/v2\/types\/product"}],"wp:attachment":[{"href":"https:\/\/roveyayinevi.com.tr\/index.php\/wp-json\/wp\/v2\/media?parent=710859"}],"wp:term":[{"taxonomy":"product_brand","embeddable":true,"href":"https:\/\/roveyayinevi.com.tr\/index.php\/wp-json\/wp\/v2\/product_brand?post=710859"},{"taxonomy":"product_cat","embeddable":true,"href":"https:\/\/roveyayinevi.com.tr\/index.php\/wp-json\/wp\/v2\/product_cat?post=710859"},{"taxonomy":"product_tag","embeddable":true,"href":"https:\/\/roveyayinevi.com.tr\/index.php\/wp-json\/wp\/v2\/product_tag?post=710859"}],"curies":[{"name":"wp","href":"https:\/\/api.w.org\/{rel}","templated":true}]}}