{"id":710647,"date":"2025-08-27T16:38:07","date_gmt":"2025-08-27T13:38:07","guid":{"rendered":"https:\/\/roveyayinevi.com.tr\/index.php\/urun\/yasiyorsak-borcluyuz-taniklar-anlatiyor-10-ekim-ankara-katliami\/"},"modified":"2026-01-29T02:35:04","modified_gmt":"2026-01-28T23:35:04","slug":"yasiyorsak-borcluyuz-taniklar-anlatiyor-10-ekim-ankara-katliami","status":"publish","type":"product","link":"https:\/\/roveyayinevi.com.tr\/index.php\/urun\/yasiyorsak-borcluyuz-taniklar-anlatiyor-10-ekim-ankara-katliami\/","title":{"rendered":"Ya\u015f\u0131yorsak Bor\u00e7luyuz (Tan\u0131klar Anlat\u0131yor 10 Ekim Ankara Katliam\u0131)"},"content":{"rendered":"<p>10 Ekim 2015\u2019te Ankara\u2019da, Gar Meydan\u0131\u2019nda bir intihar sald\u0131r\u0131s\u0131 \u015fekline ger\u00e7ekle\u015ftirilen katliam, \u00fclkenin \u00f6zg\u00fcrl\u00fck\u00e7\u00fc, demokratik ve devrimci vicdan\u0131nda derin yaralar a\u00e7t\u0131. Bu sald\u0131r\u0131ya, mitinge kat\u0131lmak \u00fczere Kocaeli\u2019den Ankara\u2019ya gidenler de bizzat tan\u0131k oldu, gitmeyenler ya\u015fananlar\u0131n deh\u015fetiyle sars\u0131ld\u0131. Bu derleme, bu vah\u015fi sald\u0131r\u0131n\u0131n nedenlerinin anla\u015f\u0131lmas\u0131, b\u0131rakt\u0131\u011f\u0131 derin izlerin yerel ve merkezi \u00f6l\u00e7ekte de\u011ferlendirilmesi ve en \u00f6nemlisi de unutulmamas\u0131 i\u00e7in yap\u0131ld\u0131. \u00c7al\u0131\u015fman\u0131n ba\u015flang\u0131\u00e7 b\u00f6l\u00fcm\u00fc \u2018Emek, Bar\u0131\u015f ve Demokrasi Mitingi\u2019ne kat\u0131lanlar\u0131n g\u00f6zlemleri ile onlar\u0131 u\u011furlayan arkada\u015flar\u0131n\u0131n tan\u0131kl\u0131klar\u0131n\u0131 i\u00e7ermekte. \u0130zleyen b\u00f6l\u00fcmlerde tematik ortakl\u0131klar\u0131na g\u00f6re bir araya getirilen yaz\u0131larda katliam\u0131n tarihsel arka plan\u0131, medyada yans\u0131t\u0131lma bi\u00e7imi, sosyal ve siyasal sonu\u00e7lar\u0131, mek\u00e2nsal ve y\u00f6netsel boyutlar\u0131 tart\u0131\u015f\u0131lmakta. Disiplinleraras\u0131 bir derlemeyi olu\u015fturan ve Kocaeli\u2019de ya\u015fayan ara\u015ft\u0131rmac\u0131lar\u0131n yazd\u0131\u011f\u0131 bu makalelerde, katliam\u0131n farkl\u0131 a\u00e7\u0131lardan \u00e7ekilen foto\u011fraflar\u0131 ile T\u00fcrkiye siyasetinin de\u011fi\u015fmez par\u00e7as\u0131 olan \u015fiddet ve devletin s\u00fcreklilik g\u00f6stermeye devam eden otoriter y\u00fcz\u00fc sergilenirken muhalefet alan ve olas\u0131l\u0131klar\u0131na i\u015faret edilmekte. <\/p>\n","protected":false},"excerpt":{"rendered":"<p>10 Ekim 2015\u2019te Ankara\u2019da, Gar Meydan\u0131\u2019nda bir intihar sald\u0131r\u0131s\u0131 \u015fekline ger\u00e7ekle\u015ftirilen katliam, \u00fclkenin \u00f6zg\u00fcrl\u00fck\u00e7\u00fc, demokratik ve devrimci vicdan\u0131nda derin yaralar a\u00e7t\u0131. Bu sald\u0131r\u0131ya, mitinge kat\u0131lmak \u00fczere<span class=\"excerpt-hellip\"> [\u2026]<\/span><\/p>\n","protected":false},"featured_media":0,"template":"","meta":{"_monsterinsights_skip_tracking":false,"_monsterinsights_sitenote_active":false,"_monsterinsights_sitenote_note":"","_monsterinsights_sitenote_category":0},"product_brand":[],"product_cat":[16098,12337],"product_tag":[],"class_list":{"0":"post-710647","1":"product","2":"type-product","3":"status-publish","5":"product_cat-politik-akimlar-hareketler","6":"product_cat-politika-siyaset","7":"pa_cilt-ciltsiz","8":"pa_tur-kitap","9":"pa_yayinevi-utopya-yayinevi","10":"pa_yazar-ilhami-sahbaz-yucel-demirer","12":"first","13":"instock","14":"sale","15":"shipping-taxable","16":"purchasable","17":"product-type-simple"},"_links":{"self":[{"href":"https:\/\/roveyayinevi.com.tr\/index.php\/wp-json\/wp\/v2\/product\/710647","targetHints":{"allow":["GET"]}}],"collection":[{"href":"https:\/\/roveyayinevi.com.tr\/index.php\/wp-json\/wp\/v2\/product"}],"about":[{"href":"https:\/\/roveyayinevi.com.tr\/index.php\/wp-json\/wp\/v2\/types\/product"}],"wp:attachment":[{"href":"https:\/\/roveyayinevi.com.tr\/index.php\/wp-json\/wp\/v2\/media?parent=710647"}],"wp:term":[{"taxonomy":"product_brand","embeddable":true,"href":"https:\/\/roveyayinevi.com.tr\/index.php\/wp-json\/wp\/v2\/product_brand?post=710647"},{"taxonomy":"product_cat","embeddable":true,"href":"https:\/\/roveyayinevi.com.tr\/index.php\/wp-json\/wp\/v2\/product_cat?post=710647"},{"taxonomy":"product_tag","embeddable":true,"href":"https:\/\/roveyayinevi.com.tr\/index.php\/wp-json\/wp\/v2\/product_tag?post=710647"}],"curies":[{"name":"wp","href":"https:\/\/api.w.org\/{rel}","templated":true}]}}