{"id":710642,"date":"2025-08-27T16:38:05","date_gmt":"2025-08-27T13:38:05","guid":{"rendered":"https:\/\/roveyayinevi.com.tr\/index.php\/urun\/kirim-savasi-ve-osmanlilar\/"},"modified":"2026-04-16T02:19:22","modified_gmt":"2026-04-15T23:19:22","slug":"kirim-savasi-ve-osmanlilar","status":"publish","type":"product","link":"https:\/\/roveyayinevi.com.tr\/index.php\/urun\/kirim-savasi-ve-osmanlilar\/","title":{"rendered":"K\u0131r\u0131m Sava\u015f\u0131 ve Osmanl\u0131lar"},"content":{"rendered":"<p>K\u0131r\u0131m Sava\u015f\u0131 (1853-56) Avrupa tarihinde oldu\u011fu kadar Osmanl\u0131 tarihinde de belirleyici bir d\u00f6n\u00fcm noktas\u0131d\u0131r, ama \u00e7o\u011funlukla Avrupal\u0131lar\u0131n bak\u0131\u015f a\u00e7\u0131s\u0131ndan incelenip analiz edilmi\u015ftir. Buharl\u0131 ve z\u0131rhl\u0131 sava\u015f gemileri, demiryolu, telgraf ve uzun menzilli t\u00fcfek gibi sava\u015f sanat\u0131nda devrim yaratan end\u00fcstriyel bulu\u015flar ilk defa K\u0131r\u0131m Sava\u015f\u0131\u2019nda yayg\u0131n \u015fekilde kullan\u0131lm\u0131\u015f; sava\u015f muhabirleri, yepyeni bir bulu\u015f olan foto\u011fraf makinesi ve kitlesel medya, cephe gerisindeki kamuoyunun hayat\u0131na sava\u015f\u0131 ilk defa bu denli dahil etmi\u015ftir. Candan Badem\u2019in daha \u00f6nce kullan\u0131lmam\u0131\u015f Osmanl\u0131 ve Rus ar\u015fiv kaynaklar\u0131 ile Bat\u0131 dillerindeki mevcut literat\u00fcrden derinlemesine faydalanarak yazd\u0131\u011f\u0131 K\u0131r\u0131m Sava\u015f\u0131 ve Osmanl\u0131lar, bu sava\u015f\u0131n Osmanl\u0131 devleti ile toplumu \u00fczerindeki etkisine odaklan\u0131yor. Sava\u015f\u0131n mali, sosyal ve siyasi etkilerine dair yeni ve \u00f6zg\u00fcn g\u00f6r\u00fc\u015fler ortaya koyan Badem, Osmanl\u0131lar\u0131n hem akt\u00f6r hem de kurban olarak \u00f6neminin alt\u0131n\u0131 \u00e7iziyor. Osmanl\u0131 ve Avrupa kamuoyunun durumu ile sava\u015f\u0131n diplomatik, ekonomik ve siyasi sebeplerinin incelenmesinin yan\u0131 s\u0131ra, konuya dair olduk\u00e7a hacimli literat\u00fcr\u00fcn ele\u015ftirel de\u011ferlendirilmesi de eserde yer al\u0131yor. <\/p>\n","protected":false},"excerpt":{"rendered":"<p>K\u0131r\u0131m Sava\u015f\u0131 (1853-56) Avrupa tarihinde oldu\u011fu kadar Osmanl\u0131 tarihinde de belirleyici bir d\u00f6n\u00fcm noktas\u0131d\u0131r, ama \u00e7o\u011funlukla Avrupal\u0131lar\u0131n bak\u0131\u015f a\u00e7\u0131s\u0131ndan incelenip analiz edilmi\u015ftir. Buharl\u0131 ve z\u0131rhl\u0131 sava\u015f<span class=\"excerpt-hellip\"> [\u2026]<\/span><\/p>\n","protected":false},"featured_media":0,"template":"","meta":{"_monsterinsights_skip_tracking":false,"_monsterinsights_sitenote_active":false,"_monsterinsights_sitenote_note":"","_monsterinsights_sitenote_category":0},"product_brand":[],"product_cat":[13517,12304],"product_tag":[],"class_list":{"0":"post-710642","1":"product","2":"type-product","3":"status-publish","5":"product_cat-osmanli-tarihi","6":"product_cat-tarih","7":"pa_cilt-ciltsiz","8":"pa_tur-kitap","9":"pa_yayinevi-is-bankasi-kultur-yayinlari","10":"pa_yazar-candan-badem","12":"first","13":"instock","14":"sale","15":"shipping-taxable","16":"purchasable","17":"product-type-simple"},"_links":{"self":[{"href":"https:\/\/roveyayinevi.com.tr\/index.php\/wp-json\/wp\/v2\/product\/710642","targetHints":{"allow":["GET"]}}],"collection":[{"href":"https:\/\/roveyayinevi.com.tr\/index.php\/wp-json\/wp\/v2\/product"}],"about":[{"href":"https:\/\/roveyayinevi.com.tr\/index.php\/wp-json\/wp\/v2\/types\/product"}],"wp:attachment":[{"href":"https:\/\/roveyayinevi.com.tr\/index.php\/wp-json\/wp\/v2\/media?parent=710642"}],"wp:term":[{"taxonomy":"product_brand","embeddable":true,"href":"https:\/\/roveyayinevi.com.tr\/index.php\/wp-json\/wp\/v2\/product_brand?post=710642"},{"taxonomy":"product_cat","embeddable":true,"href":"https:\/\/roveyayinevi.com.tr\/index.php\/wp-json\/wp\/v2\/product_cat?post=710642"},{"taxonomy":"product_tag","embeddable":true,"href":"https:\/\/roveyayinevi.com.tr\/index.php\/wp-json\/wp\/v2\/product_tag?post=710642"}],"curies":[{"name":"wp","href":"https:\/\/api.w.org\/{rel}","templated":true}]}}