{"id":710574,"date":"2025-08-27T16:37:23","date_gmt":"2025-08-27T13:37:23","guid":{"rendered":"https:\/\/roveyayinevi.com.tr\/index.php\/urun\/altaylardan-kafkaslara-turk-devletleri\/"},"modified":"2026-04-16T02:19:20","modified_gmt":"2026-04-15T23:19:20","slug":"altaylardan-kafkaslara-turk-devletleri","status":"publish","type":"product","link":"https:\/\/roveyayinevi.com.tr\/index.php\/urun\/altaylardan-kafkaslara-turk-devletleri\/","title":{"rendered":"Altaylardan Kafkaslara T\u00fcrk Devletleri"},"content":{"rendered":"<p>Tarih\u00ee ge\u00e7mi\u015fi olduk\u00e7a eski ve binlerce y\u0131ldan beri T\u00fcrk boylar\u0131n\u0131n at ko\u015fturdu\u011fu Altaylardan Kafkaslara uzanan saha, \u0130skitler\/Sakalar devrinden itibaren tarihin ehemmiyet alan\u0131na giren b\u00f6lgelerin ba\u015f\u0131nda gelmi\u015ftir. Hz. Nuh\u2019un o\u011flu Yafes\u2019ten t\u00fcredi\u011fine inan\u0131lan, beyaz \u0131rka mensup olan ve Europid denilen grubun Turan\u00eed tipindeki breakisefal atl\u0131-sava\u015f\u00e7\u0131 T\u00fcrk soyunun anavatan\u0131 da bu co\u011frafyada yer alm\u0131\u015ft\u0131r.Altay Da\u011flar\u0131\u2019n\u0131n kuzeyi ile Sayan Da\u011flar\u0131\u2019n\u0131n g\u00fcneybat\u0131s\u0131 aras\u0131ndaki b\u00f6lge, Baykal G\u00f6l\u00fc\u2019n\u00fcn g\u00fcney-bat\u0131s\u0131na d\u00fc\u015fen Yenisey-Orkun sahas\u0131 yani Kutsal \u00d6t\u00fcken topraklar\u0131 T\u00fcrklerin ilk tarih sahnesine \u00e7\u0131kt\u0131klar\u0131 saha olmu\u015ftur. Nitekim en a\u015fa\u011f\u0131 5-6 bin y\u0131l \u00f6ncesine dayanan varolu\u015ftan itibaren tarihin belirleyici ba\u015fakt\u00f6r\u00fc olan T\u00fcrkler, Altaylardan Kafkaslara ula\u015fan alanda Hun, G\u00f6kt\u00fcrk, Uygur ba\u015fta olmak \u00fczere birbirini tamamlayan bir\u00e7ok devlet v\u00fccuda getirmi\u015flerdir. \u00d6zellikle kalbg\u00e2h olan T\u00fcrkistan co\u011frafyas\u0131; T\u00fcrklere sadece vatan vazifesi yapmam\u0131\u015f, hayat tarz\u0131ndan karakteristik yap\u0131s\u0131na kadar bir\u00e7ok noktada yabana at\u0131lmayacak derecede T\u00fcrk insan\u0131na etki etmi\u015ftir. \u00dczerinde ya\u015fan\u0131lanlar destanlara, efsanelere, hik\u00e2yelere, kitabelere ilham kayna\u011f\u0131 olmu\u015ftur. <\/p>\n","protected":false},"excerpt":{"rendered":"<p>Tarih\u00ee ge\u00e7mi\u015fi olduk\u00e7a eski ve binlerce y\u0131ldan beri T\u00fcrk boylar\u0131n\u0131n at ko\u015fturdu\u011fu Altaylardan Kafkaslara uzanan saha, \u0130skitler\/Sakalar devrinden itibaren tarihin ehemmiyet alan\u0131na giren b\u00f6lgelerin ba\u015f\u0131nda gelmi\u015ftir.<span class=\"excerpt-hellip\"> [\u2026]<\/span><\/p>\n","protected":false},"featured_media":0,"template":"","meta":{"_monsterinsights_skip_tracking":false,"_monsterinsights_sitenote_active":false,"_monsterinsights_sitenote_note":"","_monsterinsights_sitenote_category":0},"product_brand":[],"product_cat":[14841,13043],"product_tag":[],"class_list":{"0":"post-710574","1":"product","2":"type-product","3":"status-publish","5":"product_cat-arastirma-inceleme-kuram","6":"product_cat-ekonomi","7":"pa_cilt-ciltsiz","8":"pa_tur-kitap","9":"pa_yayinevi-yeditepe-yayinevi","10":"pa_yazar-ali-ahmetbeyoglu","12":"first","13":"instock","14":"sale","15":"shipping-taxable","16":"purchasable","17":"product-type-simple"},"_links":{"self":[{"href":"https:\/\/roveyayinevi.com.tr\/index.php\/wp-json\/wp\/v2\/product\/710574","targetHints":{"allow":["GET"]}}],"collection":[{"href":"https:\/\/roveyayinevi.com.tr\/index.php\/wp-json\/wp\/v2\/product"}],"about":[{"href":"https:\/\/roveyayinevi.com.tr\/index.php\/wp-json\/wp\/v2\/types\/product"}],"wp:attachment":[{"href":"https:\/\/roveyayinevi.com.tr\/index.php\/wp-json\/wp\/v2\/media?parent=710574"}],"wp:term":[{"taxonomy":"product_brand","embeddable":true,"href":"https:\/\/roveyayinevi.com.tr\/index.php\/wp-json\/wp\/v2\/product_brand?post=710574"},{"taxonomy":"product_cat","embeddable":true,"href":"https:\/\/roveyayinevi.com.tr\/index.php\/wp-json\/wp\/v2\/product_cat?post=710574"},{"taxonomy":"product_tag","embeddable":true,"href":"https:\/\/roveyayinevi.com.tr\/index.php\/wp-json\/wp\/v2\/product_tag?post=710574"}],"curies":[{"name":"wp","href":"https:\/\/api.w.org\/{rel}","templated":true}]}}