{"id":710532,"date":"2025-08-27T16:37:01","date_gmt":"2025-08-27T13:37:01","guid":{"rendered":"https:\/\/roveyayinevi.com.tr\/index.php\/urun\/alacakaranlik-gunce-yaz-defterleri-haziran-agustos-92\/"},"modified":"2025-11-22T04:19:51","modified_gmt":"2025-11-22T01:19:51","slug":"alacakaranlik-gunce-yaz-defterleri-haziran-agustos-92","status":"publish","type":"product","link":"https:\/\/roveyayinevi.com.tr\/index.php\/urun\/alacakaranlik-gunce-yaz-defterleri-haziran-agustos-92\/","title":{"rendered":"Alacakaranl\u0131k G\u00fcnce &#8211; Yaz Defterleri (Haziran-A\u011fustos \u201892)"},"content":{"rendered":"<p>\u201cNi\u00e7in yaz\u0131yoruz?\u201d sorusuna verilmi\u015f ki\u015fisel bir yan\u0131t Alacakaranl\u0131k G\u00fcnce Erken ya\u015fta yitirdi\u011fimiz Ali Teoman geride yay\u0131mlanmam\u0131\u015f dosyalar da b\u0131rakm\u0131\u015ft\u0131. Bunlardan biri, 1992\u2019nin Haziran-Temmuz aylar\u0131nda tuttu\u011fu bir defterdi. Teoman, son g\u00fcnlerinde, bu defteri temize \u00e7ekerek ve ad\u0131n\u0131 koyarak, yay\u0131mlanmas\u0131 dile\u011fiyle, yay\u0131nevimize teslim etmi\u015fti. De\u011ferli yazar\u0131m\u0131z\u0131n vasiyetini \u015fimdi yerine getiriyoruz. Alacakaranl\u0131k G\u00fcnce, 1992 yaz\u0131nda Paris\u2019te g\u00fcn\u00fcn ilk saatlerinde tutulmu\u015f, Teoman\u2019\u0131n anlat\u0131 d\u00fcnyas\u0131n\u0131n \u00e7ekirdekleriyle dolu bir defter. S\u00f6zc\u00fcklerin izini s\u00fcren gen\u00e7 bir yazar\u0131n d\u00fc\u015fleri, an\u0131lar\u0131, bi\u00e7em denemeleri&#8230; \u201cNi\u00e7in yaz\u0131yoruz?\u201d sorusuna verilmi\u015f ki\u015fisel bir yan\u0131t. Sanki bunlar bana dikte edilmi\u015fti; yazmam\u0131\u015f, yaln\u0131zca k\u00e2\u011f\u0131da ge\u00e7irmi\u015ftim. G\u00fcnceyi yay\u0131ma haz\u0131rlarken de, d\u00fczeltmeleri olabildi\u011fince azda tuttum, ekleme ve \u00e7\u0131kartma ise hi\u00e7 yapmad\u0131m. Yaln\u0131zca ki\u015fi adlar\u0131 yerine k\u0131saltmalar kulland\u0131m, ki bunun nedeninin de tahmin edilebilece\u011fini san\u0131yorum. Dolay\u0131s\u0131yla, elinizdeki bas\u0131l\u0131 metnin, elyazmas\u0131yla a\u015fa\u011f\u0131 yukar\u0131 ayn\u0131 oldu\u011fu s\u00f6ylenebilir. O odan\u0131n anarahmini and\u0131ran lo\u015flu\u011fu ve sessizli\u011fi bug\u00fcn h\u00e2l\u00e2 akl\u0131mda. O g\u00fcnleri \u00f6zl\u00fcyorum ve \u2013bunun olanaks\u0131z bir d\u00fc\u015f oldu\u011funu bilsem de\u2013 g\u00fcn\u00fcn birinde yine ayn\u0131 dingin ortam\u0131 bulabilmeyi diliyorum. <\/p>\n","protected":false},"excerpt":{"rendered":"<p>\u201cNi\u00e7in yaz\u0131yoruz?\u201d sorusuna verilmi\u015f ki\u015fisel bir yan\u0131t Alacakaranl\u0131k G\u00fcnce Erken ya\u015fta yitirdi\u011fimiz Ali Teoman geride yay\u0131mlanmam\u0131\u015f dosyalar da b\u0131rakm\u0131\u015ft\u0131. Bunlardan biri, 1992\u2019nin Haziran-Temmuz aylar\u0131nda tuttu\u011fu bir<span class=\"excerpt-hellip\"> [\u2026]<\/span><\/p>\n","protected":false},"featured_media":0,"template":"","meta":{"_monsterinsights_skip_tracking":false,"_monsterinsights_sitenote_active":false,"_monsterinsights_sitenote_note":"","_monsterinsights_sitenote_category":0},"product_brand":[],"product_cat":[12291,12292],"product_tag":[],"class_list":{"0":"post-710532","1":"product","2":"type-product","3":"status-publish","5":"product_cat-edebiyat","6":"product_cat-turk-edebiyati","7":"pa_cilt-ciltsiz","8":"pa_tur-kitap","9":"pa_yayinevi-yapi-kredi-yayinlari","10":"pa_yazar-ali-teoman","12":"first","13":"instock","14":"sale","15":"shipping-taxable","16":"purchasable","17":"product-type-simple"},"_links":{"self":[{"href":"https:\/\/roveyayinevi.com.tr\/index.php\/wp-json\/wp\/v2\/product\/710532","targetHints":{"allow":["GET"]}}],"collection":[{"href":"https:\/\/roveyayinevi.com.tr\/index.php\/wp-json\/wp\/v2\/product"}],"about":[{"href":"https:\/\/roveyayinevi.com.tr\/index.php\/wp-json\/wp\/v2\/types\/product"}],"wp:attachment":[{"href":"https:\/\/roveyayinevi.com.tr\/index.php\/wp-json\/wp\/v2\/media?parent=710532"}],"wp:term":[{"taxonomy":"product_brand","embeddable":true,"href":"https:\/\/roveyayinevi.com.tr\/index.php\/wp-json\/wp\/v2\/product_brand?post=710532"},{"taxonomy":"product_cat","embeddable":true,"href":"https:\/\/roveyayinevi.com.tr\/index.php\/wp-json\/wp\/v2\/product_cat?post=710532"},{"taxonomy":"product_tag","embeddable":true,"href":"https:\/\/roveyayinevi.com.tr\/index.php\/wp-json\/wp\/v2\/product_tag?post=710532"}],"curies":[{"name":"wp","href":"https:\/\/api.w.org\/{rel}","templated":true}]}}