{"id":710503,"date":"2025-08-27T16:36:45","date_gmt":"2025-08-27T13:36:45","guid":{"rendered":"https:\/\/roveyayinevi.com.tr\/index.php\/urun\/hayata-makas-atmak-bir-berberin-hayallerini-gerceklestirme-hikayesi\/"},"modified":"2026-04-16T02:19:19","modified_gmt":"2026-04-15T23:19:19","slug":"hayata-makas-atmak-bir-berberin-hayallerini-gerceklestirme-hikayesi","status":"publish","type":"product","link":"https:\/\/roveyayinevi.com.tr\/index.php\/urun\/hayata-makas-atmak-bir-berberin-hayallerini-gerceklestirme-hikayesi\/","title":{"rendered":"Hayata Makas Atmak (Bir Berberin Hayallerini Ger\u00e7ekle\u015ftirme Hikayesi)"},"content":{"rendered":"<p>Yolun ba\u015f\u0131ndayken kafas\u0131nda b\u00fcy\u00fck hayalleri vard\u0131 ama elinde yeterli imk\u00e2n yoktu. Hayallerinden ald\u0131\u011f\u0131 g\u00fc\u00e7le, elindeki makas\u0131 kullanarak, ad\u0131m ad\u0131m ilerledi. 15 ya\u015f\u0131nda geldi\u011fi \u0130stanbul\u2019da, hayata ba\u015far\u0131yla tutunabildi. S\u0131f\u0131rdan gelip, T\u00fcrkiye\u2019nin en ba\u015far\u0131l\u0131 erkek berberi oldu.    \u201c\u00dcnl\u00fclerin berberi\u201d \u015e\u00fckr\u00fc Dudu \u015fimdi de alan\u0131ndaki ilk kitab\u0131 yazd\u0131. Peki kitapta neler var?   \u0130lk b\u00f6l\u00fcmde an\u0131lar\u0131n\u0131 anlat\u0131yor. Hayaline giderken nelerle kar\u015f\u0131la\u015ft\u0131, kimlerle tan\u0131\u015ft\u0131, engelleri nas\u0131l a\u015ft\u0131? \u0130kinci b\u00f6l\u00fcmde, ya\u015fad\u0131klar\u0131ndan \u00f6\u011frendi\u011fi dersleri payla\u015f\u0131yor. Ki\u015fisel marka olmaktan insan se\u00e7me sanat\u0131na, ortakl\u0131k y\u00f6netiminden mesleki motivasyona bir\u00e7ok konuda tecr\u00fcbelerini anlat\u0131yor. Sonraki b\u00f6l\u00fcmde, Dudu\u2019nun T\u00fcrkiye\u2019nin en pop\u00fcler isimleri olan m\u00fc\u015fterileri hakk\u0131ndaki izlenimlerini bulacaks\u0131n\u0131z.    Kitap bir berberin hayallerini ger\u00e7ekle\u015ftirme hik\u00e2yesini anlatsa da, sadece berberler i\u00e7in yaz\u0131lmad\u0131. Hayat\u0131nda b\u00fcy\u00fck bir hayali olan herkes bu kitab\u0131 okumal\u0131\u2026 <\/p>\n","protected":false},"excerpt":{"rendered":"<p>Yolun ba\u015f\u0131ndayken kafas\u0131nda b\u00fcy\u00fck hayalleri vard\u0131 ama elinde yeterli imk\u00e2n yoktu. Hayallerinden ald\u0131\u011f\u0131 g\u00fc\u00e7le, elindeki makas\u0131 kullanarak, ad\u0131m ad\u0131m ilerledi. 15 ya\u015f\u0131nda geldi\u011fi \u0130stanbul\u2019da, hayata ba\u015far\u0131yla<span class=\"excerpt-hellip\"> [\u2026]<\/span><\/p>\n","protected":false},"featured_media":0,"template":"","meta":{"_monsterinsights_skip_tracking":false,"_monsterinsights_sitenote_active":false,"_monsterinsights_sitenote_note":"","_monsterinsights_sitenote_category":0},"product_brand":[],"product_cat":[12312,12304],"product_tag":[],"class_list":{"0":"post-710503","1":"product","2":"type-product","3":"status-publish","5":"product_cat-diger","6":"product_cat-tarih","7":"pa_cilt-ciltsiz","8":"pa_tur-kitap","9":"pa_yayinevi-alfa-yayinlari","10":"pa_yazar-sukru-duru","12":"first","13":"instock","14":"sale","15":"shipping-taxable","16":"purchasable","17":"product-type-simple"},"_links":{"self":[{"href":"https:\/\/roveyayinevi.com.tr\/index.php\/wp-json\/wp\/v2\/product\/710503","targetHints":{"allow":["GET"]}}],"collection":[{"href":"https:\/\/roveyayinevi.com.tr\/index.php\/wp-json\/wp\/v2\/product"}],"about":[{"href":"https:\/\/roveyayinevi.com.tr\/index.php\/wp-json\/wp\/v2\/types\/product"}],"wp:attachment":[{"href":"https:\/\/roveyayinevi.com.tr\/index.php\/wp-json\/wp\/v2\/media?parent=710503"}],"wp:term":[{"taxonomy":"product_brand","embeddable":true,"href":"https:\/\/roveyayinevi.com.tr\/index.php\/wp-json\/wp\/v2\/product_brand?post=710503"},{"taxonomy":"product_cat","embeddable":true,"href":"https:\/\/roveyayinevi.com.tr\/index.php\/wp-json\/wp\/v2\/product_cat?post=710503"},{"taxonomy":"product_tag","embeddable":true,"href":"https:\/\/roveyayinevi.com.tr\/index.php\/wp-json\/wp\/v2\/product_tag?post=710503"}],"curies":[{"name":"wp","href":"https:\/\/api.w.org\/{rel}","templated":true}]}}