{"id":710377,"date":"2025-08-27T16:35:06","date_gmt":"2025-08-27T13:35:06","guid":{"rendered":"https:\/\/roveyayinevi.com.tr\/index.php\/urun\/kayi-serisi-9-sonun-baslangici-osmanli-tarihi\/"},"modified":"2026-04-16T02:19:16","modified_gmt":"2026-04-15T23:19:16","slug":"kayi-serisi-9-sonun-baslangici-osmanli-tarihi","status":"publish","type":"product","link":"https:\/\/roveyayinevi.com.tr\/index.php\/urun\/kayi-serisi-9-sonun-baslangici-osmanli-tarihi\/","title":{"rendered":"Kay\u0131 Serisi 9 &#8211; Sonun Ba\u015flang\u0131c\u0131 (Osmanl\u0131 Tarihi)"},"content":{"rendered":"<p>\u201cCenab-\u0131 Hakk\u2019a \u015f\u00fck\u00fcrler olsun ki, bu kulunu b\u00fcy\u00fck ecdad\u0131n\u0131n eri\u015femedi\u011fi feth-i m\u00fcbine mazhar k\u0131ld\u0131. Sizleri de bu b\u00fcy\u00fck hizmette bulundurdu. Allah hepinizden raz\u0131 olsun. Sa\u2019yiniz me\u015fk\u00fbr olsun. Bundan b\u00f6yle birlik ve beraberlikle memleket i\u015flerini d\u00fczeltelim, halk\u0131n durumunu d\u00fczenleyelim.\u201dYeni\u00e7eri Oca\u011f\u0131\u2019n\u0131n kapat\u0131lmas\u0131 \u00fczerine Sultan II. Mahmud\u2019un yapt\u0131\u011f\u0131 konu\u015fmadan\u2026 Sultan II. Mahmud, i\u00e7kiden mi vefat etti? Ona kim, neden \u201cG\u00e2vur Padi\u015fah\u201d dedi?Rum Patrikhanesi\u2019ndeki \u201cintikam kap\u0131s\u0131\u201dn\u0131n h\u00e2l\u00e2 a\u00e7\u0131k olmas\u0131n\u0131n s\u0131rr\u0131 neydi?Tepedelenli Ali Pa\u015fa neden idam ettirildi?Kavalal\u0131 Mehmed Ali Pa\u015fa meselesinin i\u00e7 y\u00fcz\u00fc neydi?Tanzimat Ferman\u0131\u2019n\u0131n mimar\u0131 Mustafa Re\u015fid Pa\u015fa\u2019n\u0131n \u0130ngilizlerle ili\u015fkileri ne boyuttayd\u0131?Sultan Abd\u00fclmecid Navarin Bask\u0131n\u0131\u2019n\u0131 nas\u0131l kar\u015f\u0131lad\u0131?Mekke ve Medine\u2019ye en b\u00fcy\u00fck hizmetleri yapan padi\u015fah kimdi?\u0130lk Avrupa seyahati hangi padi\u015fah zaman\u0131nda ger\u00e7ekle\u015fti ve bu seyahat s\u0131ras\u0131nda neler ya\u015fand\u0131? Abd\u00fclaziz Han\u2019\u0131n \u00f6l\u00fcm\u00fc intihar m\u0131yd\u0131, katl mi?Sultan V. Murad\u2019\u0131n tahta ge\u00e7irilmesi bir Mason darbesi miydi?\u00c7erkes Hasan, H\u00fcseyin Avni Pa\u015fa\u2019y\u0131 neden \u00f6ld\u00fcrd\u00fc? Kay\u0131 boyunun hik\u00e2yesi Prof. Dr. Ahmet \u015eim\u015firgil\u2019in e\u015fsiz \u00fcslubuyla devam ediyor. \u015eim\u015firgil, KAYI IX: Sonun Ba\u015flang\u0131c\u0131 kitab\u0131yla okuru Osmanl\u0131 \u0130mparatorlu\u011fu\u2019nun b\u0131\u00e7ak s\u0131rt\u0131nda ge\u00e7irdi\u011fi y\u0131llara do\u011fru yolculu\u011fa \u00e7\u0131kar\u0131yor. Sultan II. Mahmud\u2019un merkez\u00ee otoriteyi yeniden tesis etme \u00e7abalar\u0131n\u0131, Sultan Abd\u00fclmecid\u2019in \u0131slahatlarla imparatorlu\u011fu ihya etme gayretlerini, Sultan Abd\u00fclaziz\u2019le yeniden \u015fahlanan mill\u00ee duru\u015fu ve Sultan V. Murad d\u00f6nemindeki ger\u00e7ekleri okuyucuya ula\u015ft\u0131r\u0131yor. <\/p>\n","protected":false},"excerpt":{"rendered":"<p>\u201cCenab-\u0131 Hakk\u2019a \u015f\u00fck\u00fcrler olsun ki, bu kulunu b\u00fcy\u00fck ecdad\u0131n\u0131n eri\u015femedi\u011fi feth-i m\u00fcbine mazhar k\u0131ld\u0131. Sizleri de bu b\u00fcy\u00fck hizmette bulundurdu. Allah hepinizden raz\u0131 olsun. Sa\u2019yiniz me\u015fk\u00fbr<span class=\"excerpt-hellip\"> [\u2026]<\/span><\/p>\n","protected":false},"featured_media":0,"template":"","meta":{"_monsterinsights_skip_tracking":false,"_monsterinsights_sitenote_active":false,"_monsterinsights_sitenote_note":"","_monsterinsights_sitenote_category":0},"product_brand":[],"product_cat":[13517,12304],"product_tag":[],"class_list":{"0":"post-710377","1":"product","2":"type-product","3":"status-publish","5":"product_cat-osmanli-tarihi","6":"product_cat-tarih","7":"pa_cilt-ciltsiz","8":"pa_tur-kitap","9":"pa_yayinevi-timas-yayinlari","10":"pa_yazar-ahmet-simsirgil","12":"first","13":"instock","14":"sale","15":"shipping-taxable","16":"purchasable","17":"product-type-simple"},"_links":{"self":[{"href":"https:\/\/roveyayinevi.com.tr\/index.php\/wp-json\/wp\/v2\/product\/710377","targetHints":{"allow":["GET"]}}],"collection":[{"href":"https:\/\/roveyayinevi.com.tr\/index.php\/wp-json\/wp\/v2\/product"}],"about":[{"href":"https:\/\/roveyayinevi.com.tr\/index.php\/wp-json\/wp\/v2\/types\/product"}],"wp:attachment":[{"href":"https:\/\/roveyayinevi.com.tr\/index.php\/wp-json\/wp\/v2\/media?parent=710377"}],"wp:term":[{"taxonomy":"product_brand","embeddable":true,"href":"https:\/\/roveyayinevi.com.tr\/index.php\/wp-json\/wp\/v2\/product_brand?post=710377"},{"taxonomy":"product_cat","embeddable":true,"href":"https:\/\/roveyayinevi.com.tr\/index.php\/wp-json\/wp\/v2\/product_cat?post=710377"},{"taxonomy":"product_tag","embeddable":true,"href":"https:\/\/roveyayinevi.com.tr\/index.php\/wp-json\/wp\/v2\/product_tag?post=710377"}],"curies":[{"name":"wp","href":"https:\/\/api.w.org\/{rel}","templated":true}]}}