{"id":710287,"date":"2025-08-27T16:34:19","date_gmt":"2025-08-27T13:34:19","guid":{"rendered":"https:\/\/roveyayinevi.com.tr\/index.php\/urun\/avrupanin-katli-1918-1942-siyasi-bir-tarih\/"},"modified":"2026-04-16T02:18:55","modified_gmt":"2026-04-15T23:18:55","slug":"avrupanin-katli-1918-1942-siyasi-bir-tarih","status":"publish","type":"product","link":"https:\/\/roveyayinevi.com.tr\/index.php\/urun\/avrupanin-katli-1918-1942-siyasi-bir-tarih\/","title":{"rendered":"Avrupa\u2019n\u0131n Katli 1918-1942 Siyasi Bir Tarih"},"content":{"rendered":"<p>\u00dcnl\u00fc tarih\u00e7i Howard M. Sachar, Avrupa\u2019da 1918-1939 y\u0131llar\u0131 aras\u0131nda ve sonras\u0131nda ger\u00e7ekle\u015fen siyasi suikastlar\u0131 ele ald\u0131\u011f\u0131 bu etkileyici kitapta, 20. y\u00fczy\u0131l Avrupas\u0131\u2019n\u0131n trajedisini yarat\u0131c\u0131 ve s\u00fcr\u00fckleyici bir dille anlat\u0131yor. Kamuoyunun yak\u0131ndan tan\u0131d\u0131\u011f\u0131 \u00f6nemli isimlerin, Birinci D\u00fcnya Sava\u015f\u0131 sonras\u0131ndaki \u00f6l\u00fcmlerini ara\u015ft\u0131rarak \u00e7ok daha geni\u015f bir tarihi, Avrupa uygarl\u0131\u011f\u0131n\u0131n ahlaki ve siyasi \u00e7\u00f6k\u00fc\u015f\u00fc ile \u0130kinci D\u00fcnya Sava\u015f\u0131\u2019na s\u00fcr\u00fcklenmesini g\u00f6zler \u00f6n\u00fcne seriyor. \u00c7arp\u0131c\u0131 \u00fcslubuyla bilinen Sachar, Almanya\u2019da birbirini izleyen ve nihayetinde Weimar Cumhuriyeti\u2019nin \u00e7\u00f6kmesine ve Hitler\u2019in iktidara gelmesine zemin haz\u0131rlayan Rosa Luxemburg, Kurt Eisner, Matthias Erzberger ve Walther Rathenau suikastlar\u0131n\u0131n izini s\u00fcr\u00fcyor. Sachar\u2019\u0131n \u0130talya, Avusturya, Do\u011fu Avrupa\u2019da kurulan ard\u0131l devletler ve Fransa\u2019daki siyasi k\u0131r\u0131lganl\u0131k \u00fczerine yapt\u0131\u011f\u0131 ara\u015ft\u0131rma, Eski D\u00fcnya\u2019n\u0131n \u00f6l\u00fcmc\u00fcl zay\u0131fl\u0131klar\u0131n\u0131 y\u00fcrek burkan fakat bir o kadar da merak uyand\u0131ran bir \u015fekilde ortaya koyuyor. Stefan ve Lotte Zweig\u2019\u0131n \u00f6l\u00fcmlerinin anlat\u0131ld\u0131\u011f\u0131 son b\u00f6l\u00fcm ise, bizzat Eski D\u00fcnya\u2019n\u0131n katledili\u015fi i\u00e7in d\u00fc\u015f\u00fcnd\u00fcr\u00fcc\u00fc bir metafor vazifesi g\u00f6r\u00fcyor. \u201cYirminci y\u00fczy\u0131l\u0131n belliba\u015fl\u0131 11 siyasi suikast\u0131n\u0131 canl\u0131 ve s\u00fcr\u00fckleyici bir dille anlatman\u0131n yan\u0131 s\u0131ra, usta bir tarih\u00e7inin nedenler ve sonu\u00e7lar \u00fczerine keskin analizlerini i\u00e7eren, elinizden b\u0131rakamayaca\u011f\u0131n\u0131z bir kitap.\u201d  Jacques Kornberg, Toronto \u00dcniversitesi   \u201cSachar, ya\u015famlar\u0131 suikast veya intiharla son bulan \u00f6nemli isimlere odaklanarak okurlar\u0131 Avrupa\u2019n\u0131n iki D\u00fcnya Sava\u015f\u0131 aras\u0131ndaki y\u0131llar\u0131nda kapsaml\u0131 bir gezintiye \u00e7\u0131kar\u0131yor. B\u00fcy\u00fck bir ustal\u0131kla \u00e7izdi\u011fi portreler, k\u0131tan\u0131n d\u00f6rt bir yan\u0131nda meydana gelen siyasi geli\u015fmelere \u0131\u015f\u0131k tutuyor. \u00d6yle ki bu ki\u015filerin \u00f6l\u00fcmleri, \u0130kinci D\u00fcnya Sava\u015f\u0131\u2019yla birlikte sona eren h\u00fcmanist gelene\u011fin \u00f6l\u00fcm\u00fc i\u00e7in bir metafora d\u00f6n\u00fc\u015fmekte. Bu kitap, Avrupa tarihinin \u00e7alkant\u0131l\u0131 bir d\u00f6nemini son derece ak\u0131c\u0131 bir dille anlat\u0131yor.\u201d Cecile E. Kuznitz, Bard College <\/p>\n","protected":false},"excerpt":{"rendered":"<p>\u00dcnl\u00fc tarih\u00e7i Howard M. Sachar, Avrupa\u2019da 1918-1939 y\u0131llar\u0131 aras\u0131nda ve sonras\u0131nda ger\u00e7ekle\u015fen siyasi suikastlar\u0131 ele ald\u0131\u011f\u0131 bu etkileyici kitapta, 20. y\u00fczy\u0131l Avrupas\u0131\u2019n\u0131n trajedisini yarat\u0131c\u0131 ve s\u00fcr\u00fckleyici<span class=\"excerpt-hellip\"> [\u2026]<\/span><\/p>\n","protected":false},"featured_media":0,"template":"","meta":{"_monsterinsights_skip_tracking":false,"_monsterinsights_sitenote_active":false,"_monsterinsights_sitenote_note":"","_monsterinsights_sitenote_category":0},"product_brand":[],"product_cat":[12305,12304],"product_tag":[],"class_list":{"0":"post-710287","1":"product","2":"type-product","3":"status-publish","5":"product_cat-dunya-tarihi","6":"product_cat-tarih","7":"pa_cilt-ciltsiz","8":"pa_tur-kitap","9":"pa_yayinevi-yapi-kredi-yayinlari","10":"pa_yazar-howard-m-sachar","12":"first","13":"instock","14":"sale","15":"shipping-taxable","16":"purchasable","17":"product-type-simple"},"_links":{"self":[{"href":"https:\/\/roveyayinevi.com.tr\/index.php\/wp-json\/wp\/v2\/product\/710287","targetHints":{"allow":["GET"]}}],"collection":[{"href":"https:\/\/roveyayinevi.com.tr\/index.php\/wp-json\/wp\/v2\/product"}],"about":[{"href":"https:\/\/roveyayinevi.com.tr\/index.php\/wp-json\/wp\/v2\/types\/product"}],"wp:attachment":[{"href":"https:\/\/roveyayinevi.com.tr\/index.php\/wp-json\/wp\/v2\/media?parent=710287"}],"wp:term":[{"taxonomy":"product_brand","embeddable":true,"href":"https:\/\/roveyayinevi.com.tr\/index.php\/wp-json\/wp\/v2\/product_brand?post=710287"},{"taxonomy":"product_cat","embeddable":true,"href":"https:\/\/roveyayinevi.com.tr\/index.php\/wp-json\/wp\/v2\/product_cat?post=710287"},{"taxonomy":"product_tag","embeddable":true,"href":"https:\/\/roveyayinevi.com.tr\/index.php\/wp-json\/wp\/v2\/product_tag?post=710287"}],"curies":[{"name":"wp","href":"https:\/\/api.w.org\/{rel}","templated":true}]}}