{"id":710277,"date":"2025-08-27T16:34:14","date_gmt":"2025-08-27T13:34:14","guid":{"rendered":"https:\/\/roveyayinevi.com.tr\/index.php\/urun\/nili-ortadoguda-casuslar-savasi\/"},"modified":"2026-04-16T02:18:54","modified_gmt":"2026-04-15T23:18:54","slug":"nili-ortadoguda-casuslar-savasi","status":"publish","type":"product","link":"https:\/\/roveyayinevi.com.tr\/index.php\/urun\/nili-ortadoguda-casuslar-savasi\/","title":{"rendered":"Nili: Ortado\u011fu&#8217;da Casuslar Sava\u015f\u0131"},"content":{"rendered":"<p>Casuslar\u0131n ortas\u0131ndaki Osmanl\u0131\u2026Y\u0131l 1915\u2026 Yer Ortado\u011fu\u2026Bug\u00fcne kadar T\u00fcrkiye\u2019de \u00fczerine \u00e7ok az ara\u015ft\u0131rma yap\u0131lm\u0131\u015f, Birinci D\u00fcnya Sava\u015f\u0131 y\u0131llar\u0131nda Filistin\u2019de kurulan tarihin en gizemli casusluk \u00f6rg\u00fctlerinden biri; N\u0130L\u0130.Osmanl\u0131 ordusu Ortado\u011fu\u2019yu savunmak i\u00e7in bir\u00e7ok cephede m\u00fccadele etmektedir. 1915\u2019te Aaron Aaronsohn \u00f6nderli\u011findeki bir grup gencin olu\u015fturdu\u011fu N\u0130L\u0130 \u00f6rg\u00fct\u00fc, i\u015fleri iyice zorla\u015ft\u0131rmaktad\u0131r. Memur olarak Osmanl\u0131 kararg\u00e2h\u0131na s\u0131zan \u00f6rg\u00fct \u00fcyeleri orduya dair gizli bilgileri \u0130ngiltere\u2019ye vermektedir.Osmanl\u0131 istihbarat\u0131 bir yandan N\u0130L\u0130\u2019yle me\u015fgulken di\u011fer yandan b\u00f6lgedeki \u201cba\u015f belas\u0131\u201d \u0130ngiliz casus Lawrence\u2019la da adeta sava\u015fmaktad\u0131r. Lawrence\u2019\u0131n haz\u0131rlad\u0131\u011f\u0131 H\u00e2\u015fim\u00ee \u0130syan\u0131\u2019n\u0131 uygulayan Mekke \u015eerifi H\u00fcseyin de B\u00fcy\u00fck Arap Krall\u0131\u011f\u0131\u2019n\u0131 kurabilmek i\u00e7in casuslarla i\u015f birli\u011fi yapmaktad\u0131r.Yak\u0131n \u00c7a\u011f Osmanl\u0131 Tarihi uzmanlar\u0131ndan Prof. Dr. Necmettin Alkan\u2019\u0131n haz\u0131rlad\u0131\u011f\u0131 bu eserle, okurlar hem soluksuz bir \u015fekilde Birinci D\u00fcnya Sava\u015f\u0131 y\u0131llar\u0131nda Ortado\u011fu\u2019da cereyan eden casuslar sava\u015f\u0131n\u0131 okuyacak hem de T\u00fcrkiye\u2019de ilk defa hakk\u0131nda derin bir ara\u015ft\u0131rma yap\u0131lan ve Filistin\u2019in kaderini belirleyen N\u0130L\u0130 casusluk \u00f6rg\u00fct\u00fcyle tan\u0131\u015facak.Modern Orta Do\u011fu\u2019nun \u015fekilleni\u015fini merak edenler i\u00e7in kaynak niteli\u011fi ta\u015f\u0131yacak kitapta okurlar \u015fu sorular\u0131n cevaplar\u0131n\u0131 bulabilecekler:Aaronsohn karde\u015fler N\u0130L\u0130\u2019yi nas\u0131l kurdular?N\u0130L\u0130\u2019nin faaliyetlerinde Cem\u00e2l Pa\u015fa\u2019n\u0131n bir ihmali var m\u0131yd\u0131?Aaronsohn karde\u015fler neyin kar\u015f\u0131l\u0131\u011f\u0131 olarak \u0130ngilizlerle i\u015f birli\u011fi yapt\u0131lar?N\u0130L\u0130 casuslar\u0131 ve Lawrence birlikte hareket ettiler mi?N\u0130L\u0130\u2019nin Filistin Cephesi\u2019ndeki Osmanl\u0131 ma\u011flubiyetindeki rol\u00fc nedir?Osmanl\u0131 istihbarat\u0131 i\u00e7lerine s\u0131zan N\u0130L\u0130\u2019yi nas\u0131l \u00e7\u00f6kertmi\u015fti?Kitapta okurlar\u0131, N\u0130L\u0130\u2019nin \u00f6nemli isimlerinden Alexander Aaronsohn\u2019un 1916\u2019da Amerika\u2019da propaganda i\u00e7in yay\u0131nlanan \u201cT\u00fcrk Ordusu\u2019yla Filistin\u2019de\u201d hat\u0131rat\u0131n\u0131n T\u00fcrk\u00e7e terc\u00fcmesi de bekliyor. <\/p>\n","protected":false},"excerpt":{"rendered":"<p>Casuslar\u0131n ortas\u0131ndaki Osmanl\u0131\u2026Y\u0131l 1915\u2026 Yer Ortado\u011fu\u2026Bug\u00fcne kadar T\u00fcrkiye\u2019de \u00fczerine \u00e7ok az ara\u015ft\u0131rma yap\u0131lm\u0131\u015f, Birinci D\u00fcnya Sava\u015f\u0131 y\u0131llar\u0131nda Filistin\u2019de kurulan tarihin en gizemli casusluk \u00f6rg\u00fctlerinden biri; N\u0130L\u0130.Osmanl\u0131<span class=\"excerpt-hellip\"> [\u2026]<\/span><\/p>\n","protected":false},"featured_media":0,"template":"","meta":{"_monsterinsights_skip_tracking":false,"_monsterinsights_sitenote_active":false,"_monsterinsights_sitenote_note":"","_monsterinsights_sitenote_category":0},"product_brand":[],"product_cat":[13517,12304],"product_tag":[],"class_list":{"0":"post-710277","1":"product","2":"type-product","3":"status-publish","5":"product_cat-osmanli-tarihi","6":"product_cat-tarih","7":"pa_cilt-ciltsiz","8":"pa_tur-kitap","9":"pa_yayinevi-kronik-kitap","10":"pa_yazar-necmettin-alkan","12":"first","13":"instock","14":"sale","15":"shipping-taxable","16":"purchasable","17":"product-type-simple"},"_links":{"self":[{"href":"https:\/\/roveyayinevi.com.tr\/index.php\/wp-json\/wp\/v2\/product\/710277","targetHints":{"allow":["GET"]}}],"collection":[{"href":"https:\/\/roveyayinevi.com.tr\/index.php\/wp-json\/wp\/v2\/product"}],"about":[{"href":"https:\/\/roveyayinevi.com.tr\/index.php\/wp-json\/wp\/v2\/types\/product"}],"wp:attachment":[{"href":"https:\/\/roveyayinevi.com.tr\/index.php\/wp-json\/wp\/v2\/media?parent=710277"}],"wp:term":[{"taxonomy":"product_brand","embeddable":true,"href":"https:\/\/roveyayinevi.com.tr\/index.php\/wp-json\/wp\/v2\/product_brand?post=710277"},{"taxonomy":"product_cat","embeddable":true,"href":"https:\/\/roveyayinevi.com.tr\/index.php\/wp-json\/wp\/v2\/product_cat?post=710277"},{"taxonomy":"product_tag","embeddable":true,"href":"https:\/\/roveyayinevi.com.tr\/index.php\/wp-json\/wp\/v2\/product_tag?post=710277"}],"curies":[{"name":"wp","href":"https:\/\/api.w.org\/{rel}","templated":true}]}}