{"id":710028,"date":"2025-08-27T16:31:47","date_gmt":"2025-08-27T13:31:47","guid":{"rendered":"https:\/\/roveyayinevi.com.tr\/index.php\/urun\/ataturk-ve-turk-devrimi-ulkeye-adanmis-bir-yasam-2\/"},"modified":"2026-04-16T02:18:49","modified_gmt":"2026-04-15T23:18:49","slug":"ataturk-ve-turk-devrimi-ulkeye-adanmis-bir-yasam-2","status":"publish","type":"product","link":"https:\/\/roveyayinevi.com.tr\/index.php\/urun\/ataturk-ve-turk-devrimi-ulkeye-adanmis-bir-yasam-2\/","title":{"rendered":"Atat\u00fcrk ve T\u00fcrk Devrimi &#8211; \u00dclkeye Adanm\u0131\u015f Bir Ya\u015fam 2"},"content":{"rendered":"<p>\u201cU\u00e7urumun kenar\u0131nda y\u0131k\u0131k bir \u00fclke. Her \u00e7e\u015fit d\u00fc\u015fmanla kanl\u0131 bo\u011fu\u015fmalar. Y\u0131llarca s\u00fcren sava\u015f. Ondan sonra i\u00e7erde ve d\u0131\u015farda sayg\u0131 ile tan\u0131nan yeni bir vatan, yeni toplum, yeni devlet ve bunlar\u0131 ba\u015farmak i\u00e7in s\u00fcrekli devrimler\u2026\u201d &#8211; Mustafa Kemal Atat\u00fcrk -Sava\u015f kazan\u0131lm\u0131\u015f, vatan topra\u011f\u0131 d\u00fc\u015fman i\u015fgalinden kurtar\u0131lm\u0131\u015ft\u0131. Ancak as\u0131l sava\u015f \u015fimdi ba\u015fl\u0131yordu. Mustafa Kemal Atat\u00fcrk uzun y\u0131llard\u0131r planlad\u0131\u011f\u0131 devrimleri bir bir hayata ge\u00e7irecekti. Ancak bu zorlu s\u00fcre\u00e7te yoksulluk kadar kar\u015f\u0131tlar\u0131n\u0131n y\u0131k\u0131c\u0131 eylemleriyle de m\u00fccadele etmek gerekecekti.Metin Aydo\u011fan, Atat\u00fcrk ve T\u00fcrk Devrimi \u2019nde t\u00fcm d\u00fcnyan\u0131n sayg\u0131yla izledi\u011fi devrimlerin hayata ge\u00e7i\u015f s\u00fcrecini ve o devrimlerin \u00f6nderini az bilinen y\u00f6nleri ile ele al\u0131yor. <\/p>\n","protected":false},"excerpt":{"rendered":"<p>\u201cU\u00e7urumun kenar\u0131nda y\u0131k\u0131k bir \u00fclke. Her \u00e7e\u015fit d\u00fc\u015fmanla kanl\u0131 bo\u011fu\u015fmalar. Y\u0131llarca s\u00fcren sava\u015f. Ondan sonra i\u00e7erde ve d\u0131\u015farda sayg\u0131 ile tan\u0131nan yeni bir vatan, yeni toplum,<span class=\"excerpt-hellip\"> [\u2026]<\/span><\/p>\n","protected":false},"featured_media":0,"template":"","meta":{"_monsterinsights_skip_tracking":false,"_monsterinsights_sitenote_active":false,"_monsterinsights_sitenote_note":"","_monsterinsights_sitenote_category":0},"product_brand":[],"product_cat":[12530,12304],"product_tag":[],"class_list":{"0":"post-710028","1":"product","2":"type-product","3":"status-publish","5":"product_cat-mustafa-kemal-ataturk","6":"product_cat-tarih","7":"pa_cilt-ciltsiz","8":"pa_tur-kitap","9":"pa_yayinevi-inkilap-kitabevi","10":"pa_yazar-metin-aydogan","12":"first","13":"instock","14":"sale","15":"shipping-taxable","16":"purchasable","17":"product-type-simple"},"_links":{"self":[{"href":"https:\/\/roveyayinevi.com.tr\/index.php\/wp-json\/wp\/v2\/product\/710028","targetHints":{"allow":["GET"]}}],"collection":[{"href":"https:\/\/roveyayinevi.com.tr\/index.php\/wp-json\/wp\/v2\/product"}],"about":[{"href":"https:\/\/roveyayinevi.com.tr\/index.php\/wp-json\/wp\/v2\/types\/product"}],"wp:attachment":[{"href":"https:\/\/roveyayinevi.com.tr\/index.php\/wp-json\/wp\/v2\/media?parent=710028"}],"wp:term":[{"taxonomy":"product_brand","embeddable":true,"href":"https:\/\/roveyayinevi.com.tr\/index.php\/wp-json\/wp\/v2\/product_brand?post=710028"},{"taxonomy":"product_cat","embeddable":true,"href":"https:\/\/roveyayinevi.com.tr\/index.php\/wp-json\/wp\/v2\/product_cat?post=710028"},{"taxonomy":"product_tag","embeddable":true,"href":"https:\/\/roveyayinevi.com.tr\/index.php\/wp-json\/wp\/v2\/product_tag?post=710028"}],"curies":[{"name":"wp","href":"https:\/\/api.w.org\/{rel}","templated":true}]}}