{"id":710027,"date":"2025-08-27T16:31:47","date_gmt":"2025-08-27T13:31:47","guid":{"rendered":"https:\/\/roveyayinevi.com.tr\/index.php\/urun\/mustafa-kemal-ve-kurtulus-savasi-ulkeye-adanmis-bir-yasam-1\/"},"modified":"2025-09-15T11:03:59","modified_gmt":"2025-09-15T08:03:59","slug":"mustafa-kemal-ve-kurtulus-savasi-ulkeye-adanmis-bir-yasam-1","status":"publish","type":"product","link":"https:\/\/roveyayinevi.com.tr\/index.php\/urun\/mustafa-kemal-ve-kurtulus-savasi-ulkeye-adanmis-bir-yasam-1\/","title":{"rendered":"Mustafa Kemal ve Kurtulu\u015f Sava\u015f\u0131 \u00dclkeye &#8211; Adanm\u0131\u015f Bir Ya\u015fam 1"},"content":{"rendered":"<p>\u201cOrdu ad\u0131 var kendi yok durumda. Komutanlar ve subaylar, Genel Sava\u015f\u2019\u0131n bunca s\u0131k\u0131nt\u0131 ve g\u00fc\u00e7l\u00fckleriyle yorgun, vatan\u0131n par\u00e7alanmakta oldu\u011funu g\u00f6rerek y\u00fcrekleri kan a\u011fl\u0131yor; g\u00f6zleri \u00f6n\u00fcnde derinle\u015fen karanl\u0131k felaket u\u00e7urumunun k\u0131y\u0131s\u0131nda, kafalar\u0131 \u00e7\u0131kar yol, bir kurtulu\u015f yolu ar\u0131yor\u2026\u201d NutukMetin Aydo\u011fan\u2019\u0131n iki kitapl\u0131k \u00dclkeye Adanm\u0131\u015f Bir Ya\u015fam serisinin ilk cildi Mustafa Kemal ve Kurtulu\u015f Sava\u015f\u0131,  Cumhuriyet\u2019in nas\u0131l kuruldu\u011funu daha iyi anlamak i\u00e7in \u00f6ncelikle Osmanl\u0131 Devleti\u2019nin nas\u0131l y\u0131k\u0131ld\u0131\u011f\u0131n\u0131 anlatmakla i\u015fe bal\u0131yor. Viyana ku\u015fatmas\u0131ndan itibaren g\u00fcc\u00fcn\u00fc yitirmeye ba\u015flayan imparatorlu\u011fun topraklar\u0131n\u0131 payla\u015fmak i\u00e7in Bat\u0131l\u0131lar taraf\u0131ndan bir f\u0131rsat olarak g\u00f6r\u00fclen I.D\u00fcnya Sava\u015f\u0131 bile, Anadolu insan\u0131n\u0131n ba\u011f\u0131ms\u0131zl\u0131k arzusunun \u00f6n\u00fcne ge\u00e7emedi. B\u00fcy\u00fck zorluklarla ba\u015flat\u0131lan m\u00fccadele, i\u015fgalci devletler kadar Saray\u2019a ve i\u00e7erideki d\u00fc\u015fmanlara kar\u015f\u0131 da y\u00fcr\u00fct\u00fclmek zorundayd\u0131. \u015eartlar \u00e7etindi ama ba\u011f\u0131ms\u0131zl\u0131k i\u00e7in \u00f6l\u00fcm\u00fc g\u00f6ze alan bir lider ve arkada\u015flar\u0131, emperyalist devletlerin boyunduru\u011fu alt\u0131na girmeye kar\u015f\u0131 \u00e7\u0131kan bir ulusla birlikte e\u015fsiz bir zaferi ger\u00e7ekle\u015ftirecekti. <\/p>\n","protected":false},"excerpt":{"rendered":"<p>\u201cOrdu ad\u0131 var kendi yok durumda. Komutanlar ve subaylar, Genel Sava\u015f\u2019\u0131n bunca s\u0131k\u0131nt\u0131 ve g\u00fc\u00e7l\u00fckleriyle yorgun, vatan\u0131n par\u00e7alanmakta oldu\u011funu g\u00f6rerek y\u00fcrekleri kan a\u011fl\u0131yor; g\u00f6zleri \u00f6n\u00fcnde derinle\u015fen<span class=\"excerpt-hellip\"> [\u2026]<\/span><\/p>\n","protected":false},"featured_media":0,"template":"","meta":{"_monsterinsights_skip_tracking":false,"_monsterinsights_sitenote_active":false,"_monsterinsights_sitenote_note":"","_monsterinsights_sitenote_category":0},"product_brand":[],"product_cat":[12530,12304],"product_tag":[],"class_list":{"0":"post-710027","1":"product","2":"type-product","3":"status-publish","5":"product_cat-mustafa-kemal-ataturk","6":"product_cat-tarih","7":"pa_cilt-ciltsiz","8":"pa_tur-kitap","9":"pa_yayinevi-inkilap-kitabevi","10":"pa_yazar-metin-aydogan","12":"first","13":"instock","14":"sale","15":"shipping-taxable","16":"purchasable","17":"product-type-simple"},"_links":{"self":[{"href":"https:\/\/roveyayinevi.com.tr\/index.php\/wp-json\/wp\/v2\/product\/710027","targetHints":{"allow":["GET"]}}],"collection":[{"href":"https:\/\/roveyayinevi.com.tr\/index.php\/wp-json\/wp\/v2\/product"}],"about":[{"href":"https:\/\/roveyayinevi.com.tr\/index.php\/wp-json\/wp\/v2\/types\/product"}],"wp:attachment":[{"href":"https:\/\/roveyayinevi.com.tr\/index.php\/wp-json\/wp\/v2\/media?parent=710027"}],"wp:term":[{"taxonomy":"product_brand","embeddable":true,"href":"https:\/\/roveyayinevi.com.tr\/index.php\/wp-json\/wp\/v2\/product_brand?post=710027"},{"taxonomy":"product_cat","embeddable":true,"href":"https:\/\/roveyayinevi.com.tr\/index.php\/wp-json\/wp\/v2\/product_cat?post=710027"},{"taxonomy":"product_tag","embeddable":true,"href":"https:\/\/roveyayinevi.com.tr\/index.php\/wp-json\/wp\/v2\/product_tag?post=710027"}],"curies":[{"name":"wp","href":"https:\/\/api.w.org\/{rel}","templated":true}]}}