{"id":709993,"date":"2025-08-27T16:31:29","date_gmt":"2025-08-27T13:31:29","guid":{"rendered":"https:\/\/roveyayinevi.com.tr\/index.php\/urun\/liberal-demokrasi-ozgurluk-ve-esitlik-icin\/"},"modified":"2026-04-16T02:18:48","modified_gmt":"2026-04-15T23:18:48","slug":"liberal-demokrasi-ozgurluk-ve-esitlik-icin","status":"publish","type":"product","link":"https:\/\/roveyayinevi.com.tr\/index.php\/urun\/liberal-demokrasi-ozgurluk-ve-esitlik-icin\/","title":{"rendered":"Liberal Demokrasi &#8211; \u00d6zg\u00fcrl\u00fck ve E\u015fitlik i\u00e7in"},"content":{"rendered":"<p>\u00d6zg\u00fcrl\u00fck ve e\u015fitlik kavramlar\u0131n\u0131n birbirleriyle uzla\u015ft\u0131r\u0131lmas\u0131 binlerce y\u0131ld\u0131r siyaset filozoflar\u0131n\u0131 me\u015fgul eden bir konu olmu\u015ftur. Bu iki kavram\u0131n uyumlu bir birlikteli\u011fi liberal demokratik siyasi d\u00fczen i\u00e7inde m\u00fcmk\u00fcn olmu\u015ftur. Bir kimsenin hayat\u0131n\u0131 diledi\u011fi gibi y\u00f6nlendirebilmesine imkan tan\u0131yan &#8220;\u00f6zg\u00fcrl\u00fck&#8221;; ve insan olmas\u0131 nedeniyle e\u015fit sayg\u0131y\u0131 haketmesi anlam\u0131ndaki &#8220;e\u015fitlik&#8221; liberal demokratik d\u00fczenin temel nosyonlar\u0131d\u0131r. Bu nosyonlar siyasi alanda hukukun \u00fcst\u00fcnl\u00fc\u011f\u00fcne dayal\u0131 &#8220;anayasal demokrasi&#8221;; ekonomik alanda da rekabet\u00e7i &#8220;piyasa ekonomisi&#8221; ile kurumsalla\u015ft\u0131r\u0131lm\u0131\u015ft\u0131r. Bu sistemin yerle\u015fti\u011fi \u00fclkeler hem \u00f6zg\u00fcr hem de m\u00fcreffeh \u00fclkelerdir. H\u00fcsamettin Ayd\u0131n elinizdeki bu eserinde liberal demokrasinin temel nosyon ve kurumlar\u0131n\u0131 kendi hayat tecr\u00fcbeleri ve okumalar\u0131 \u0131\u015f\u0131\u011f\u0131nda ele al\u0131p \u00e7arp\u0131c\u0131 bir bi\u00e7imde yorumluyor. Eser, okuyucuyu bilgilendirirken d\u00fc\u015f\u00fcnmeye ve sorgulamaya da sevk ediyor. <\/p>\n","protected":false},"excerpt":{"rendered":"<p>\u00d6zg\u00fcrl\u00fck ve e\u015fitlik kavramlar\u0131n\u0131n birbirleriyle uzla\u015ft\u0131r\u0131lmas\u0131 binlerce y\u0131ld\u0131r siyaset filozoflar\u0131n\u0131 me\u015fgul eden bir konu olmu\u015ftur. Bu iki kavram\u0131n uyumlu bir birlikteli\u011fi liberal demokratik siyasi d\u00fczen i\u00e7inde<span class=\"excerpt-hellip\"> [\u2026]<\/span><\/p>\n","protected":false},"featured_media":0,"template":"","meta":{"_monsterinsights_skip_tracking":false,"_monsterinsights_sitenote_active":false,"_monsterinsights_sitenote_note":"","_monsterinsights_sitenote_category":0},"product_brand":[],"product_cat":[12351,12324],"product_tag":[],"class_list":{"0":"post-709993","1":"product","2":"type-product","3":"status-publish","5":"product_cat-siyaset-sosyolojisi","6":"product_cat-sosyoloji","7":"pa_cilt-ciltsiz","8":"pa_tur-kitap","9":"pa_yayinevi-bigbang-yayinlari","10":"pa_yazar-husamettin-aydin","12":"first","13":"instock","14":"sale","15":"shipping-taxable","16":"purchasable","17":"product-type-simple"},"_links":{"self":[{"href":"https:\/\/roveyayinevi.com.tr\/index.php\/wp-json\/wp\/v2\/product\/709993","targetHints":{"allow":["GET"]}}],"collection":[{"href":"https:\/\/roveyayinevi.com.tr\/index.php\/wp-json\/wp\/v2\/product"}],"about":[{"href":"https:\/\/roveyayinevi.com.tr\/index.php\/wp-json\/wp\/v2\/types\/product"}],"wp:attachment":[{"href":"https:\/\/roveyayinevi.com.tr\/index.php\/wp-json\/wp\/v2\/media?parent=709993"}],"wp:term":[{"taxonomy":"product_brand","embeddable":true,"href":"https:\/\/roveyayinevi.com.tr\/index.php\/wp-json\/wp\/v2\/product_brand?post=709993"},{"taxonomy":"product_cat","embeddable":true,"href":"https:\/\/roveyayinevi.com.tr\/index.php\/wp-json\/wp\/v2\/product_cat?post=709993"},{"taxonomy":"product_tag","embeddable":true,"href":"https:\/\/roveyayinevi.com.tr\/index.php\/wp-json\/wp\/v2\/product_tag?post=709993"}],"curies":[{"name":"wp","href":"https:\/\/api.w.org\/{rel}","templated":true}]}}