{"id":709910,"date":"2025-08-27T16:30:43","date_gmt":"2025-08-27T13:30:43","guid":{"rendered":"https:\/\/roveyayinevi.com.tr\/index.php\/urun\/barbarliktan-medeniyete-vikingler\/"},"modified":"2026-04-16T02:18:46","modified_gmt":"2026-04-15T23:18:46","slug":"barbarliktan-medeniyete-vikingler","status":"publish","type":"product","link":"https:\/\/roveyayinevi.com.tr\/index.php\/urun\/barbarliktan-medeniyete-vikingler\/","title":{"rendered":"Barbarl\u0131ktan Medeniyete Vikingler"},"content":{"rendered":"<p>On birinci y\u00fczy\u0131lda hen\u00fcz Viking \u00c7a\u011f\u0131 bitmeden, \u0130skandinav Orta\u00e7a\u011f\u0131\u2019n\u0131 birincil elden g\u00f6zlemleyen Adam\u2019\u0131n yazd\u0131klar\u0131na dayanan bu eser, bir yandan H\u0131ristiyanla\u015fma s\u00fcreci i\u00e7erisindeki Vikinglerin dini ve siyasal g\u00f6r\u00fcnt\u00fcs\u00fcn\u00fc a\u00e7\u0131klarken bir yandan da \u0130skandinavya ve \u00e7evresinde ya\u015fayan toplumlar\u0131n tarihine de \u0131\u015f\u0131k tutmaktad\u0131r.Vikinglerin ya\u015fad\u0131klar\u0131 co\u011frafyay\u0131, inan\u00e7 sistemlerini ve o zamana de\u011fin ba\u015flar\u0131ndan ge\u00e7en siyasal geli\u015fmeleri aktaran Bremenli Adam yazd\u0131klar\u0131n\u0131 g\u00fcn\u00fcm\u00fcze ula\u015fmayan yazmalara ve d\u00f6nem tan\u0131klar\u0131na dayand\u0131rmaktad\u0131r. Viking tarihinin temel tarihi kayna\u011f\u0131 olarak g\u00f6r\u00fclen sagalar\u0131n yaz\u0131ya ge\u00e7irilmesinden iki y\u00fczy\u0131l \u00f6nce kaleme ald\u0131klar\u0131yla; Adam\u2019\u0131n yazd\u0131klar\u0131, Vikinglere dair ilk yaz\u0131l\u0131 eserdir. Adam\u2019\u0131n hem dinler tarihinin en tart\u0131\u015fmal\u0131 noktalar\u0131ndan birisi olan misyonerli\u011fe dair kendi tan\u0131kl\u0131klar\u0131n\u0131 aktarmas\u0131 hem de onun zaman\u0131na kadar bilinmeyenlerle dolu olan Viking co\u011frafyas\u0131n\u0131 i\u00e7 i\u00e7e ge\u00e7ti\u011fi kadim inan\u00e7lar\u0131 ve siyasal olaylar\u0131 ile tan\u0131tmas\u0131 bu \u00e7al\u0131\u015fmay\u0131 e\u015fsiz bir yere koymaktad\u0131r. <\/p>\n","protected":false},"excerpt":{"rendered":"<p>On birinci y\u00fczy\u0131lda hen\u00fcz Viking \u00c7a\u011f\u0131 bitmeden, \u0130skandinav Orta\u00e7a\u011f\u0131\u2019n\u0131 birincil elden g\u00f6zlemleyen Adam\u2019\u0131n yazd\u0131klar\u0131na dayanan bu eser, bir yandan H\u0131ristiyanla\u015fma s\u00fcreci i\u00e7erisindeki Vikinglerin dini ve siyasal<span class=\"excerpt-hellip\"> [\u2026]<\/span><\/p>\n","protected":false},"featured_media":0,"template":"","meta":{"_monsterinsights_skip_tracking":false,"_monsterinsights_sitenote_active":false,"_monsterinsights_sitenote_note":"","_monsterinsights_sitenote_category":0},"product_brand":[],"product_cat":[12305,12304],"product_tag":[],"class_list":{"0":"post-709910","1":"product","2":"type-product","3":"status-publish","5":"product_cat-dunya-tarihi","6":"product_cat-tarih","7":"pa_cilt-ciltsiz","8":"pa_tur-kitap","9":"pa_yayinevi-yeditepe-yayinevi","10":"pa_yazar-adamus-bremensis","12":"first","13":"instock","14":"sale","15":"shipping-taxable","16":"purchasable","17":"product-type-simple"},"_links":{"self":[{"href":"https:\/\/roveyayinevi.com.tr\/index.php\/wp-json\/wp\/v2\/product\/709910","targetHints":{"allow":["GET"]}}],"collection":[{"href":"https:\/\/roveyayinevi.com.tr\/index.php\/wp-json\/wp\/v2\/product"}],"about":[{"href":"https:\/\/roveyayinevi.com.tr\/index.php\/wp-json\/wp\/v2\/types\/product"}],"wp:attachment":[{"href":"https:\/\/roveyayinevi.com.tr\/index.php\/wp-json\/wp\/v2\/media?parent=709910"}],"wp:term":[{"taxonomy":"product_brand","embeddable":true,"href":"https:\/\/roveyayinevi.com.tr\/index.php\/wp-json\/wp\/v2\/product_brand?post=709910"},{"taxonomy":"product_cat","embeddable":true,"href":"https:\/\/roveyayinevi.com.tr\/index.php\/wp-json\/wp\/v2\/product_cat?post=709910"},{"taxonomy":"product_tag","embeddable":true,"href":"https:\/\/roveyayinevi.com.tr\/index.php\/wp-json\/wp\/v2\/product_tag?post=709910"}],"curies":[{"name":"wp","href":"https:\/\/api.w.org\/{rel}","templated":true}]}}