{"id":709834,"date":"2025-08-27T16:29:32","date_gmt":"2025-08-27T13:29:32","guid":{"rendered":"https:\/\/roveyayinevi.com.tr\/index.php\/urun\/atam-dedem-kanunu-kanunname-i-al-i-osman\/"},"modified":"2026-04-16T02:18:44","modified_gmt":"2026-04-15T23:18:44","slug":"atam-dedem-kanunu-kanunname-i-al-i-osman","status":"publish","type":"product","link":"https:\/\/roveyayinevi.com.tr\/index.php\/urun\/atam-dedem-kanunu-kanunname-i-al-i-osman\/","title":{"rendered":"Atam Dedem Kanunu &#8211; Kanunname-i Al-i Osman"},"content":{"rendered":"<p>\u201c\u00c7in y\u0131ll\u0131klar\u0131 olmasa T\u00fcrk tarihinin ilk d\u00f6nemi, Bizans ve Arap tarihleri olmasa Osmanl\u0131 tarihinin kurulu\u015f y\u0131llar\u0131 yeterince ayd\u0131nlat\u0131lamazd\u0131. Zira ilk standart Osmanl\u0131 kronikleri kurulu\u015ftan yakla\u015f\u0131k 150 y\u0131l kadar sonra kaleme al\u0131nm\u0131\u015f, bu eserlerde de hemen sadece siyas\u00ee ve asker\u00ee olaylara yer verilmi\u015ftir. Devletin idaresi, asker\u00ee ve ilm\u00ee yap\u0131s\u0131 gibi konular hakk\u0131nda bilgi edinmek isteyenler, an\u0131lan eserlerin sat\u0131r aralar\u0131nda bulabilecekleri k\u0131r\u0131nt\u0131 bilgilerle yetinmek zorundad\u0131rlar&#8230;Fatih Sultan Mehmed\u2019in bir hatt-\u0131 h\u00fcmayun \u015feklinde bizzat kendi a\u011fz\u0131ndan haz\u0131rlatt\u0131\u011f\u0131 Kanunn\u00e2me-i \u00c2l-i Osman\u2019\u0131n bir te\u015fkil\u00e2t tarihi kayna\u011f\u0131 olarak tarih ara\u015ft\u0131rmalar\u0131nda m\u00fcstesna bir yeri ve \u00f6nemi vard\u0131r. Zira bu eserde, \u0130stanbul\u2019un fethiyle kurulu\u015fu tamamlanan ve geli\u015fme d\u00f6nemine giren Osmanl\u0131 Devleti\u2019nin protokol kurallar\u0131, saltanat t\u00f6releri, baz\u0131 su\u00e7lar ve cezalar\u0131 ile devlet ricali i\u00e7in resm\u00ee yaz\u0131\u015fmalarda kullan\u0131lan elkap \u00f6rnekleri ilk defa bir araya getirilmi\u015f bulunmaktad\u0131r.\u201dProf. Dr. Abd\u00fclkadir \u00d6zcanKanunn\u00e2me-i \u00c2l-i Osman, muhtevas\u0131yla ve \u00fcslubuyla Osmanl\u0131 te\u015fkilat tarihinin e\u015fsiz bir kayna\u011f\u0131d\u0131r. G\u00fcn\u00fcm\u00fczde h\u00e2l\u00e2 tart\u0131\u015f\u0131lmakta olan &#8220;Niz\u00e2m-\u0131 \u00c2lem \u0130\u00e7in Karde\u015f Katli Meselesi&#8221; ile ilgili Kanunn\u00e2me maddesi, bu maddenin dayana\u011f\u0131 ve Osmanl\u0131 hanedan\u0131ndaki \u00f6l\u00fcmlerin ne sebeple ger\u00e7ekle\u015fti\u011fi, Prof. Dr. Abd\u00fclkadir \u00d6zcan&#8217;\u0131n emek mahsul\u00fc ara\u015ft\u0131rmalar\u0131yla a\u00e7\u0131kl\u0131\u011fa kavu\u015fturulmaktad\u0131r. K\u00fc\u00e7\u00fck baz\u0131 de\u011fi\u015fikliklerle y\u00fczy\u0131llarca y\u00fcr\u00fcrl\u00fckte kalmas\u0131 ise eserin \u00f6nemini ve kaynak de\u011ferini bir kez daha ortaya koym <\/p>\n","protected":false},"excerpt":{"rendered":"<p>\u201c\u00c7in y\u0131ll\u0131klar\u0131 olmasa T\u00fcrk tarihinin ilk d\u00f6nemi, Bizans ve Arap tarihleri olmasa Osmanl\u0131 tarihinin kurulu\u015f y\u0131llar\u0131 yeterince ayd\u0131nlat\u0131lamazd\u0131. Zira ilk standart Osmanl\u0131 kronikleri kurulu\u015ftan yakla\u015f\u0131k 150<span class=\"excerpt-hellip\"> [\u2026]<\/span><\/p>\n","protected":false},"featured_media":0,"template":"","meta":{"_monsterinsights_skip_tracking":false,"_monsterinsights_sitenote_active":false,"_monsterinsights_sitenote_note":"","_monsterinsights_sitenote_category":0},"product_brand":[],"product_cat":[13517,12304],"product_tag":[],"class_list":{"0":"post-709834","1":"product","2":"type-product","3":"status-publish","5":"product_cat-osmanli-tarihi","6":"product_cat-tarih","7":"pa_cilt-ciltsiz","8":"pa_tur-kitap","9":"pa_yayinevi-kronik-kitap","10":"pa_yazar-abdulkadir-ozcan","12":"first","13":"instock","14":"sale","15":"shipping-taxable","16":"purchasable","17":"product-type-simple"},"_links":{"self":[{"href":"https:\/\/roveyayinevi.com.tr\/index.php\/wp-json\/wp\/v2\/product\/709834","targetHints":{"allow":["GET"]}}],"collection":[{"href":"https:\/\/roveyayinevi.com.tr\/index.php\/wp-json\/wp\/v2\/product"}],"about":[{"href":"https:\/\/roveyayinevi.com.tr\/index.php\/wp-json\/wp\/v2\/types\/product"}],"wp:attachment":[{"href":"https:\/\/roveyayinevi.com.tr\/index.php\/wp-json\/wp\/v2\/media?parent=709834"}],"wp:term":[{"taxonomy":"product_brand","embeddable":true,"href":"https:\/\/roveyayinevi.com.tr\/index.php\/wp-json\/wp\/v2\/product_brand?post=709834"},{"taxonomy":"product_cat","embeddable":true,"href":"https:\/\/roveyayinevi.com.tr\/index.php\/wp-json\/wp\/v2\/product_cat?post=709834"},{"taxonomy":"product_tag","embeddable":true,"href":"https:\/\/roveyayinevi.com.tr\/index.php\/wp-json\/wp\/v2\/product_tag?post=709834"}],"curies":[{"name":"wp","href":"https:\/\/api.w.org\/{rel}","templated":true}]}}